{"id":15,"date":"2016-01-18T22:11:42","date_gmt":"2016-01-18T21:11:42","guid":{"rendered":"https:\/\/bonifratrzy.pl\/klasztor-zakopane\/?page_id=15"},"modified":"2016-01-18T22:11:42","modified_gmt":"2016-01-18T21:11:42","slug":"historia-klasztoru","status":"publish","type":"page","link":"https:\/\/bonifratrzy.pl\/klasztor-zakopane\/historia-klasztoru\/","title":{"rendered":"Historia Klasztoru"},"content":{"rendered":"<p>Aby stworzy\u0107 wsp\u00f3\u0142braciom pracuj\u0105cym g\u0142\u00f3wnie w domach\u00a0 opieki spo\u0142ecznej po\u015br\u00f3d os\u00f3b upo\u015bledzonych, niedo\u0142\u0119\u017cnych, psychicznie chorych, wymagaj\u0105cych sta\u0142ej opieki mo\u017cliwo\u015b\u0107 odpoczynku i regeneracji si\u0142, w roku 1958 ojciec prowincja\u0142 Augustyn Landkocz podj\u0105\u0142 decyzj\u0119 o zakupie odpowiedniego obiektu w Zakopanem i przeznaczeniu go na dom wypoczynkowy. Nabyta od Mariana Kirscha i Heleny Oleksikowej drewniana willa w stylu g\u00f3ralskim wraz z przylegaj\u0105cym do\u0144 ogrodem wymaga\u0142a jednak adaptacji do nowych potrzeb.<\/p>\n<p>Pierwszy administratorem zosta\u0142 brat Zygmunt G\u0119ba, kt\u00f3ry niezw\u0142ocznie zabra\u0142 si\u0119 do generalnego remontu. W szybkim urz\u0105dzeniu domu znacznie pomogli bracia\u00a0 Wincenty i Bonawentura, tak \u017ce ju\u017c na wiosn\u0119 1959 roku ojciec\u00a0 prowincja\u0142 Augustyn Landkocz m\u00f3g\u0142 po\u015bwi\u0119ci\u0107 dom gotowy\u00a0 do zamieszkania, a w rok p\u00f3\u017aniej urz\u0105dzon\u0105 na parterze kaplic\u0119 pod wezwaniem \u015bw. Augustyna.<\/p>\n<p>Do domu na Krzept\u00f3wkach przyje\u017cd\u017caj\u0105 na wypoczynek bracia Bonifratrzy, a tak\u017ce go\u015bcie Zakonu. W miar\u0119 mo\u017cliwo\u015bci przyjmowani s\u0105 tu tak\u017ce tury\u015bci &#8211; zar\u00f3wno duchowni, jak i \u015bwieccy, polscy i zagraniczni. 27 lutego 1977 roku Bonifratrzy go\u015bcili u siebie Jego Eminencj\u0119 Ks. Kardyna\u0142a Karola Wojty\u0142\u0119, Arcybiskupa Metropolit\u0119 Krakowskiego,\u00a0 wizytuj\u0105cego zakopia\u0144skie domy zakonne, kt\u00f3ry d\u0142u\u017csz\u0105 chwil\u0119 sp\u0119dzi\u0142 na modlitwie przed o\u0142tarzem Patrona domu \u015aw. Augustyna &#8211; wg Regu\u0142y kt\u00f3rego \u017cyj\u0105 Bracia Szpitalni \u015aw. Jana Bo\u017cego.<\/p>\n<p>Z czasem okaza\u0142o si\u0119, i\u017c pomimo swych niew\u0105tpliwych walor\u00f3w dotychczasowy dom jest za ma\u0142y, a jego wyposa\u017cenie nie spe\u0142ni\u0142o wymog\u00f3w zwi\u0105zanych z pobytem wi\u0119kszej liczby os\u00f3b. Zaistnia\u0142a pilna potrzeba wybudowania nowego obiektu. Mo\u017cliwo\u015bci realizacji tej potrzeby zaistnia\u0142y w latach\u00a0 dziewi\u0119\u0107dziesi\u0105tych. Obecnie nowy, du\u017cy, odpowiednio wyposa\u017cony dom funkcjonuje zgodnie z pierwotnym za\u0142o\u017ceniem sformu\u0142owanym w latach pi\u0119\u0107dziesi\u0105tych przez ojca Augustyna Landkocza.<\/p>\n<p>Pi\u0119knie po\u0142o\u017cony opodal Giewontu, ocieniony ogrodem stanowi miejsce rekreacji, wypoczynku oraz punkt wyj\u015bcia na g\u00f3rskie wycieczki, ale tak\u017ce miejsce ciszy i skupienia, w kt\u00f3rym dusza ludzka znajduje ukojenie i rado\u015b\u0107 w kontakcie z pi\u0119knem g\u00f3rskiej przyrody. W zakopia\u0144skim domu mo\u017cna te\u017c zaopatrzy\u0107 si\u0119 w bonifraterskie preparaty zio\u0142owe bo wzmocni\u0107 swoje si\u0142y i poprawi\u0107 zdrowie.<\/p>\n","protected":false},"excerpt":{"rendered":"<p>Aby stworzy\u0107 wsp\u00f3\u0142braciom pracuj\u0105cym g\u0142\u00f3wnie w domach\u00a0 opieki spo\u0142ecznej po\u015br\u00f3d os\u00f3b upo\u015bledzonych, niedo\u0142\u0119\u017cnych, psychicznie chorych, wymagaj\u0105cych sta\u0142ej opieki mo\u017cliwo\u015b\u0107 odpoczynku i regeneracji si\u0142, w roku 1958 ojciec prowincja\u0142 Augustyn Landkocz podj\u0105\u0142 decyzj\u0119 o zakupie odpowiedniego obiektu w Zakopanem i przeznaczeniu go na dom wypoczynkowy. Nabyta od Mariana Kirscha i Heleny Oleksikowej drewniana willa w stylu [&hellip;]<\/p>\n","protected":false},"author":1,"featured_media":0,"parent":0,"menu_order":0,"comment_status":"closed","ping_status":"closed","template":"","meta":{"footnotes":""},"_links":{"self":[{"href":"https:\/\/bonifratrzy.pl\/klasztor-zakopane\/wp-json\/wp\/v2\/pages\/15"}],"collection":[{"href":"https:\/\/bonifratrzy.pl\/klasztor-zakopane\/wp-json\/wp\/v2\/pages"}],"about":[{"href":"https:\/\/bonifratrzy.pl\/klasztor-zakopane\/wp-json\/wp\/v2\/types\/page"}],"author":[{"embeddable":true,"href":"https:\/\/bonifratrzy.pl\/klasztor-zakopane\/wp-json\/wp\/v2\/users\/1"}],"replies":[{"embeddable":true,"href":"https:\/\/bonifratrzy.pl\/klasztor-zakopane\/wp-json\/wp\/v2\/comments?post=15"}],"version-history":[{"count":1,"href":"https:\/\/bonifratrzy.pl\/klasztor-zakopane\/wp-json\/wp\/v2\/pages\/15\/revisions"}],"predecessor-version":[{"id":16,"href":"https:\/\/bonifratrzy.pl\/klasztor-zakopane\/wp-json\/wp\/v2\/pages\/15\/revisions\/16"}],"wp:attachment":[{"href":"https:\/\/bonifratrzy.pl\/klasztor-zakopane\/wp-json\/wp\/v2\/media?parent=15"}],"curies":[{"name":"wp","href":"https:\/\/api.w.org\/{rel}","templated":true}]}}