{"id":5,"date":"2016-01-19T11:13:00","date_gmt":"2016-01-19T10:13:00","guid":{"rendered":"https:\/\/bonifratrzy.pl\/klasztor-wroclaw\/?page_id=5"},"modified":"2026-04-16T11:16:48","modified_gmt":"2026-04-16T09:16:48","slug":"o-klasztorze","status":"publish","type":"page","link":"https:\/\/bonifratrzy.pl\/klasztor-wroclaw\/","title":{"rendered":"O Klasztorze"},"content":{"rendered":"<h2><strong><span style=\"color: #c71718;\">Klasztor we Wroc\u0142awiu pw. Tr\u00f3jcy Przenaj\u015bwi\u0119tszej<\/span><\/strong><\/h2>\n<h2>Przeor &#8211; brat Sadok OH<\/h2>\n<p><img loading=\"lazy\" decoding=\"async\" class=\"wp-image-436  alignleft\" src=\"https:\/\/bonifratrzy.pl\/klasztor-wroclaw\/wp-content\/uploads\/sites\/16\/2026\/04\/Sadok-SNOPEK_przeor-300x288.jpg\" alt=\"\" width=\"139\" height=\"134\" srcset=\"https:\/\/bonifratrzy.pl\/klasztor-wroclaw\/wp-content\/uploads\/sites\/16\/2026\/04\/Sadok-SNOPEK_przeor-300x288.jpg 300w, https:\/\/bonifratrzy.pl\/klasztor-wroclaw\/wp-content\/uploads\/sites\/16\/2026\/04\/Sadok-SNOPEK_przeor-1024x984.jpg 1024w, https:\/\/bonifratrzy.pl\/klasztor-wroclaw\/wp-content\/uploads\/sites\/16\/2026\/04\/Sadok-SNOPEK_przeor-768x738.jpg 768w, https:\/\/bonifratrzy.pl\/klasztor-wroclaw\/wp-content\/uploads\/sites\/16\/2026\/04\/Sadok-SNOPEK_przeor-1536x1475.jpg 1536w, https:\/\/bonifratrzy.pl\/klasztor-wroclaw\/wp-content\/uploads\/sites\/16\/2026\/04\/Sadok-SNOPEK_przeor.jpg 1544w\" sizes=\"(max-width: 139px) 100vw, 139px\" \/><\/p>\n<p><strong>Wojciech Snopek<\/strong><\/p>\n<p>wst. 1.12.1997 r., ob\u0142. 28.06.1998 r.<br \/>\n\u015bl. czas. 29.06.2000 r., \u015bl. wiecz. 26.06.2005 r.<\/p>\n<p>imieniny 2 czerwca<\/p>\n<p><strong>Wsp\u00f3lnot\u0119 zakonn\u0105 tworz\u0105 :<\/strong><\/p>\n<ul>\n<li>br. Braulio Maria Ciesi\u0144ski, OH,<\/li>\n<li>br. Damian Wasylewicz, OH, sac.<\/li>\n<li>br. Jakub Bia\u0142ek, OH<\/li>\n<li>br. Miko\u0142aj W\u0142odarczyk, OH.<\/li>\n<\/ul>\n","protected":false},"excerpt":{"rendered":"<p>Klasztor we Wroc\u0142awiu pw. Tr\u00f3jcy Przenaj\u015bwi\u0119tszej Przeor &#8211; brat Sadok OH Wojciech Snopek wst. 1.12.1997 r., ob\u0142. 28.06.1998 r. \u015bl. czas. 29.06.2000 r., \u015bl. wiecz. 26.06.2005 r. imieniny 2 czerwca Wsp\u00f3lnot\u0119 zakonn\u0105 tworz\u0105 : br. Braulio Maria Ciesi\u0144ski, OH, br. Damian Wasylewicz, OH, sac. br. Jakub Bia\u0142ek, OH br. Miko\u0142aj W\u0142odarczyk, OH.<\/p>\n","protected":false},"author":1,"featured_media":0,"parent":0,"menu_order":15,"comment_status":"closed","ping_status":"closed","template":"page-home.php","meta":{"footnotes":""},"_links":{"self":[{"href":"https:\/\/bonifratrzy.pl\/klasztor-wroclaw\/wp-json\/wp\/v2\/pages\/5"}],"collection":[{"href":"https:\/\/bonifratrzy.pl\/klasztor-wroclaw\/wp-json\/wp\/v2\/pages"}],"about":[{"href":"https:\/\/bonifratrzy.pl\/klasztor-wroclaw\/wp-json\/wp\/v2\/types\/page"}],"author":[{"embeddable":true,"href":"https:\/\/bonifratrzy.pl\/klasztor-wroclaw\/wp-json\/wp\/v2\/users\/1"}],"replies":[{"embeddable":true,"href":"https:\/\/bonifratrzy.pl\/klasztor-wroclaw\/wp-json\/wp\/v2\/comments?post=5"}],"version-history":[{"count":45,"href":"https:\/\/bonifratrzy.pl\/klasztor-wroclaw\/wp-json\/wp\/v2\/pages\/5\/revisions"}],"predecessor-version":[{"id":439,"href":"https:\/\/bonifratrzy.pl\/klasztor-wroclaw\/wp-json\/wp\/v2\/pages\/5\/revisions\/439"}],"wp:attachment":[{"href":"https:\/\/bonifratrzy.pl\/klasztor-wroclaw\/wp-json\/wp\/v2\/media?parent=5"}],"curies":[{"name":"wp","href":"https:\/\/api.w.org\/{rel}","templated":true}]}}