{"id":6,"date":"2016-01-19T13:37:48","date_gmt":"2016-01-19T12:37:48","guid":{"rendered":"https:\/\/bonifratrzy.pl\/klasztor-warszawa-sapiezynska\/?page_id=6"},"modified":"2026-04-22T09:37:22","modified_gmt":"2026-04-22T07:37:22","slug":"o-klasztorze","status":"publish","type":"page","link":"https:\/\/bonifratrzy.pl\/klasztor-warszawa-sapiezynska\/o-klasztorze\/","title":{"rendered":"O Klasztorze"},"content":{"rendered":"<h2><strong><span style=\"color: #c71718;\">Konwent\u00a0Zakonu Bonifratr\u00f3w p.w. <a href=\"https:\/\/bonifratrzy.pl\/swieci-i-blogoslawieni\/swiety-ryszard-pampuri\/\" target=\"_blank\" rel=\"noopener noreferrer\">\u015bw. Ryszarda Pampuri<\/a>\u00a0w Warszawie<\/span><\/strong><\/h2>\n<h2>Przeor &#8211; brat Tymoteusz OH<\/h2>\n<p><img loading=\"lazy\" decoding=\"async\" class=\"wp-image-6713  alignleft\" src=\"https:\/\/bonifratrzy.pl\/klasztor-warszawa-sapiezynska\/wp-content\/uploads\/sites\/19\/2026\/04\/br.-Tymoteusz_przeor-1-238x300.jpg\" alt=\"\" width=\"121\" height=\"153\" srcset=\"https:\/\/bonifratrzy.pl\/klasztor-warszawa-sapiezynska\/wp-content\/uploads\/sites\/19\/2026\/04\/br.-Tymoteusz_przeor-1-238x300.jpg 238w, https:\/\/bonifratrzy.pl\/klasztor-warszawa-sapiezynska\/wp-content\/uploads\/sites\/19\/2026\/04\/br.-Tymoteusz_przeor-1.jpg 248w\" sizes=\"(max-width: 121px) 100vw, 121px\" \/><strong>Grzegorz Ho\u0142ozubiec<br \/>\n<\/strong><\/p>\n<p>wst. 29.09.2009 r.,<br \/>\nob\u0142. 29.06.2010 r.,<br \/>\n<span style=\"font-size: revert; color: initial;\">\u015bl. czas. 29.06.2012 r.,<br \/>\n<\/span>\u015bl. wiecz. 4.06. 2017 r.<\/p>\n<p>imieniny 26 stycznia<\/p>\n<p><strong>Wsp\u00f3lnot\u0119 zakonn\u0105 tworz\u0105 r\u00f3wnie\u017c:<\/strong><\/p>\n<ul>\n<li>br. Pawe\u0142 Kulka, OH &#8211; prowincja\u0142<\/li>\n<li>br. Augustyn Komar, OH,<\/li>\n<li>br. Bruno Maria Neumann, OH, sac.,<\/li>\n<li>br. Hubert Matusiewicz, OH, sac.,<\/li>\n<li>br. Jan z Dukli, OH,<\/li>\n<li>br. \u0141ukasz Dmowski, OH<\/li>\n<li>br. Teodor Ksi\u0105\u017ckiewicz, OH, sac.<\/li>\n<\/ul>\n","protected":false},"excerpt":{"rendered":"<p>Konwent\u00a0Zakonu Bonifratr\u00f3w p.w. \u015bw. Ryszarda Pampuri\u00a0w Warszawie Przeor &#8211; brat Tymoteusz OH Grzegorz Ho\u0142ozubiec wst. 29.09.2009 r., ob\u0142. 29.06.2010 r., \u015bl. czas. 29.06.2012 r., \u015bl. wiecz. 4.06. 2017 r. imieniny 26 stycznia Wsp\u00f3lnot\u0119 zakonn\u0105 tworz\u0105 r\u00f3wnie\u017c: br. Pawe\u0142 Kulka, OH &#8211; prowincja\u0142 br. Augustyn Komar, OH, br. Bruno Maria Neumann, OH, sac., br. Hubert Matusiewicz, [&hellip;]<\/p>\n","protected":false},"author":1,"featured_media":0,"parent":0,"menu_order":79,"comment_status":"closed","ping_status":"closed","template":"page-home.php","meta":{"footnotes":""},"_links":{"self":[{"href":"https:\/\/bonifratrzy.pl\/klasztor-warszawa-sapiezynska\/wp-json\/wp\/v2\/pages\/6"}],"collection":[{"href":"https:\/\/bonifratrzy.pl\/klasztor-warszawa-sapiezynska\/wp-json\/wp\/v2\/pages"}],"about":[{"href":"https:\/\/bonifratrzy.pl\/klasztor-warszawa-sapiezynska\/wp-json\/wp\/v2\/types\/page"}],"author":[{"embeddable":true,"href":"https:\/\/bonifratrzy.pl\/klasztor-warszawa-sapiezynska\/wp-json\/wp\/v2\/users\/1"}],"replies":[{"embeddable":true,"href":"https:\/\/bonifratrzy.pl\/klasztor-warszawa-sapiezynska\/wp-json\/wp\/v2\/comments?post=6"}],"version-history":[{"count":45,"href":"https:\/\/bonifratrzy.pl\/klasztor-warszawa-sapiezynska\/wp-json\/wp\/v2\/pages\/6\/revisions"}],"predecessor-version":[{"id":6722,"href":"https:\/\/bonifratrzy.pl\/klasztor-warszawa-sapiezynska\/wp-json\/wp\/v2\/pages\/6\/revisions\/6722"}],"wp:attachment":[{"href":"https:\/\/bonifratrzy.pl\/klasztor-warszawa-sapiezynska\/wp-json\/wp\/v2\/media?parent=6"}],"curies":[{"name":"wp","href":"https:\/\/api.w.org\/{rel}","templated":true}]}}