{"id":16,"date":"2016-01-19T13:42:31","date_gmt":"2016-01-19T12:42:31","guid":{"rendered":"https:\/\/bonifratrzy.pl\/klasztor-warszawa-sapiezynska\/?page_id=16"},"modified":"2016-01-19T13:42:31","modified_gmt":"2016-01-19T12:42:31","slug":"historia-klasztoru","status":"publish","type":"page","link":"https:\/\/bonifratrzy.pl\/klasztor-warszawa-sapiezynska\/historia-klasztoru\/","title":{"rendered":"Historia Klasztoru"},"content":{"rendered":"<p>Bonifratrzy przybyli do stolicy w roku 1649 dzi\u0119ki fundacji Bogus\u0142awa Leszczy\u0144skiego, wspieranej materialnie i duchowo przez opata p\u0142ockiego, p\u00f3\u017aniejszego biskupa kijowskiego Tomasza Ujejskiego.<\/p>\n<p>Klasztor pod wezwaniem \u015bw. Andrzeja, a p\u00f3\u017aniej \u015bw. Jana Bo\u017cego siedzib\u0119 sw\u0105 mia\u0142 kolejno na Lesznie, p\u00f3\u017aniej na terenie obecnego Ogrodu Saskiego, by w ko\u0144cu w roku 1728 osi\u0105\u015b\u0107 na sta\u0142e przy \u00f3wczesnej ulicy Biela\u0144skiej -dzi\u015b Bonifraterskiej. Now\u0105 siedzib\u0119 zaprojektowali s\u0142ynni w\u00f3wczas architekci &#8211; J\u00f3zef Fontana i Antoni Solarii.<\/p>\n<p>Szpital i ko\u015bci\u00f3\u0142 \u015bw. Jana Bo\u017cego by\u0142y miejscem sk\u0105d przez dziesi\u0105tki lat bracia wyruszali na ulice miasta, aby nie\u015b\u0107 pomoc potrzebuj\u0105cym. Czas II wojny \u015bwiatowej, (gdy klasztor miejsce Powsta\u0144czego szpitala zosta\u0142 ca\u0142kowicie zburzony), powojenna odbudowa- to kolejne etapy historii<\/p>\n<p>W latach Polski Ludowej ograniczeni do minimum w swym dzia\u0142aniu na rzecz chorych i potrzebuj\u0105cych mieszka\u0144c\u00f3w stolicy, bracia nieustannie szukali mo\u017cliwo\u015bci rozszerzenia swej pos\u0142ugi. Mo\u017cliwo\u015bci takie zaistnia\u0142y w roku 1984, kiedy to po latach stara\u0144 otrzymali zezwolenie na budow\u0119 wielofunkcyjnego domu opieki na przekazanej przez miasto dzia\u0142ce przy ulicy Sapie\u017cy\u0144skiej. Notarialne potwierdzenie prawa w\u0142asno\u015bci podpisa\u0142 \u00f3wczesny prowincja\u0142 ojciec Ludwik Sok\u00f3\u0142.<\/p>\n<p>Kierownictwo budowy domu opieki wed\u0142ug projektu in\u017c. arch. Zbigniewa Pawelskiego powierzono in\u017c. Janowi Ko\u0142odziejskiemu. Uroczystego po\u015bwi\u0119cenia i wbudowania kamienia w\u0119gielnego dokona\u0142 19 wrze\u015bnia 1986 roku prymas Polski ks. Kardyna\u0142 J\u00f3zef Glemp. Gotowy budynek oddany zosta\u0142 do u\u017cytku w roku 1991. Pi\u0119\u0107 lat p\u00f3\u017aniej- w roku 1996 Genera\u0142 Zakonu ojciec Pascual Piles zatwierdzi\u0142 kanonicznie now\u0105 wsp\u00f3lnot\u0119 zakonn\u0105, ustanawiaj\u0105c jej patronem \u015bw. Ryszarda Pampuri. W tym samym roku do nowego budynku przeniesiona zosta\u0142a Kuria Prowincjalna.<\/p>\n<p>W nowym domu zakonnym przy ulicy Sapie\u017cy\u0144skiej bracia Bonifratrzy uzyskali mo\u017cliwo\u015b\u0107 niesienia r\u00f3\u017cnorodnej pomocy. W otwartym 1 stycznia 1991 roku Domu Geriatryczno &#8211; Rehebilitacyjnym p. w. Naj\u015bwi\u0119tszej Marii Panny Kr\u00f3lowej Pokoju pensjonariusze znajduj\u0105 &#8211; opr\u00f3cz dogodnych warunk\u00f3w bytowych &#8211; opiek\u0119 medyczn\u0105 i duszpastersk\u0105.<\/p>\n<p>Od 1 kwietnia 1996 roku funkcjonuje Zesp\u00f3\u0142 Poradni i Lecznictwa. To du\u017ca, nowocze\u015bnie urz\u0105dzona przychodnia, w kt\u00f3rej przyjmuj\u0105 lekarze r\u00f3\u017cnych specjalno\u015bci, funkcjonuj\u0105 pracownie laboratoryjne i diagnostyczne, wyposa\u017cone w specjalistyczn\u0105 aparatur\u0119 medyczn\u0105.<\/p>\n<p>W domu przy ulicy Sapie\u017cy\u0144skiej dzia\u0142aj\u0105 ponadto: ciesz\u0105ca si\u0119 popularno\u015bci\u0105 apteka o poszerzonej recepturze zio\u0142owej wraz z gabinetem porad zio\u0142olecznictwa oraz jad\u0142odajnia dla ubogich.<\/p>\n<p>Cieszy nas zaufanie, jakim darzeni jeste\u015bmy przez mieszka\u0144c\u00f3w stolicy. Zobowi\u0105zuje nas ono jednocze\u015bnie do ci\u0105g\u0142ej poprawy funkcjonowania naszych dzie\u0142, dostosowywania ich do wymog\u00f3w wsp\u00f3\u0142czesno\u015bci. Nade wszystko jednak musimy dok\u0142ada\u0107 stara\u0144 by wszystko, co czynimy czyni\u0107 z mi\u0142o\u015bci\u0105 \u2013 post\u0119puj\u0105c jak najwierniej za przyk\u0142adem \u015awi\u0119tego Jana Bo\u017cego i \u015awi\u0119tego Ryszarda Pampuri<\/p>\n","protected":false},"excerpt":{"rendered":"<p>Bonifratrzy przybyli do stolicy w roku 1649 dzi\u0119ki fundacji Bogus\u0142awa Leszczy\u0144skiego, wspieranej materialnie i duchowo przez opata p\u0142ockiego, p\u00f3\u017aniejszego biskupa kijowskiego Tomasza Ujejskiego. Klasztor pod wezwaniem \u015bw. Andrzeja, a p\u00f3\u017aniej \u015bw. Jana Bo\u017cego siedzib\u0119 sw\u0105 mia\u0142 kolejno na Lesznie, p\u00f3\u017aniej na terenie obecnego Ogrodu Saskiego, by w ko\u0144cu w roku 1728 osi\u0105\u015b\u0107 na sta\u0142e przy [&hellip;]<\/p>\n","protected":false},"author":1,"featured_media":0,"parent":0,"menu_order":75,"comment_status":"closed","ping_status":"closed","template":"","meta":{"footnotes":""},"_links":{"self":[{"href":"https:\/\/bonifratrzy.pl\/klasztor-warszawa-sapiezynska\/wp-json\/wp\/v2\/pages\/16"}],"collection":[{"href":"https:\/\/bonifratrzy.pl\/klasztor-warszawa-sapiezynska\/wp-json\/wp\/v2\/pages"}],"about":[{"href":"https:\/\/bonifratrzy.pl\/klasztor-warszawa-sapiezynska\/wp-json\/wp\/v2\/types\/page"}],"author":[{"embeddable":true,"href":"https:\/\/bonifratrzy.pl\/klasztor-warszawa-sapiezynska\/wp-json\/wp\/v2\/users\/1"}],"replies":[{"embeddable":true,"href":"https:\/\/bonifratrzy.pl\/klasztor-warszawa-sapiezynska\/wp-json\/wp\/v2\/comments?post=16"}],"version-history":[{"count":1,"href":"https:\/\/bonifratrzy.pl\/klasztor-warszawa-sapiezynska\/wp-json\/wp\/v2\/pages\/16\/revisions"}],"predecessor-version":[{"id":17,"href":"https:\/\/bonifratrzy.pl\/klasztor-warszawa-sapiezynska\/wp-json\/wp\/v2\/pages\/16\/revisions\/17"}],"wp:attachment":[{"href":"https:\/\/bonifratrzy.pl\/klasztor-warszawa-sapiezynska\/wp-json\/wp\/v2\/media?parent=16"}],"curies":[{"name":"wp","href":"https:\/\/api.w.org\/{rel}","templated":true}]}}