{"id":39,"date":"2016-01-16T14:50:22","date_gmt":"2016-01-16T13:50:22","guid":{"rendered":"https:\/\/bonifratrzy.pl\/klasztor-lodz\/?page_id=39"},"modified":"2023-11-17T15:12:06","modified_gmt":"2023-11-17T14:12:06","slug":"bonifraterska-rodzina-rozancowa","status":"publish","type":"page","link":"https:\/\/bonifratrzy.pl\/klasztor-lodz\/bonifraterska-rodzina-rozancowa\/","title":{"rendered":"Bonifraterska Rodzina R\u00f3\u017ca\u0144cowa"},"content":{"rendered":"<p><strong>Spotkania Bonifraterskiej\u00a0 Rodziny R\u00f3\u017ca\u0144cowej\u00a0odbywaj\u0105 si\u0119 w ka\u017cd\u0105 sobot\u0119 miesi\u0105ca. Celebrowana jest Msza \u015aw. w intencji cz\u0142onk\u00f3w BRR. <\/strong><\/p>\n<p>Oprawa liturgiczna przygotowywana jest przez Wsp\u00f3lnot\u0119 r\u00f3\u017ca\u0144cow\u0105, wyg\u0142oszona jest homilia okoliczno\u015bciowa, a po Eucharystii, opiekun grupy wyg\u0142asza konferencj\u0119. Przy okazji wa\u017cnych wydarze\u0144 liturgicznych odbywaj\u0105 si\u0119 spotkania ca\u0142ej Wsp\u00f3lnoty \u0142\u00f3dzkiej, modl\u0105cej si\u0119 w intencji nowych, licznych i \u015bwi\u0119tych powo\u0142a\u0144 do Zakonu Szpitalnego \u015bw. Jana Bo\u017cego. Organizowane s\u0105 te\u017c pielgrzymki do sanktuari\u00f3w na terenie Polski.<\/p>\n<h2>Spotkania i pielgrzymki planowane w 2023 roku (w pierwsz\u0105 sobot\u0119 ka\u017cdego miesi\u0105ca):<\/h2>\n<ul>\n<li>czerwiec: Krak\u00f3w \u0141agiewniki<\/li>\n<li>lipiec: Konwent Bonifratr\u00f3w w Krakowie i w Konarach &#8211; Zielonej<\/li>\n<li>sierpie\u0144: Radio Maryja w Toruniu<\/li>\n<li>wrzesie\u0144: Sanktuarium Maryjne w Gietrzwa\u0142dzie<\/li>\n<li>pa\u017adziernik: Sanktuarium w Gostyniu (k. Marysina)<\/li>\n<li>listopad: Sanktuarium w Niepokalanowie<\/li>\n<li>grudzie\u0144: Sanktuarium Matki Bo\u017cej Cz\u0119stochowskiej na Jasnej G\u00f3rze (Cz\u0119stochowa)<\/li>\n<\/ul>\n<h2>Relacje z pielgrzymek<\/h2>\n<ul>\n<li><a href=\"https:\/\/bonifratrzy.pl\/klasztor-lodz\/wp-content\/uploads\/sites\/4\/2023\/11\/Torun_2.09.23_pielgrzymka-BRR.pdf\">Toru\u0144<\/a><\/li>\n<li><a href=\"https:\/\/bonifratrzy.pl\/klasztor-lodz\/wp-content\/uploads\/sites\/4\/2023\/11\/BRR-Prudnik-7.10.2023-i-Warszawa-04.11.2023.pdf\">Prudnik i Warszawa<\/a><\/li>\n<li><a href=\"https:\/\/bonifratrzy.pl\/klasztor-lodz\/2018\/03\/10\/pielgrzymka-brr-do-warszawy-i-niepokalanowa\/\">Pielgrzymka do Warszawy<\/a><\/li>\n<\/ul>\n<h2>Do pobrania:<\/h2>\n<ul>\n<li><a href=\"https:\/\/bonifratrzy.pl\/klasztor-lodz\/wp-content\/uploads\/sites\/4\/2016\/01\/Grudzien.docx\">Grudzie\u0144<\/a><\/li>\n<li><a href=\"https:\/\/bonifratrzy.pl\/klasztor-lodz\/wp-content\/uploads\/sites\/4\/2016\/01\/Listopad.docx\">Listopad<\/a><\/li>\n<li><a href=\"https:\/\/bonifratrzy.pl\/klasztor-lodz\/wp-content\/uploads\/sites\/4\/2016\/01\/Pa--dziernik.docx\">Pa\u017adziernik<\/a><\/li>\n<\/ul>\n","protected":false},"excerpt":{"rendered":"<p>Spotkania Bonifraterskiej\u00a0 Rodziny R\u00f3\u017ca\u0144cowej\u00a0odbywaj\u0105 si\u0119 w ka\u017cd\u0105 sobot\u0119 miesi\u0105ca. Celebrowana jest Msza \u015aw. w intencji cz\u0142onk\u00f3w BRR. Oprawa liturgiczna przygotowywana jest przez Wsp\u00f3lnot\u0119 r\u00f3\u017ca\u0144cow\u0105, wyg\u0142oszona jest homilia okoliczno\u015bciowa, a po Eucharystii, opiekun grupy wyg\u0142asza konferencj\u0119. Przy okazji wa\u017cnych wydarze\u0144 liturgicznych odbywaj\u0105 si\u0119 spotkania ca\u0142ej Wsp\u00f3lnoty \u0142\u00f3dzkiej, modl\u0105cej si\u0119 w intencji nowych, licznych i \u015bwi\u0119tych powo\u0142a\u0144 [&hellip;]<\/p>\n","protected":false},"author":1,"featured_media":0,"parent":0,"menu_order":0,"comment_status":"closed","ping_status":"closed","template":"","meta":{"footnotes":""},"_links":{"self":[{"href":"https:\/\/bonifratrzy.pl\/klasztor-lodz\/wp-json\/wp\/v2\/pages\/39"}],"collection":[{"href":"https:\/\/bonifratrzy.pl\/klasztor-lodz\/wp-json\/wp\/v2\/pages"}],"about":[{"href":"https:\/\/bonifratrzy.pl\/klasztor-lodz\/wp-json\/wp\/v2\/types\/page"}],"author":[{"embeddable":true,"href":"https:\/\/bonifratrzy.pl\/klasztor-lodz\/wp-json\/wp\/v2\/users\/1"}],"replies":[{"embeddable":true,"href":"https:\/\/bonifratrzy.pl\/klasztor-lodz\/wp-json\/wp\/v2\/comments?post=39"}],"version-history":[{"count":11,"href":"https:\/\/bonifratrzy.pl\/klasztor-lodz\/wp-json\/wp\/v2\/pages\/39\/revisions"}],"predecessor-version":[{"id":3902,"href":"https:\/\/bonifratrzy.pl\/klasztor-lodz\/wp-json\/wp\/v2\/pages\/39\/revisions\/3902"}],"wp:attachment":[{"href":"https:\/\/bonifratrzy.pl\/klasztor-lodz\/wp-json\/wp\/v2\/media?parent=39"}],"curies":[{"name":"wp","href":"https:\/\/api.w.org\/{rel}","templated":true}]}}