{"id":596,"date":"2018-01-02T10:30:14","date_gmt":"2018-01-02T09:30:14","guid":{"rendered":"https:\/\/bonifratrzy.pl\/klasztor-krakow\/?page_id=596"},"modified":"2018-01-02T12:32:18","modified_gmt":"2018-01-02T11:32:18","slug":"slowo-j-em-stanislawa-kard-dziwisza-arcybiskupa-metropolity-krakowskiego","status":"publish","type":"page","link":"https:\/\/bonifratrzy.pl\/klasztor-krakow\/o-sanktuarium\/uroczystosc-ustanowienia-sanktuarium\/slowo-j-em-stanislawa-kard-dziwisza-arcybiskupa-metropolity-krakowskiego\/","title":{"rendered":"S\u0142owo J. Em. Stanis\u0142awa Kard. Dziwisza Arcybiskupa Metropolity krakowskiego"},"content":{"rendered":"<p style=\"text-align: center\"><strong>Uroczysto\u015b\u0107 \u015bw. Jana Bo\u017cego<\/strong><\/p>\n<p style=\"text-align: center\"><strong>Bonifratrzy &#8211; 08.03.2016<\/strong><\/p>\n<p style=\"text-align: center\"><strong>Iz 58,6-11; 1J 3,13-18; \u0141k 10, 25-37<\/strong><\/p>\n<p>&nbsp;<\/p>\n<p><strong>Wprowadzenie do Mszy \u015bwi\u0119tej<\/strong><\/p>\n<p style=\"text-align: justify\">Drodzy Bracia Bonifratrzy! Umi\u0142owani w Chrystusie Bracia i Siostry! Uczestnicy dzisiejszej uroczysto\u015bci \u015bw. Jana Bo\u017cego!<\/p>\n<p style=\"text-align: justify\">Witam was bardzo serdecznie w \u015bwi\u0119to Waszego Patrona i za\u0142o\u017cyciela waszego Zakonu, \u015bw. Jana Bo\u017cego, kt\u00f3ry przed wiekami da\u0142 niezwyk\u0142e \u015bwiadectwo mi\u0142o\u015bci do Chrystusa i do braci chorych i cierpi\u0105cych. By\u0142 tak dobry, \u017ce ludzie nazwali jego braci &#8222;dobrymi bra\u0107mi&#8221; (bonifratrzy), albo &#8222;bra\u0107mi czyni\u0105cymi dobro&#8221;.<\/p>\n<p style=\"text-align: justify\">Ciesz\u0119 si\u0119, \u017ce w czasie tej liturgii b\u0119d\u0119 m\u00f3g\u0142 ustanowi\u0107 Sanktuarium \u015bw. Jana Bo\u017cego w waszym ko\u015bciele pod wezwaniem \u015awi\u0119tej Tr\u00f3jcy i po\u015bwi\u0119ci\u0107 o\u0142tarz dedykowany \u015bw. Janowi Paw\u0142owi II.<\/p>\n<p style=\"text-align: justify\">W czasie tej Mszy \u015bwi\u0119tej pragniemy dzi\u0119kowa\u0107 Bogu za ten niezwyk\u0142y charyzmat opieki nad chorymi, jaki zostawi\u0142 Ko\u015bcio\u0142owi \u015bw. Jan Bo\u017cy. Dzi\u0119kujemy za ide\u0119 szpitali i opieki szpitalnej nad chorymi, kt\u00f3r\u0105 zawdzi\u0119czamy temu \u015awi\u0119temu.<\/p>\n<p style=\"text-align: justify\">Drodzy braci Bonifratrzy! Dzi\u0119kuj\u0105c Bogu za waszego Za\u0142o\u017cyciela, pragn\u0119 r\u00f3wnie\u017c dzi\u0119kowa\u0107 za wasz szpital i ca\u0142\u0105 pos\u0142ug\u0119 w Krakowie; za wasze po\u015bwi\u0119cenie dla chorych. Dzi\u0119kuj\u0119 Bogu za to, \u017ce uczycie nas widzie\u0107 w chorych Chrystusa i s\u0142u\u017cy\u0107 Chrystusowi w cierpi\u0105cych i potrzebuj\u0105cych pomocy.<\/p>\n<p style=\"text-align: justify\">Wszystkim tu zgromadzonym \u017cycz\u0119, aby dzisiejsze \u015bwi\u0119to liturgiczne \u015bw. Jana Bo\u017cego sta\u0142o si\u0119 momentem modlitwy i refleksji, kt\u00f3ra pozwoli lepiej zrozumie\u0107 sens naszej misji towarzyszenia chorym i niesienia razem z nimi krzy\u017ca cierpienia, a przez to uczestniczenia w misterium zbawczym Chrystusa.<\/p>\n<p style=\"text-align: justify\">A teraz zapraszam do wsp\u00f3lnej modlitwy. Uznajmy przed Bogiem, \u017ce jeste\u015bmy grzeszni i pro\u015bmy o \u0142ask\u0119 serca skruszonego, aby\u015bmy mogli godnie uczestniczy\u0107 w tej Naj\u015bwi\u0119tszej Ofierze.<\/p>\n<p style=\"text-align: justify\">\n<p style=\"text-align: justify\">\n<p style=\"text-align: justify\"><img loading=\"lazy\" decoding=\"async\" class=\" wp-image-669 alignleft\" src=\"https:\/\/bonifratrzy.pl\/klasztor-krakow\/wp-content\/uploads\/sites\/9\/2018\/01\/DSC0099-300x200.jpg\" alt=\"\" width=\"353\" height=\"235\" srcset=\"https:\/\/bonifratrzy.pl\/klasztor-krakow\/wp-content\/uploads\/sites\/9\/2018\/01\/DSC0099-300x200.jpg 300w, https:\/\/bonifratrzy.pl\/klasztor-krakow\/wp-content\/uploads\/sites\/9\/2018\/01\/DSC0099-768x512.jpg 768w, https:\/\/bonifratrzy.pl\/klasztor-krakow\/wp-content\/uploads\/sites\/9\/2018\/01\/DSC0099-1024x683.jpg 1024w\" sizes=\"(max-width: 353px) 100vw, 353px\" \/><\/p>\n<p style=\"text-align: justify\">\n<p style=\"text-align: justify\"><strong>Homilia<\/strong><\/p>\n<p style=\"text-align: justify\">1. Drodzy Braci i Siostry! Ewangelia, odczytywana w \u015awi\u0119to \u015bw. Jana Bo\u017cego przypomina nam wydarzenie, jakie mia\u0142o miejsce na drodze z Jerycha do Jerozolimy. Jest to przypowie\u015b\u0107 o mi\u0142osiernym Samarytaninie, kt\u00f3ry pochyli\u0142 si\u0119 nad cz\u0142owiekiem cierpi\u0105cym. Nie tylko opatrzy\u0142 jego rany i zawi\u00f3z\u0142 go do gospody, ale zap\u0142aci\u0142 za jego pobyt w czasie rekonwalescencji i zapewni\u0142, \u017ce odwiedzi go w drodze powrotnej.<\/p>\n<p style=\"text-align: justify\">Moi drodzy! Dzisiejsza Ewangelia o mi\u0142osiernym Samarytaninie to, jak m\u00f3wi\u0142 \u015bw. Jan Pawe\u0142 II, &#8222;Ewangelia cierpienia&#8221;, wskazuje bowiem, jaki powinien by\u0107 nasz stosunek do cierpi\u0105cych braci i si\u00f3str. Nie wolno nam ich\u00a0\u00abmija\u0107\u00bb, przechodzi\u0107 oboj\u0119tnie, ale powinni\u015bmy przy nich\u00a0\u00abzatrzymywa\u0107 si\u0119\u00bb. Mi\u0142osiernym Samarytaninem jest ka\u017cdy cz\u0142owiek, kt\u00f3ry zatrzymuje si\u0119 przy cierpieniu drugiego cz\u0142owieka. To zatrzymanie si\u0119 oznacza gotowo\u015b\u0107 do pomocy. Jest otwarciem wewn\u0119trznej dyspozycji serca, kt\u00f3re przynagla cz\u0142owieka do czynienia dobra.<\/p>\n<p style=\"text-align: justify\">Mi\u0142osiernym Samarytaninem jest ka\u017cdy cz\u0142owiek wra\u017cliwy na cudze cierpienie, kt\u00f3ry\u00a0\u00abwzrusza si\u0119\u00bb, gdy widzi nieszcz\u0119\u015bcie bli\u017aniego. Chrystus, w dzisiejszej Ewangelii, podkre\u015bla warto\u015b\u0107 tego wzruszenia przypominaj\u0105c, \u017ce jest ono r\u00f3wnie\u017c wa\u017cne dla ca\u0142ej naszej postawy wobec cierpienia drugiego cz\u0142owieka. Trzeba wi\u0119c w sobie piel\u0119gnowa\u0107 ow\u0105 wra\u017cliwo\u015b\u0107 serca, kt\u00f3ra \u015bwiadczy o wsp\u00f3\u0142czuciu z cierpi\u0105cym. Czasem owo wsp\u00f3\u0142czucie pozostaje jedynym lub g\u0142\u00f3wnym wyrazem naszej mi\u0142o\u015bci i solidarno\u015bci z cierpi\u0105cym cz\u0142owiekiem.<\/p>\n<p style=\"text-align: justify\">2. Drodzy Bracia i Siostry! Ewangeli\u0119 o mi\u0142osiernym Samarytaninie us\u0142ysza\u0142 przed wiekami \u015bw. Jan Bo\u017cy. Jako m\u0142ody ch\u0142opiec wyruszy\u0142 w \u015bwiat. Po kilkutygodniowej podr\u00f3\u017cy znalaz\u0142 schronienie i opiek\u0119 u jednego z mieszka\u0144c\u00f3w hiszpa\u0144skiego miasteczka Oropesa, kt\u00f3ry nazwa\u0142 ma\u0142ego ch\u0142opca &#8222;Janem otrzymanym od Boga &#8211; a Deo&#8221;, st\u0105d polska nazwa Jan Bo\u017cy.<\/p>\n<p style=\"text-align: justify\">Po wielu przygodach Jan postanowi\u0142 radykalnie zmieni\u0107 swoje \u017cycie. Podj\u0105\u0142 si\u0119 na sta\u0142e opieki nad chorymi. W grudniu 1539 roku otworzy\u0142 ma\u0142y przytu\u0142ek, tzw. zak\u0142ad mi\u0142osierdzia, kt\u00f3ry utrzymywa\u0142 z kwesty. Jan Bo\u017cy jako pierwszy zorganizowa\u0142 w nowej formie szpitalnictwo. Opiekowa\u0142 si\u0119 tak\u017ce sierotami, lud\u017ami starymi, bezdomnymi, ubogimi i w\u0119drowcami. Z czasem pozyska\u0142 sobie towarzyszy &#8211; tworz\u0105c pocz\u0105tki zakonu szpitalnego zwanego &#8222;dobrymi bra\u0107mi &#8211; bonifratrami&#8221;. Wyczerpany pokut\u0105 i ci\u0119\u017ck\u0105 chorob\u0105 oraz niezwykle aktywnym trybem \u017cycia, Jan zmar\u0142 w roku 1550, maj\u0105c 55 lat.<\/p>\n<p style=\"text-align: justify\">3. Drodzy Bracia i Siostry! \u015aw. Jan Bo\u017cy, jak mi\u0142osierny Samarytanin z dzisiejszej przypowie\u015bci nie poprzesta\u0142 na samym wzruszeniu i wsp\u00f3\u0142czuciu. To wsp\u00f3\u0142czucie sta\u0142o si\u0119 dla niego bod\u017acem do konkretnego dzia\u0142ania, kt\u00f3re ma na celu niesienie pomocy poranionemu cz\u0142owiekowi. Mo\u017cemy wi\u0119c powiedzie\u0107, \u017ce mi\u0142osiernym Samarytaninem jest ten, kto \u015bwiadczy pomoc w cierpieniu. W t\u0119 pomoc wk\u0142ada on swoje serce i nie \u017ca\u0142uje r\u00f3wnie\u017c \u015brodk\u00f3w materialnych. Mo\u017cna powiedzie\u0107, \u017ce daje siebie, swoje w\u0142asne\u00a0\u00abja\u00bb, otwieraj\u0105c to\u00a0\u00abja\u00bb dla drugiego.<\/p>\n<p style=\"text-align: justify\">W tym miejscu dotykamy jednego z podstawowych punkt\u00f3w ca\u0142ej chrze\u015bcija\u0144skiej mi\u0142o\u015bci. Jak m\u00f3wi\u0142 Ojciec \u015awi\u0119ty Jan Pawe\u0142 II: &#8222;Cz\u0142owiek&#8230; nie mo\u017ce odnale\u017a\u0107 si\u0119 w pe\u0142ni inaczej, jak tylko poprzez bezinteresowny dar z siebie samego&#8221;. Mi\u0142osierny Samarytanin jest cz\u0142owiekiem zdolnym do takiego daru z siebie samego.<\/p>\n<p style=\"text-align: justify\">4. Moi drodzy! Kontynuuj\u0105c refleksj\u0119 nad ewangeliczn\u0105 przypowie\u015bci\u0105 o mi\u0142osiernym Samarytaninie, mo\u017cemy powiedzie\u0107, \u017ce cierpienie, kt\u00f3re pod tylu r\u00f3\u017cnymi postaciami obecne jest w naszym ludzkim \u015bwiecie, jest w nim obecne po to, a\u017ceby wyzwala\u0107 w cz\u0142owieku mi\u0142o\u015b\u0107, \u00f3w bezinteresowny dar z w\u0142asnego\u00a0\u00abja\u00bb na rzecz drugiego cz\u0142owieka. Jak m\u00f3wi\u0142 \u015bw. Jan Pawe\u0142 II, cierpienie bli\u017aniego staje si\u0119 wyzwaniem dla naszej mi\u0142o\u015bci &#8211; i to bezinteresownej mi\u0142o\u015bci, jaka budzi si\u0119 w naszym sercu i przejawia si\u0119 w uczynkach mi\u0142osierdzia. Nie mo\u017cemy wi\u0119c przechodzi\u0107 oboj\u0119tnie obok tego cierpienia. W imi\u0119 najbardziej nawet podstawowej ludzkiej solidarno\u015bci, tym bardziej w imi\u0119 mi\u0142o\u015bci bli\u017aniego, powinni\u015bmy si\u0119\u00a0\u00abzatrzyma\u0107\u00bb i\u00a0\u00abwzruszy\u0107\u00bb, post\u0119puj\u0105c jak \u00f3w Samarytanin z ewangelicznej przypowie\u015bci.<\/p>\n<p style=\"text-align: justify\">5. Drodzy Braci i Siostry! Dzisiejsza uroczysto\u015b\u0107 ustanowienia Sanktuarium \u015bw. Jana Bo\u017cego i po\u015bwi\u0119cenie o\u0142tarza dedykowanego \u015bw. Janowi Paw\u0142owi II wpisuje si\u0119 w Nadzwyczajny Jubileusz Mi\u0142osierdzia oraz w przygotowania do \u015awiatowych Dni M\u0142odzie\u017cy. Jubileusz to czas \u0142aski i mi\u0142osierdzia.<\/p>\n<p style=\"text-align: justify\">Skorzystajmy z tej nadzwyczajnej okazji, by przede wszystkim osobi\u015bcie do\u015bwiadczy\u0107 mi\u0142osierdzia Boga. On nas kocha, niezale\u017cnie od naszych niewierno\u015bci i grzech\u00f3w. On zawsze na nas czeka ilekro\u0107 oddalamy si\u0119 od Niego. On nigdy nie zm\u0119czy si\u0119 w przebaczaniu naszych win, jak podkre\u015bla papie\u017c Franciszek. Zach\u0119cam was do nawiedzenia jednej ze \u015bwi\u0105ty\u0144 naszej Archidiecezji, w kt\u00f3rej otwarta jest dla was brama mi\u0142osierdzia.<\/p>\n<p style=\"text-align: justify\">Za nieca\u0142e p\u00f3\u0142 roku czeka nas \u015awiatowy Dzie\u0144 M\u0142odzie\u017cy. Prze\u017cywa\u0107 go b\u0119dziemy w Krakowie, ale ca\u0142a nasza Archidiecezja Krakowska, wszystkie dekanaty i parafie uczestnicz\u0105 w przygotowaniu tego wielkiego \u015bwi\u0119ta wiary m\u0142odych ludzi z ca\u0142ego \u015bwiata. Licz\u0119 r\u00f3wnie\u017c na wasz\u0105 solidarn\u0105 pomoc. Jest to dla nas wielkie wyzwanie, wielka praca i odpowiedzialno\u015b\u0107, ale tak\u017ce wielki przywilej. Zawdzi\u0119czamy go decyzji Ojca \u015bwi\u0119tego Franciszka, ale tak\u017ce \u015bw. Janowi Paw\u0142owi II, bo to do jego Ojczyzny i do jego Krakowa chc\u0105 przyjecha\u0107 m\u0142odzi. Chcemy podzieli\u0107 z nimi nasz\u0105 wiar\u0119, nasz\u0105 chrze\u015bcija\u0144sk\u0105 tradycj\u0105 i kultur\u0105, ale tak\u017ce pragniemy od m\u0142odych ca\u0142ego \u015bwiata zaczerpn\u0105\u0107 entuzjazmu w prze\u017cywaniu Ewangelii i w g\u0142oszeniu Ewangelii w naszych \u015brodowiskach.<\/p>\n<p style=\"text-align: justify\">6. Moi drodzy! Dzi\u0119kuj\u0105c dzi\u015b Bogu za charyzmat \u015bw. Jana Bo\u017cego i za wszystkich bonifratr\u00f3w, chcemy prosi\u0107 Boga o \u0142ask\u0119 serca otwartego na cierpienie naszych bli\u017anich.<\/p>\n<p style=\"text-align: justify\">Dzi\u0119kujemy braciom bonifratrom i wszystkim, kt\u00f3rzy pomagaj\u0105 chorym, za ka\u017cdy gest samaryta\u0144skiej pomocy wobec cz\u0142owieka chorego. Niech Naj\u015bwi\u0119tsza Panna &#8211; <em>Salus Infirmorum<\/em> &#8211; Uzdrowienie Chorych, kt\u00f3ra pod krzy\u017cem w\u0142\u0105czy\u0142a si\u0119 w cierpienie swojego Syna, obdarzy chorych niezawodn\u0105 pociech\u0105 i umocnieniem, za\u015b wszystkich, kt\u00f3rzy jako Mi\u0142osierni Samarytanie, lecz\u0105 fizyczne i duchowe rany cierpi\u0105cych, otoczy swoj\u0105 macierzy\u0144sk\u0105 opiek\u0105. Niech Ona pomaga ka\u017cdemu dawa\u0107 \u015bwiadectwo, \u017ce jedyn\u0105 w\u0142a\u015bciw\u0105 odpowiedzi\u0105 na b\u00f3l i ludzkie cierpienie jest Chrystus, kt\u00f3ry zmartwychwstaj\u0105c zwyci\u0119\u017cy\u0142 \u015bmier\u0107 i obdarzy\u0142 nas \u017cyciem bez kresu. Amen<\/p>\n<p><img loading=\"lazy\" decoding=\"async\" class=\"size-medium wp-image-598 alignright\" src=\"https:\/\/bonifratrzy.pl\/klasztor-krakow\/wp-content\/uploads\/sites\/9\/2017\/12\/msza5-crop-300x196.jpg\" alt=\"\" width=\"300\" height=\"196\" srcset=\"https:\/\/bonifratrzy.pl\/klasztor-krakow\/wp-content\/uploads\/sites\/9\/2017\/12\/msza5-crop-300x196.jpg 300w, https:\/\/bonifratrzy.pl\/klasztor-krakow\/wp-content\/uploads\/sites\/9\/2017\/12\/msza5-crop-768x503.jpg 768w, https:\/\/bonifratrzy.pl\/klasztor-krakow\/wp-content\/uploads\/sites\/9\/2017\/12\/msza5-crop.jpg 892w\" sizes=\"(max-width: 300px) 100vw, 300px\" \/><\/p>\n","protected":false},"excerpt":{"rendered":"<p>Uroczysto\u015b\u0107 \u015bw. Jana Bo\u017cego Bonifratrzy &#8211; 08.03.2016 Iz 58,6-11; 1J 3,13-18; \u0141k 10, 25-37 &nbsp; Wprowadzenie do Mszy \u015bwi\u0119tej Drodzy Bracia Bonifratrzy! Umi\u0142owani w Chrystusie Bracia i Siostry! Uczestnicy dzisiejszej uroczysto\u015bci \u015bw. Jana Bo\u017cego! Witam was bardzo serdecznie w \u015bwi\u0119to Waszego Patrona i za\u0142o\u017cyciela waszego Zakonu, \u015bw. Jana Bo\u017cego, kt\u00f3ry przed wiekami da\u0142 niezwyk\u0142e \u015bwiadectwo [&hellip;]<\/p>\n","protected":false},"author":27,"featured_media":0,"parent":569,"menu_order":8,"comment_status":"closed","ping_status":"closed","template":"","meta":{"footnotes":""},"categories":[25],"_links":{"self":[{"href":"https:\/\/bonifratrzy.pl\/klasztor-krakow\/wp-json\/wp\/v2\/pages\/596"}],"collection":[{"href":"https:\/\/bonifratrzy.pl\/klasztor-krakow\/wp-json\/wp\/v2\/pages"}],"about":[{"href":"https:\/\/bonifratrzy.pl\/klasztor-krakow\/wp-json\/wp\/v2\/types\/page"}],"author":[{"embeddable":true,"href":"https:\/\/bonifratrzy.pl\/klasztor-krakow\/wp-json\/wp\/v2\/users\/27"}],"replies":[{"embeddable":true,"href":"https:\/\/bonifratrzy.pl\/klasztor-krakow\/wp-json\/wp\/v2\/comments?post=596"}],"version-history":[{"count":9,"href":"https:\/\/bonifratrzy.pl\/klasztor-krakow\/wp-json\/wp\/v2\/pages\/596\/revisions"}],"predecessor-version":[{"id":837,"href":"https:\/\/bonifratrzy.pl\/klasztor-krakow\/wp-json\/wp\/v2\/pages\/596\/revisions\/837"}],"up":[{"embeddable":true,"href":"https:\/\/bonifratrzy.pl\/klasztor-krakow\/wp-json\/wp\/v2\/pages\/569"}],"wp:attachment":[{"href":"https:\/\/bonifratrzy.pl\/klasztor-krakow\/wp-json\/wp\/v2\/media?parent=596"}],"wp:term":[{"taxonomy":"category","embeddable":true,"href":"https:\/\/bonifratrzy.pl\/klasztor-krakow\/wp-json\/wp\/v2\/categories?post=596"}],"curies":[{"name":"wp","href":"https:\/\/api.w.org\/{rel}","templated":true}]}}