{"id":8,"date":"2016-01-16T23:24:11","date_gmt":"2016-01-16T22:24:11","guid":{"rendered":"https:\/\/bonifratrzy.pl\/klasztor-iwonicz\/?page_id=8"},"modified":"2016-01-16T23:24:11","modified_gmt":"2016-01-16T22:24:11","slug":"historia-klasztoru","status":"publish","type":"page","link":"https:\/\/bonifratrzy.pl\/klasztor-iwonicz\/historia-klasztoru\/","title":{"rendered":"Historia Klasztoru"},"content":{"rendered":"<p>Wybudowany z funduszy parafialnych i oddany do u\u017cytku w 1902 roku, po \u015bmierci inicjatora budowy i fundatora, miejscowego proboszcza ks. Podg\u00f3rskiego, szpital zacz\u0105\u0142 podupada\u0107. Kolejny proboszcz ks. J\u00f3zef Rafa zwr\u00f3ci\u0142 si\u0119 wi\u0119c do Urz\u0119du Prowincjalnego Zakonu Bonifratr\u00f3w w Krakowie z propozycj\u0105 przej\u0119cia na w\u0142asno\u015b\u0107 i poprowadzenia iwonickiego szpitala. Prowincja\u0142 o. Jacek Misiak propozycj\u0119 przyj\u0105\u0142 i w roku 1923 Bonifratrzy obj\u0119li w posiadanie szpital wraz z 35 chorymi. Pierwszym przeorem nowo powsta\u0142ego konwentu zosta\u0142 ojciec Alojzy Pluszczyk.<\/p>\n<p>Dzi\u0119ki materialnej pomocy konwent\u00f3w prowincji polskiej w kr\u00f3tkim czasie uda\u0142o si\u0119 zmodernizowa\u0107 istniej\u0105cy budynek, zakupi\u0107 niezb\u0119dn\u0105 aparatur\u0119 medyczn\u0105 i unowocze\u015bni\u0107 wyposa\u017cenie, co pozwoli\u0142o na zwi\u0119kszenie liczby chorych do 60 oraz otwarcie ambulatori\u00f3w \u015bwiadcz\u0105cych pomoc okolicznej ludno\u015bci.<\/p>\n<p>Okres wojny i niemieckiej okupacji to dla iwonickiego konwentu ci\u0119\u017ckie lata znaczone kl\u0119sk\u0105 po\u017caru, kt\u00f3ry strawi\u0142 budynek szpitala, epidemi\u0105 tyfusu, kt\u00f3ra zabra\u0142a dobroczy\u0144c\u0119 konwentu ks. J. Raf\u0119, wreszcie najtragiczniejszym dla Bonifratr\u00f3w dniem 24 lutego 1943 roku, kiedy to gestapo wywioz\u0142o wszystkich umys\u0142owo chorych pacjent\u00f3w szpitala i w lesie pod Jas\u0142em rozstrzela\u0142o. Z okresem wojny wi\u0105\u017ce si\u0119 te\u017c pi\u0119kna posta\u0107 brata Eliasza Sm\u00f3\u0142ki, kt\u00f3ry \u017cyciem zap\u0142aci\u0142 za obron\u0119 polskiego brzmienia swojego nazwiska.<\/p>\n<p>W 1943 przez p\u00f3\u0142 roku, od czerwca do listopada, w odbudowanym po po\u017carze szpitalu bracia przyjmowali chorych na gru\u017alic\u0119, po czym niemieckie w\u0142adze wojskowe szpital rozwi\u0105za\u0142y, najci\u0119\u017cej chorych przewieziono do Krosna, innych zwolniono do domu, Bonifratrzy za\u015b zostali zmuszeni do opuszczenia konwentu. W\u0142adze SS, kt\u00f3re zaj\u0119\u0142y budynek szpitala, zgodzi\u0142y si\u0119 na pozostawienie dw\u00f3ch braci w bocznym skrzydle.<\/p>\n<p>Po wojnie Bonifratrzy wr\u00f3cili do Iwonicza i po dokonaniu koniecznych remont\u00f3w uruchomili szpital i ambulatorium. W roku 1950 szpital zosta\u0142 upa\u0144stwowiony i przekszta\u0142cony w Dom Opieki Spo\u0142ecznej dla Doros\u0142ych pod zarz\u0105dem Zrzeszenia Katolik\u00f3w Caritas.<\/p>\n<p>W latach 70. dokonano rozbudowy i modernizacji budynku, co pozwoli\u0142o na zwi\u0119kszenie liczby pensjonariuszy, a tak\u017ce popraw\u0119 warunk\u00f3w mieszkalnych i sanitarnych.<\/p>\n<p>W latach dziewi\u0119\u0107dziesi\u0105tych wskutek zmian, jakie dokona\u0142y si\u0119 w Polsce, bracia Bonifratrzy odzyskali prawo w\u0142asno\u015bci do swego domu w Iwoniczu, kt\u00f3ry teraz prowadzony przez Zakon podlega Wojew\u00f3dzkiemu Zespo\u0142owi Pomocy Spo\u0142ecznej. Nast\u0119pstwem tych zmian by\u0142a mo\u017cliwo\u015b\u0107 rozbudowy i modernizacji budynk\u00f3w. Wa\u017cnym wydarzeniem w \u017cyciu iwonickiego konwentu by\u0142o przeniesienie pomieszcze\u0144 klauzurowych w nowe miejsce, i oddanie dotychczasowych do dyspozycji podopiecznych. Poprawi\u0142 si\u0119 dzi\u0119ki temu standard pobytu podopiecznych, utworzono warsztaty terapii zaj\u0119ciowej prowadzone przez osoby maj\u0105ce odpowiednie do tego przygotowanie.<\/p>\n<p>Iwonicki Dom Pomocy zamieszkuj\u0105 osoby w r\u00f3\u017cnym wieku, o r\u00f3\u017cnym stopniu sprawno\u015bci fizycznej i umys\u0142owej. Kierowani wskazaniami swego za\u0142o\u017cyciela \u015bw. Jana Bo\u017cego bracia Bonifratrzy opiekuj\u0105 si\u0119 nimi z cierpliwo\u015bci\u0105, mi\u0142osierdziem i poszanowaniem ich ludzkiej godno\u015bci, w ka\u017cdym z nich widz\u0105c brata.<\/p>\n","protected":false},"excerpt":{"rendered":"<p>Wybudowany z funduszy parafialnych i oddany do u\u017cytku w 1902 roku, po \u015bmierci inicjatora budowy i fundatora, miejscowego proboszcza ks. Podg\u00f3rskiego, szpital zacz\u0105\u0142 podupada\u0107. Kolejny proboszcz ks. J\u00f3zef Rafa zwr\u00f3ci\u0142 si\u0119 wi\u0119c do Urz\u0119du Prowincjalnego Zakonu Bonifratr\u00f3w w Krakowie z propozycj\u0105 przej\u0119cia na w\u0142asno\u015b\u0107 i poprowadzenia iwonickiego szpitala. Prowincja\u0142 o. Jacek Misiak propozycj\u0119 przyj\u0105\u0142 i [&hellip;]<\/p>\n","protected":false},"author":1,"featured_media":0,"parent":0,"menu_order":2,"comment_status":"closed","ping_status":"closed","template":"","meta":{"footnotes":""},"_links":{"self":[{"href":"https:\/\/bonifratrzy.pl\/klasztor-iwonicz\/wp-json\/wp\/v2\/pages\/8"}],"collection":[{"href":"https:\/\/bonifratrzy.pl\/klasztor-iwonicz\/wp-json\/wp\/v2\/pages"}],"about":[{"href":"https:\/\/bonifratrzy.pl\/klasztor-iwonicz\/wp-json\/wp\/v2\/types\/page"}],"author":[{"embeddable":true,"href":"https:\/\/bonifratrzy.pl\/klasztor-iwonicz\/wp-json\/wp\/v2\/users\/1"}],"replies":[{"embeddable":true,"href":"https:\/\/bonifratrzy.pl\/klasztor-iwonicz\/wp-json\/wp\/v2\/comments?post=8"}],"version-history":[{"count":1,"href":"https:\/\/bonifratrzy.pl\/klasztor-iwonicz\/wp-json\/wp\/v2\/pages\/8\/revisions"}],"predecessor-version":[{"id":9,"href":"https:\/\/bonifratrzy.pl\/klasztor-iwonicz\/wp-json\/wp\/v2\/pages\/8\/revisions\/9"}],"wp:attachment":[{"href":"https:\/\/bonifratrzy.pl\/klasztor-iwonicz\/wp-json\/wp\/v2\/media?parent=8"}],"curies":[{"name":"wp","href":"https:\/\/api.w.org\/{rel}","templated":true}]}}