{"id":4,"date":"2016-01-16T17:44:08","date_gmt":"2016-01-16T16:44:08","guid":{"rendered":"https:\/\/bonifratrzy.pl\/klasztor-cieszyn\/?page_id=4"},"modified":"2026-04-22T14:42:03","modified_gmt":"2026-04-22T12:42:03","slug":"o-klasztorze","status":"publish","type":"page","link":"https:\/\/bonifratrzy.pl\/klasztor-cieszyn\/","title":{"rendered":"O klasztorze"},"content":{"rendered":"<h2><span style=\"color: #800000;\"><span style=\"color: #c21515;\"><strong>Klasztor w Cieszynie\u00a0 p.w. Wniebowzi\u0119cia <\/strong><\/span><a style=\"color: #800000;\" href=\"https:\/\/bonifratrzy.pl\/nmp-patronka-zakonu-szpitalnego-sw-jana-bozego\/\" target=\"_blank\" rel=\"noopener noreferrer\"><span style=\"color: #a61212;\"><span style=\"color: #c21515;\">Naj\u015bwi\u0119tszej\u00a0 Maryi\u00a0 Panny<\/span><\/span><\/a><\/span><\/h2>\n<div id=\"content\">\n<div id=\"post-5\" class=\"page\">\n<h2>Przeor \u2013 brat Marek Zimny, OH<\/h2>\n<h2><a href=\"https:\/\/bonifratrzy.pl\/klasztor-cieszyn\/wp-content\/uploads\/sites\/5\/2022\/05\/Marek-Zimny-OH.jpg\"><img loading=\"lazy\" decoding=\"async\" class=\"wp-image-2363 alignleft\" src=\"https:\/\/bonifratrzy.pl\/klasztor-cieszyn\/wp-content\/uploads\/sites\/5\/2022\/05\/Marek-Zimny-OH.jpg\" alt=\"\" width=\"127\" height=\"132\" srcset=\"https:\/\/bonifratrzy.pl\/klasztor-cieszyn\/wp-content\/uploads\/sites\/5\/2022\/05\/Marek-Zimny-OH.jpg 2126w, https:\/\/bonifratrzy.pl\/klasztor-cieszyn\/wp-content\/uploads\/sites\/5\/2022\/05\/Marek-Zimny-OH-290x300.jpg 290w, https:\/\/bonifratrzy.pl\/klasztor-cieszyn\/wp-content\/uploads\/sites\/5\/2022\/05\/Marek-Zimny-OH-989x1024.jpg 989w, https:\/\/bonifratrzy.pl\/klasztor-cieszyn\/wp-content\/uploads\/sites\/5\/2022\/05\/Marek-Zimny-OH-768x795.jpg 768w, https:\/\/bonifratrzy.pl\/klasztor-cieszyn\/wp-content\/uploads\/sites\/5\/2022\/05\/Marek-Zimny-OH-1484x1536.jpg 1484w, https:\/\/bonifratrzy.pl\/klasztor-cieszyn\/wp-content\/uploads\/sites\/5\/2022\/05\/Marek-Zimny-OH-1978x2048.jpg 1978w\" sizes=\"(max-width: 127px) 100vw, 127px\" \/><\/a><strong><br \/>\n<\/strong><\/h2>\n<p>wst. 4.10.2002 r., ob\u0142. 28.06.2003 r.,<br \/>\n\u015bl. czas. 29.06.2005 r., \u015bl. wiecz. 24.04.2010 r.<\/p>\n<p>Imieniny: 25 kwietnia<\/p>\n<p><strong>Wsp\u00f3lnot\u0119 zakonn\u0105 tworz\u0105: <\/strong><\/p>\n<ul>\n<li>br. Albert Gaworecki OH<\/li>\n<li>br. Maciej Gizicki OH, sac.<\/li>\n<li>br. Paulin Sulej OH<\/li>\n<li>br.\u00a0Stanis\u0142aw M\u0142ynarczyk OH<\/li>\n<\/ul>\n<\/div>\n<\/div>\n<div id=\"attachment_61\" style=\"width: 336px\" class=\"wp-caption alignnone\"><img loading=\"lazy\" decoding=\"async\" aria-describedby=\"caption-attachment-61\" class=\"wp-image-61\" src=\"https:\/\/bonifratrzy.pl\/klasztor-cieszyn\/wp-content\/uploads\/sites\/5\/2016\/01\/Cieszyn-Kos\u0301cio\u0301\u0142-1-300x201.jpg\" alt=\"Cieszyn Kos\u0301cio\u0301\u0142\" width=\"326\" height=\"218\" srcset=\"https:\/\/bonifratrzy.pl\/klasztor-cieszyn\/wp-content\/uploads\/sites\/5\/2016\/01\/Cieszyn-Kos\u0301cio\u0301\u0142-1-300x201.jpg 300w, https:\/\/bonifratrzy.pl\/klasztor-cieszyn\/wp-content\/uploads\/sites\/5\/2016\/01\/Cieszyn-Kos\u0301cio\u0301\u0142-1-272x182.jpg 272w, https:\/\/bonifratrzy.pl\/klasztor-cieszyn\/wp-content\/uploads\/sites\/5\/2016\/01\/Cieszyn-Kos\u0301cio\u0301\u0142-1.jpg 395w\" sizes=\"(max-width: 326px) 100vw, 326px\" \/><p id=\"caption-attachment-61\" class=\"wp-caption-text\">Klasztor w Cieszynie pw. Wniebowzi\u0119cia Naj\u015bwi\u0119tszej Maryi Panny<\/p><\/div>\n","protected":false},"excerpt":{"rendered":"<p>Klasztor w Cieszynie\u00a0 p.w. Wniebowzi\u0119cia Naj\u015bwi\u0119tszej\u00a0 Maryi\u00a0 Panny Przeor \u2013 brat Marek Zimny, OH wst. 4.10.2002 r., ob\u0142. 28.06.2003 r., \u015bl. czas. 29.06.2005 r., \u015bl. wiecz. 24.04.2010 r. Imieniny: 25 kwietnia Wsp\u00f3lnot\u0119 zakonn\u0105 tworz\u0105: br. Albert Gaworecki OH br. Maciej Gizicki OH, sac. br. Paulin Sulej OH br.\u00a0Stanis\u0142aw M\u0142ynarczyk OH<\/p>\n","protected":false},"author":1,"featured_media":0,"parent":0,"menu_order":4,"comment_status":"closed","ping_status":"closed","template":"page-home.php","meta":{"footnotes":""},"_links":{"self":[{"href":"https:\/\/bonifratrzy.pl\/klasztor-cieszyn\/wp-json\/wp\/v2\/pages\/4"}],"collection":[{"href":"https:\/\/bonifratrzy.pl\/klasztor-cieszyn\/wp-json\/wp\/v2\/pages"}],"about":[{"href":"https:\/\/bonifratrzy.pl\/klasztor-cieszyn\/wp-json\/wp\/v2\/types\/page"}],"author":[{"embeddable":true,"href":"https:\/\/bonifratrzy.pl\/klasztor-cieszyn\/wp-json\/wp\/v2\/users\/1"}],"replies":[{"embeddable":true,"href":"https:\/\/bonifratrzy.pl\/klasztor-cieszyn\/wp-json\/wp\/v2\/comments?post=4"}],"version-history":[{"count":42,"href":"https:\/\/bonifratrzy.pl\/klasztor-cieszyn\/wp-json\/wp\/v2\/pages\/4\/revisions"}],"predecessor-version":[{"id":3106,"href":"https:\/\/bonifratrzy.pl\/klasztor-cieszyn\/wp-json\/wp\/v2\/pages\/4\/revisions\/3106"}],"wp:attachment":[{"href":"https:\/\/bonifratrzy.pl\/klasztor-cieszyn\/wp-json\/wp\/v2\/media?parent=4"}],"curies":[{"name":"wp","href":"https:\/\/api.w.org\/{rel}","templated":true}]}}