{"id":7,"date":"2016-01-28T01:03:57","date_gmt":"2016-01-28T00:03:57","guid":{"rendered":"https:\/\/bonifratrzy.pl\/dom-geriatryczno-rehabilitacyjny-warszawa\/?page_id=7"},"modified":"2023-04-13T09:17:52","modified_gmt":"2023-04-13T07:17:52","slug":"oferty-pracy","status":"publish","type":"page","link":"https:\/\/bonifratrzy.pl\/dom-geriatryczno-rehabilitacyjny-warszawa\/oferty-pracy\/","title":{"rendered":"Oferty pracy"},"content":{"rendered":"<h2><strong>Aktualne oferty pracy<\/strong><\/h2>\n<div class=\"su-accordion su-u-trim\">\n<div class=\"su-spoiler su-spoiler-style-default su-spoiler-icon-plus su-spoiler-closed\" data-scroll-offset=\"0\" data-anchor-in-url=\"no\"><div class=\"su-spoiler-title\" tabindex=\"0\" role=\"button\"><span class=\"su-spoiler-icon\"><\/span><strong>Piel\u0119gniarka<\/strong><\/div><div class=\"su-spoiler-content su-u-clearfix su-u-trim\">\n<p><img loading=\"lazy\" decoding=\"async\" class=\"size-full wp-image-1415 aligncenter\" src=\"https:\/\/bonifratrzy.pl\/dom-geriatryczno-rehabilitacyjny-warszawa\/wp-content\/uploads\/sites\/29\/2022\/05\/Zrzut-ekranu-z-2022-05-13-14-51-41.png\" alt=\"\" width=\"632\" height=\"159\" \/><\/p>\n<p align=\"center\"><span style=\"color: #262626;\"><span style=\"font-size: medium;\">Bonifraterskie Centrum Medyczne Sp. z o.o. Oddzia\u0142 w Warszawie <\/span><\/span><span style=\"color: #262626;\"><span style=\"font-size: medium;\">to\u00a0specjalistyczne gabinety lekarskie wraz z\u00a0zapleczem diagnostycznym. <\/span><\/span><\/p>\n<p align=\"center\"><span style=\"color: #262626;\"><span style=\"font-size: medium;\">\u0141\u0105czymy nowoczesn\u0105 medycyn\u0119 z 400-letni\u0105 tradycj\u0105 Bonifratr\u00f3w.<\/span><\/span><\/p>\n<p align=\"center\"><span style=\"color: #262626;\"><span style=\"font-size: medium;\"><b>PIEL\u0118GNIARKA<\/b><\/span><\/span><\/p>\n<p align=\"center\"><span style=\"color: #262626;\"><span style=\"font-size: medium;\">Miejsce pracy: Warszawa, ul. Sapie\u017cy\u0144ska 3<\/span><\/span><\/p>\n<p align=\"justify\"><span style=\"color: #262626;\"><span style=\"font-size: medium;\">Bonifraterskie Centrum Medyczne Sp. z o.o. Oddzia\u0142 w Warszawie <\/span><\/span><span style=\"color: #262626;\"><span style=\"font-size: medium;\"><b>zatrudni piel\u0119gniark\u0119<\/b><\/span><\/span> <span style=\"color: #262626;\"><span style=\"font-size: medium;\"><b>do pracy<\/b><\/span><\/span><span style=\"color: #262626;\"><span style=\"font-size: medium;\"> w <\/span><\/span><span style=\"color: #262626;\"><span style=\"font-size: medium;\"><b>Domu Seniora.<\/b><\/span><\/span><\/p>\n<p align=\"justify\"><span style=\"font-size: medium;\">Do obowi\u0105zk\u00f3w osoby zatrudnionej na stanowisku piel\u0119gniarki nale\u017cy:<\/span><\/p>\n<ul>\n<li><span style=\"font-size: medium;\">Praca w zespole piel\u0119gnacyjno-opieku\u0144czym sprawuj\u0105cym opiek\u0119 nad osobami starszymi<br \/>\no zr\u00f3\u017cnicowanym stopniu sprawno\u015bci<\/span><\/li>\n<li><span style=\"font-size: medium;\">Kompleksowa opieka piel\u0119gniarska ca\u0142odobowa <\/span><\/li>\n<li>\n<p align=\"justify\"><span style=\"font-size: medium;\">Realizowanie procedur piel\u0119gnacyjnych, diagnostyczno-leczniczych i opieku\u0144czych<br \/>\nna rzecz os\u00f3b przebywaj\u0105cych w o\u015brodku<\/span><\/p>\n<\/li>\n<li><span style=\"font-size: medium;\">Pomoc w\u00a0czynno\u015bciach piel\u0119gnacyjno-opieku\u0144czych<\/span><\/li>\n<li><span style=\"font-size: medium;\">Troska o bezpiecze\u0144stwo podopiecznych<\/span><\/li>\n<\/ul>\n<p><span style=\"font-size: medium;\">Wymagania:<\/span><\/p>\n<ul>\n<li><span style=\"font-size: medium;\">Dodatkowym atutem b\u0119dzie do\u015bwiadczenie w opiece nad osobami starszymi i chorymi<\/span><\/li>\n<li><span style=\"font-size: medium;\">Sumienno\u015b\u0107, empatia, wra\u017cliwo\u015b\u0107 i rozumienie potrzeb os\u00f3b starszych<\/span><\/li>\n<\/ul>\n<p><span style=\"font-size: medium;\">Oferujemy:<\/span><\/p>\n<ul>\n<li><span style=\"font-size: medium;\">Umow\u0119 o prac\u0119 lub umowa zlecenia<\/span><\/li>\n<li><a name=\"_GoBack\"><\/a> <span style=\"font-size: medium;\">Wynagrodzenie zale\u017cne od kwalifikacji (5.000-5.500 z\u0142 brutto miesi\u0119cznie)<\/span><\/li>\n<li><span style=\"font-size: medium;\">Dy\u017cury; od godz. 7:00 do 19:00 lub od godz. 19:00 do 7:00<\/span><\/li>\n<\/ul>\n<p><span style=\"font-family: Times New Roman, serif;\"><span style=\"font-size: medium;\"><span style=\"font-family: Calibri, serif;\">Osoby zainteresowane prosimy o przes\u0142anie CV na adres e-mail; <\/span><span style=\"color: #0563c1;\"><u><a href=\"&#109;a&#x69;l&#x74;o&#x3a;r&#x65;k&#x72;u&#x74;&#97;&#x63;&#106;&#x61;&#64;&#x62;&#111;&#x6e;&#105;&#x66;&#114;&#x61;&#116;r&#x7a;y&#x2e;w&#x61;r&#x73;z&#x61;w&#x61;&#46;&#x70;&#108;\"><span style=\"font-family: Calibri, serif;\">&#x72;&#x65;&#x6b;&#114;&#117;&#116;ac&#x6a;&#x61;&#x40;&#x62;&#111;&#110;if&#x72;&#x61;&#x74;&#x72;&#122;&#121;&#46;w&#x61;&#x72;&#x73;&#x7a;&#97;&#119;&#97;&#46;p&#x6c;<\/span><\/a><\/u><\/span><span style=\"font-family: Calibri, serif;\"> Informacje tel. (22) 390 33 38 lub 570\u00a0968 954.<\/span><\/span><\/span><\/p>\n<p align=\"justify\"><span style=\"font-family: Calibri, serif;\"><i>Aplikacji nie odsy\u0142amy. Kontaktujemy si\u0119 jedynie z wybranymi osobami. <\/i><\/span><\/p>\n<p align=\"justify\"><span style=\"font-family: Calibri, serif;\"><i>Osoby zainteresowane udzia\u0142em w kolejnych i podobnych procesach rekrutacji prosimy o zamieszczenie w swoim CV klauzuli o tre\u015bci:<\/i><\/span><\/p>\n<p align=\"justify\"><span style=\"font-family: Calibri, serif;\"><i>Wyra\u017cam zgod\u0119 na przetwarzanie moich danych osobowych<\/i><\/span><i> oraz wizerunku<\/i><span style=\"font-family: Calibri, serif;\"><i> przez <\/i><\/span><span style=\"font-family: Calibri, serif;\"><i><b>Bonifraterskie Centrum Medyczne Sp. z o.o.<\/b><\/i><\/span><i> <\/i><span style=\"font-family: Calibri, serif;\"><i><b>Oddzia\u0142 w Warszawie<\/b><\/i><\/span><span style=\"font-family: Calibri, serif;\"><i> z siedzib\u0105 w Warszawie 00-215, przy<br \/>\nul. Sapie\u017cy\u0144skiej 3, zawartych w CV, na potrzeby obecnego oraz przysz\u0142ych proces\u00f3w rekrutacji (zgodnie z og\u00f3lnym rozporz\u0105dzeniem o ochronie danych osobowych z dnia 27 kwietnia 2016 r &#8211; Dz. Urz. UE L 119 z 04.05.2016).\u201d<\/i><\/span><\/p>\n<p align=\"justify\"><span style=\"font-family: Calibri, serif;\"><i>Osoby zainteresowane udzia\u0142em wy\u0142\u0105cznie w obecnym procesie rekrutacyjnym prosimy o zamieszczenie w swoim CV klauzuli o tre\u015bci:<\/i><\/span><\/p>\n<p align=\"justify\">\u201e<span style=\"font-family: Calibri, serif;\"><i>Wyra\u017cam zgod\u0119 na przetwarzanie moich danych osobowych przez <\/i><\/span><span style=\"font-family: Calibri, serif;\"><i><b>Bonifraterskie Centrum Medyczne Sp. z o.o.<\/b><\/i><\/span><i> <\/i><span style=\"font-family: Calibri, serif;\"><i><b>Oddzia\u0142 w Warszawie <\/b><\/i><\/span><span style=\"font-family: Calibri, serif;\"><i> z siedzib\u0105 w Warszawie 00-215, przy ul. Sapie\u017cy\u0144skiej 3, zawartych w CV, na potrzeby obecnego procesu rekrutacji (zgodnie z og\u00f3lnym rozporz\u0105dzeniem o ochronie danych osobowych z dnia 27 kwietnia 2016 r &#8211; Dz. Urz. UE L 119 z 04.05.2016).\u201d<\/i><\/span><\/p>\n<p align=\"justify\"><\/div><\/div>\n<\/div>\n<div class=\"su-accordion su-u-trim\">\n<div class=\"su-spoiler su-spoiler-style-default su-spoiler-icon-plus su-spoiler-closed\" data-scroll-offset=\"0\" data-anchor-in-url=\"no\"><div class=\"su-spoiler-title\" tabindex=\"0\" role=\"button\"><span class=\"su-spoiler-icon\"><\/span><strong>Opiekun\/Opiekunka os\u00f3b starszych<\/strong><\/div><div class=\"su-spoiler-content su-u-clearfix su-u-trim\">\n<p>&nbsp;<\/p>\n<p align=\"center\"><img loading=\"lazy\" decoding=\"async\" class=\"wp-image-1415 size-full aligncenter\" src=\"https:\/\/bonifratrzy.pl\/dom-geriatryczno-rehabilitacyjny-warszawa\/wp-content\/uploads\/sites\/29\/2022\/05\/Zrzut-ekranu-z-2022-05-13-14-51-41.png\" alt=\"\" width=\"632\" height=\"159\" \/><\/p>\n<p align=\"center\"><span style=\"color: #262626;\"><span style=\"font-size: medium;\">Bonifraterskie Centrum Medyczne Sp. z o.o. Oddzia\u0142 w Warszawie <\/span><\/span><span style=\"color: #262626;\"><span style=\"font-size: medium;\">to\u00a0specjalistyczne gabinety lekarskie wraz z\u00a0zapleczem diagnostycznym. <\/span><\/span><\/p>\n<p align=\"center\"><span style=\"color: #262626;\"><span style=\"font-size: medium;\">\u0141\u0105czymy nowoczesn\u0105 medycyn\u0119 z 400-letni\u0105 tradycj\u0105 Bonifratr\u00f3w.<\/span><\/span><\/p>\n<p align=\"center\"><span style=\"color: #262626;\"><span style=\"font-size: large;\"><b>OPIEKUN\/OPIEKUNKA OS\u00d3B STARSZYCH<\/b><\/span><\/span><\/p>\n<p align=\"center\"><span style=\"color: #262626;\"><span style=\"font-size: medium;\">Miejsce pracy: Warszawa, ul. Sapie\u017cy\u0144ska 3<\/span><\/span><\/p>\n<p align=\"justify\"><span style=\"color: #262626;\"><span style=\"font-size: medium;\">Bonifraterskie Centrum Medyczne Sp. z o.o. Oddzia\u0142 w Warszawie <\/span><\/span><span style=\"color: #262626;\"><span style=\"font-size: medium;\"><b>zatrudni opiekunki\/opiekun\u00f3w os\u00f3b starszych<\/b><\/span><\/span> <span style=\"color: #262626;\"><span style=\"font-size: medium;\"><b>do pracy<\/b><\/span><\/span><span style=\"color: #262626;\"><span style=\"font-size: medium;\"> w <\/span><\/span><span style=\"color: #262626;\"><span style=\"font-size: medium;\"><b>Domu Seniora.<\/b><\/span><\/span><\/p>\n<p align=\"justify\"><span style=\"font-size: medium;\">Do obowi\u0105zk\u00f3w osoby zatrudnionej na stanowisku Opiekuna Osoby Starszej nale\u017cy:<\/span><\/p>\n<ul>\n<li><span style=\"font-size: medium;\">Praca w zespole piel\u0119gnacyjno-opieku\u0144czym sprawuj\u0105cym opiek\u0119 nad osobami starszymi o zr\u00f3\u017cnicowanym stopniu sprawno\u015bci<\/span><\/li>\n<li><span style=\"font-size: medium;\">Kompleksowa opieka ca\u0142odobowa <\/span><\/li>\n<li><span style=\"font-size: medium;\">Pomoc w\u00a0czynno\u015bciach piel\u0119gnacyjno-opieku\u0144czych<\/span><\/li>\n<li><span style=\"font-size: medium;\">Podawanie posi\u0142k\u00f3w podopiecznym, utrzymywanie porz\u0105dku<\/span><\/li>\n<li><span style=\"font-size: medium;\">Troska o bezpiecze\u0144stwo podopiecznych<\/span><\/li>\n<\/ul>\n<p><span style=\"font-size: medium;\">Wymagania:<\/span><\/p>\n<ul>\n<li><span style=\"font-size: medium;\">Rozumienie potrzeb os\u00f3b starszych, sumienno\u015b\u0107, empatia, wra\u017cliwo\u015b\u0107 <\/span><\/li>\n<li><span style=\"font-size: medium;\">Do\u015bwiadczenie w opiece nad osobami starszymi i chorymi<\/span><\/li>\n<\/ul>\n<p><span style=\"font-size: medium;\">Posiadanie dyplomu opiekuna b\u0119dzie dodatkowym atutem kandydata.<\/span><\/p>\n<p><span style=\"font-size: medium;\">Oferujemy:<\/span><\/p>\n<ul>\n<li><span style=\"font-size: medium;\">Umow\u0119 o prac\u0119 lub umowa zlecenia<\/span><\/li>\n<li><span style=\"font-size: medium;\">Wynagrodzenie zale\u017cne od kwalifikacji (3.800-4.600 z\u0142 brutto miesi\u0119cznie)<\/span><\/li>\n<li><span style=\"font-size: medium;\">Dodatek za prac\u0119 w niedziele i \u015bwi\u0119ta oraz noce, premie uznaniowe <\/span><\/li>\n<li><span style=\"font-size: medium;\">Prac\u0119 zmianow\u0105 w r\u00f3wnowa\u017cnym systemie czasu pracy we wszystkie dni tygodnia:<br \/>\nod godz. 7:00 do 19:00 lub od godz. 19:00 do 7:00<\/span><\/li>\n<li><span style=\"font-size: medium;\">Wdro\u017cenie w zakres obowi\u0105zk\u00f3w.<\/span><\/li>\n<\/ul>\n<p align=\"justify\"><span style=\"font-size: medium;\">Osoby zainteresowane ofert\u0105 prosimy o przesy\u0142anie aplikacji na adres:<\/span><\/p>\n<p align=\"justify\"><span style=\"color: #0000ff;\"><u><a class=\"western\" href=\"&#x6d;&#x61;&#x69;&#x6c;&#x74;&#x6f;&#x3a;&#x72;&#x65;&#x6b;&#x72;&#117;&#116;&#97;&#99;&#106;&#97;&#64;bonifr&#x61;&#x74;&#x72;&#x7a;&#x79;&#x2e;&#x77;&#x61;&#x72;&#x73;&#x7a;&#x61;&#119;&#97;&#46;&#112;&#108;\"><span style=\"font-size: medium;\">&#x72;&#x65;&#x6b;&#x72;&#117;&#116;acj&#x61;&#x40;&#x62;&#x6f;&#110;&#105;fra&#x74;&#x72;&#x7a;&#x79;&#46;&#119;&#97;rs&#x7a;&#x61;&#x77;&#x61;&#46;&#112;&#108;<\/span><\/a><\/u><\/span><\/p>\n<p align=\"justify\"><span style=\"font-family: Calibri, serif;\"><span style=\"font-size: medium;\">Informacje telefoniczne (22) 390 33 38 lub 570\u00a0968 954<\/span><\/span><\/p>\n<p align=\"justify\"><span style=\"font-family: Calibri, serif;\"><i>Aplikacji nie odsy\u0142amy. Kontaktujemy si\u0119 jedynie z wybranymi osobami. <\/i><\/span><\/p>\n<p align=\"justify\"><span style=\"font-family: Calibri, serif;\"><i>Osoby zainteresowane udzia\u0142em w kolejnych i podobnych procesach rekrutacji prosimy o zamieszczenie w swoim CV klauzuli o tre\u015bci:<\/i><\/span><\/p>\n<p align=\"justify\">\u201e<span style=\"font-family: Calibri, serif;\"><i>Wyra\u017cam zgod\u0119 na przetwarzanie moich danych osobowych<\/i><\/span><i> oraz wizerunku<\/i><span style=\"font-family: Calibri, serif;\"><i> przez <\/i><\/span><span style=\"font-family: Calibri, serif;\"><i><b>Bonifraterskie Centrum Medyczne Sp. z o.o.<\/b><\/i><\/span><i> <\/i><span style=\"font-family: Calibri, serif;\"><i><b>Oddzia\u0142 w Warszawie<\/b><\/i><\/span><span style=\"font-family: Calibri, serif;\"><i> z siedzib\u0105 w Warszawie 00-215, przy<br \/>\nul. Sapie\u017cy\u0144skiej 3, zawartych w CV, na potrzeby obecnego oraz przysz\u0142ych proces\u00f3w rekrutacji (zgodnie z og\u00f3lnym rozporz\u0105dzeniem o ochronie danych osobowych z dnia 27 kwietnia 2016 r &#8211; Dz. Urz. UE L 119 z 04.05.2016).\u201d<\/i><\/span><\/p>\n<p align=\"justify\"><span style=\"font-family: Calibri, serif;\"><i>Osoby zainteresowane udzia\u0142em wy\u0142\u0105cznie w obecnym procesie rekrutacyjnym prosimy o zamieszczenie w swoim CV klauzuli o tre\u015bci:<\/i><\/span><\/p>\n<p align=\"justify\">\u201e<span style=\"font-family: Calibri, serif;\"><i>Wyra\u017cam zgod\u0119 na przetwarzanie moich danych osobowych przez <\/i><\/span><span style=\"font-family: Calibri, serif;\"><i><b>Bonifraterskie Centrum Medyczne Sp. z o.o.<\/b><\/i><\/span><i> <\/i><span style=\"font-family: Calibri, serif;\"><i><b>Oddzia\u0142 w Warszawie <\/b><\/i><\/span><span style=\"font-family: Calibri, serif;\"><i> z siedzib\u0105 w Warszawie 00-215, przy ul. Sapie\u017cy\u0144skiej 3, zawartych w CV, na potrzeby obecnego procesu rekrutacji (zgodnie z og\u00f3lnym rozporz\u0105dzeniem o ochronie danych osobowych z dnia 27 kwietnia 2016 r &#8211; Dz. Urz. UE L 119 z 04.05.2016).\u201d<\/i><\/span><\/p>\n<p align=\"justify\"><\/div><\/div>\n<\/div>\n<div class=\"su-accordion su-u-trim\"><\/div>\n","protected":false},"excerpt":{"rendered":"<p>Aktualne oferty pracy<\/p>\n","protected":false},"author":1,"featured_media":0,"parent":0,"menu_order":8,"comment_status":"closed","ping_status":"closed","template":"page-full.php","meta":{"footnotes":""},"yoast_head":"<!-- This site is optimized with the Yoast SEO plugin v24.5 - https:\/\/yoast.com\/wordpress\/plugins\/seo\/ -->\n<title>Oferty pracy - Dom Geriatryczno-Rehabilitacyjny - Warszawa<\/title>\n<meta name=\"robots\" content=\"index, follow, max-snippet:-1, max-image-preview:large, max-video-preview:-1\" \/>\n<link rel=\"canonical\" href=\"https:\/\/bonifratrzy.pl\/dom-geriatryczno-rehabilitacyjny-warszawa\/oferty-pracy\/\" \/>\n<meta property=\"og:locale\" content=\"pl_PL\" \/>\n<meta property=\"og:type\" content=\"article\" \/>\n<meta property=\"og:title\" content=\"Oferty pracy - Dom Geriatryczno-Rehabilitacyjny - Warszawa\" \/>\n<meta property=\"og:description\" content=\"Aktualne oferty pracy\" \/>\n<meta property=\"og:url\" content=\"https:\/\/bonifratrzy.pl\/dom-geriatryczno-rehabilitacyjny-warszawa\/oferty-pracy\/\" \/>\n<meta property=\"og:site_name\" content=\"Dom Geriatryczno-Rehabilitacyjny - Warszawa\" \/>\n<meta property=\"article:modified_time\" content=\"2023-04-13T07:17:52+00:00\" \/>\n<meta property=\"og:image\" content=\"https:\/\/bonifratrzy.pl\/dom-geriatryczno-rehabilitacyjny-warszawa\/wp-content\/uploads\/sites\/29\/2022\/05\/Zrzut-ekranu-z-2022-05-13-14-51-41.png\" \/>\n<meta name=\"twitter:card\" content=\"summary_large_image\" \/>\n<meta name=\"twitter:label1\" content=\"Szacowany czas czytania\" \/>\n\t<meta name=\"twitter:data1\" content=\"4 minuty\" \/>\n<script type=\"application\/ld+json\" class=\"yoast-schema-graph\">{\"@context\":\"https:\/\/schema.org\",\"@graph\":[{\"@type\":\"WebPage\",\"@id\":\"https:\/\/bonifratrzy.pl\/dom-geriatryczno-rehabilitacyjny-warszawa\/oferty-pracy\/\",\"url\":\"https:\/\/bonifratrzy.pl\/dom-geriatryczno-rehabilitacyjny-warszawa\/oferty-pracy\/\",\"name\":\"Oferty pracy - Dom Geriatryczno-Rehabilitacyjny - Warszawa\",\"isPartOf\":{\"@id\":\"https:\/\/bonifratrzy.pl\/dom-geriatryczno-rehabilitacyjny-warszawa\/#website\"},\"primaryImageOfPage\":{\"@id\":\"https:\/\/bonifratrzy.pl\/dom-geriatryczno-rehabilitacyjny-warszawa\/oferty-pracy\/#primaryimage\"},\"image\":{\"@id\":\"https:\/\/bonifratrzy.pl\/dom-geriatryczno-rehabilitacyjny-warszawa\/oferty-pracy\/#primaryimage\"},\"thumbnailUrl\":\"https:\/\/bonifratrzy.pl\/dom-geriatryczno-rehabilitacyjny-warszawa\/wp-content\/uploads\/sites\/29\/2022\/05\/Zrzut-ekranu-z-2022-05-13-14-51-41.png\",\"datePublished\":\"2016-01-28T00:03:57+00:00\",\"dateModified\":\"2023-04-13T07:17:52+00:00\",\"breadcrumb\":{\"@id\":\"https:\/\/bonifratrzy.pl\/dom-geriatryczno-rehabilitacyjny-warszawa\/oferty-pracy\/#breadcrumb\"},\"inLanguage\":\"pl-PL\",\"potentialAction\":[{\"@type\":\"ReadAction\",\"target\":[\"https:\/\/bonifratrzy.pl\/dom-geriatryczno-rehabilitacyjny-warszawa\/oferty-pracy\/\"]}]},{\"@type\":\"ImageObject\",\"inLanguage\":\"pl-PL\",\"@id\":\"https:\/\/bonifratrzy.pl\/dom-geriatryczno-rehabilitacyjny-warszawa\/oferty-pracy\/#primaryimage\",\"url\":\"https:\/\/bonifratrzy.pl\/dom-geriatryczno-rehabilitacyjny-warszawa\/wp-content\/uploads\/sites\/29\/2022\/05\/Zrzut-ekranu-z-2022-05-13-14-51-41.png\",\"contentUrl\":\"https:\/\/bonifratrzy.pl\/dom-geriatryczno-rehabilitacyjny-warszawa\/wp-content\/uploads\/sites\/29\/2022\/05\/Zrzut-ekranu-z-2022-05-13-14-51-41.png\",\"width\":632,\"height\":159},{\"@type\":\"BreadcrumbList\",\"@id\":\"https:\/\/bonifratrzy.pl\/dom-geriatryczno-rehabilitacyjny-warszawa\/oferty-pracy\/#breadcrumb\",\"itemListElement\":[{\"@type\":\"ListItem\",\"position\":1,\"name\":\"Strona g\u0142\u00f3wna\",\"item\":\"https:\/\/bonifratrzy.pl\/dom-geriatryczno-rehabilitacyjny-warszawa\/\"},{\"@type\":\"ListItem\",\"position\":2,\"name\":\"Oferty pracy\"}]},{\"@type\":\"WebSite\",\"@id\":\"https:\/\/bonifratrzy.pl\/dom-geriatryczno-rehabilitacyjny-warszawa\/#website\",\"url\":\"https:\/\/bonifratrzy.pl\/dom-geriatryczno-rehabilitacyjny-warszawa\/\",\"name\":\"Dom Geriatryczno-Rehabilitacyjny - Warszawa\",\"description\":\"Dom Geriatryczno-Rehabilitacyjny - Warszawa\",\"potentialAction\":[{\"@type\":\"SearchAction\",\"target\":{\"@type\":\"EntryPoint\",\"urlTemplate\":\"https:\/\/bonifratrzy.pl\/dom-geriatryczno-rehabilitacyjny-warszawa\/?s={search_term_string}\"},\"query-input\":{\"@type\":\"PropertyValueSpecification\",\"valueRequired\":true,\"valueName\":\"search_term_string\"}}],\"inLanguage\":\"pl-PL\"}]}<\/script>\n<!-- \/ Yoast SEO plugin. -->","yoast_head_json":{"title":"Oferty pracy - Dom Geriatryczno-Rehabilitacyjny - Warszawa","robots":{"index":"index","follow":"follow","max-snippet":"max-snippet:-1","max-image-preview":"max-image-preview:large","max-video-preview":"max-video-preview:-1"},"canonical":"https:\/\/bonifratrzy.pl\/dom-geriatryczno-rehabilitacyjny-warszawa\/oferty-pracy\/","og_locale":"pl_PL","og_type":"article","og_title":"Oferty pracy - Dom Geriatryczno-Rehabilitacyjny - Warszawa","og_description":"Aktualne oferty pracy","og_url":"https:\/\/bonifratrzy.pl\/dom-geriatryczno-rehabilitacyjny-warszawa\/oferty-pracy\/","og_site_name":"Dom Geriatryczno-Rehabilitacyjny - Warszawa","article_modified_time":"2023-04-13T07:17:52+00:00","og_image":[{"url":"https:\/\/bonifratrzy.pl\/dom-geriatryczno-rehabilitacyjny-warszawa\/wp-content\/uploads\/sites\/29\/2022\/05\/Zrzut-ekranu-z-2022-05-13-14-51-41.png","type":"","width":"","height":""}],"twitter_card":"summary_large_image","twitter_misc":{"Szacowany czas czytania":"4 minuty"},"schema":{"@context":"https:\/\/schema.org","@graph":[{"@type":"WebPage","@id":"https:\/\/bonifratrzy.pl\/dom-geriatryczno-rehabilitacyjny-warszawa\/oferty-pracy\/","url":"https:\/\/bonifratrzy.pl\/dom-geriatryczno-rehabilitacyjny-warszawa\/oferty-pracy\/","name":"Oferty pracy - Dom Geriatryczno-Rehabilitacyjny - Warszawa","isPartOf":{"@id":"https:\/\/bonifratrzy.pl\/dom-geriatryczno-rehabilitacyjny-warszawa\/#website"},"primaryImageOfPage":{"@id":"https:\/\/bonifratrzy.pl\/dom-geriatryczno-rehabilitacyjny-warszawa\/oferty-pracy\/#primaryimage"},"image":{"@id":"https:\/\/bonifratrzy.pl\/dom-geriatryczno-rehabilitacyjny-warszawa\/oferty-pracy\/#primaryimage"},"thumbnailUrl":"https:\/\/bonifratrzy.pl\/dom-geriatryczno-rehabilitacyjny-warszawa\/wp-content\/uploads\/sites\/29\/2022\/05\/Zrzut-ekranu-z-2022-05-13-14-51-41.png","datePublished":"2016-01-28T00:03:57+00:00","dateModified":"2023-04-13T07:17:52+00:00","breadcrumb":{"@id":"https:\/\/bonifratrzy.pl\/dom-geriatryczno-rehabilitacyjny-warszawa\/oferty-pracy\/#breadcrumb"},"inLanguage":"pl-PL","potentialAction":[{"@type":"ReadAction","target":["https:\/\/bonifratrzy.pl\/dom-geriatryczno-rehabilitacyjny-warszawa\/oferty-pracy\/"]}]},{"@type":"ImageObject","inLanguage":"pl-PL","@id":"https:\/\/bonifratrzy.pl\/dom-geriatryczno-rehabilitacyjny-warszawa\/oferty-pracy\/#primaryimage","url":"https:\/\/bonifratrzy.pl\/dom-geriatryczno-rehabilitacyjny-warszawa\/wp-content\/uploads\/sites\/29\/2022\/05\/Zrzut-ekranu-z-2022-05-13-14-51-41.png","contentUrl":"https:\/\/bonifratrzy.pl\/dom-geriatryczno-rehabilitacyjny-warszawa\/wp-content\/uploads\/sites\/29\/2022\/05\/Zrzut-ekranu-z-2022-05-13-14-51-41.png","width":632,"height":159},{"@type":"BreadcrumbList","@id":"https:\/\/bonifratrzy.pl\/dom-geriatryczno-rehabilitacyjny-warszawa\/oferty-pracy\/#breadcrumb","itemListElement":[{"@type":"ListItem","position":1,"name":"Strona g\u0142\u00f3wna","item":"https:\/\/bonifratrzy.pl\/dom-geriatryczno-rehabilitacyjny-warszawa\/"},{"@type":"ListItem","position":2,"name":"Oferty pracy"}]},{"@type":"WebSite","@id":"https:\/\/bonifratrzy.pl\/dom-geriatryczno-rehabilitacyjny-warszawa\/#website","url":"https:\/\/bonifratrzy.pl\/dom-geriatryczno-rehabilitacyjny-warszawa\/","name":"Dom Geriatryczno-Rehabilitacyjny - Warszawa","description":"Dom Geriatryczno-Rehabilitacyjny - Warszawa","potentialAction":[{"@type":"SearchAction","target":{"@type":"EntryPoint","urlTemplate":"https:\/\/bonifratrzy.pl\/dom-geriatryczno-rehabilitacyjny-warszawa\/?s={search_term_string}"},"query-input":{"@type":"PropertyValueSpecification","valueRequired":true,"valueName":"search_term_string"}}],"inLanguage":"pl-PL"}]}},"_links":{"self":[{"href":"https:\/\/bonifratrzy.pl\/dom-geriatryczno-rehabilitacyjny-warszawa\/wp-json\/wp\/v2\/pages\/7"}],"collection":[{"href":"https:\/\/bonifratrzy.pl\/dom-geriatryczno-rehabilitacyjny-warszawa\/wp-json\/wp\/v2\/pages"}],"about":[{"href":"https:\/\/bonifratrzy.pl\/dom-geriatryczno-rehabilitacyjny-warszawa\/wp-json\/wp\/v2\/types\/page"}],"author":[{"embeddable":true,"href":"https:\/\/bonifratrzy.pl\/dom-geriatryczno-rehabilitacyjny-warszawa\/wp-json\/wp\/v2\/users\/1"}],"replies":[{"embeddable":true,"href":"https:\/\/bonifratrzy.pl\/dom-geriatryczno-rehabilitacyjny-warszawa\/wp-json\/wp\/v2\/comments?post=7"}],"version-history":[{"count":14,"href":"https:\/\/bonifratrzy.pl\/dom-geriatryczno-rehabilitacyjny-warszawa\/wp-json\/wp\/v2\/pages\/7\/revisions"}],"predecessor-version":[{"id":979,"href":"https:\/\/bonifratrzy.pl\/dom-geriatryczno-rehabilitacyjny-warszawa\/wp-json\/wp\/v2\/pages\/7\/revisions\/979"}],"wp:attachment":[{"href":"https:\/\/bonifratrzy.pl\/dom-geriatryczno-rehabilitacyjny-warszawa\/wp-json\/wp\/v2\/media?parent=7"}],"curies":[{"name":"wp","href":"https:\/\/api.w.org\/{rel}","templated":true}]}}