{"id":176,"date":"2016-07-21T12:24:58","date_gmt":"2016-07-21T10:24:58","guid":{"rendered":"https:\/\/bonifratrzy.pl\/dom-geriatryczno-rehabilitacyjny-warszawa\/?page_id=176"},"modified":"2018-12-18T15:06:36","modified_gmt":"2018-12-18T14:06:36","slug":"aktualnosci","status":"publish","type":"page","link":"https:\/\/bonifratrzy.pl\/dom-geriatryczno-rehabilitacyjny-warszawa\/wolontariat\/aktualnosci\/","title":{"rendered":"Aktualno\u015bci"},"content":{"rendered":"<p style=\"direction: ltr\"><strong>2018-12-04<\/strong><\/p>\n<p style=\"direction: ltr\">Spotkanie wolontariuszy z okazji Mi\u0119dzynarodowego Dnia Wolontariusza.<\/p>\n<p style=\"direction: ltr\"><img loading=\"lazy\" decoding=\"async\" class=\"alignnone size-full wp-image-609\" src=\"https:\/\/bonifratrzy.pl\/dom-geriatryczno-rehabilitacyjny-warszawa\/wp-content\/uploads\/sites\/29\/2018\/12\/Dzien-wolontariusza-2018.jpg\" alt=\"\" width=\"1000\" height=\"750\" srcset=\"https:\/\/bonifratrzy.pl\/dom-geriatryczno-rehabilitacyjny-warszawa\/wp-content\/uploads\/sites\/29\/2018\/12\/Dzien-wolontariusza-2018.jpg 1000w, https:\/\/bonifratrzy.pl\/dom-geriatryczno-rehabilitacyjny-warszawa\/wp-content\/uploads\/sites\/29\/2018\/12\/Dzien-wolontariusza-2018-300x225.jpg 300w, https:\/\/bonifratrzy.pl\/dom-geriatryczno-rehabilitacyjny-warszawa\/wp-content\/uploads\/sites\/29\/2018\/12\/Dzien-wolontariusza-2018-768x576.jpg 768w\" sizes=\"(max-width: 1000px) 100vw, 1000px\" \/><\/p>\n<p style=\"direction: ltr\"><img loading=\"lazy\" decoding=\"async\" class=\"alignnone size-full wp-image-611\" src=\"https:\/\/bonifratrzy.pl\/dom-geriatryczno-rehabilitacyjny-warszawa\/wp-content\/uploads\/sites\/29\/2018\/12\/Dzien-Wolontariusza-2018-2.jpg\" alt=\"\" width=\"1000\" height=\"750\" srcset=\"https:\/\/bonifratrzy.pl\/dom-geriatryczno-rehabilitacyjny-warszawa\/wp-content\/uploads\/sites\/29\/2018\/12\/Dzien-Wolontariusza-2018-2.jpg 1000w, https:\/\/bonifratrzy.pl\/dom-geriatryczno-rehabilitacyjny-warszawa\/wp-content\/uploads\/sites\/29\/2018\/12\/Dzien-Wolontariusza-2018-2-300x225.jpg 300w, https:\/\/bonifratrzy.pl\/dom-geriatryczno-rehabilitacyjny-warszawa\/wp-content\/uploads\/sites\/29\/2018\/12\/Dzien-Wolontariusza-2018-2-768x576.jpg 768w\" sizes=\"(max-width: 1000px) 100vw, 1000px\" \/><\/p>\n<p style=\"direction: ltr\"><strong>2018-11-20<\/strong><\/p>\n<p style=\"direction: ltr\">Kolejne zebranie Wolontariuszy &#8211; przygotowania do Kiermaszu \u015awi\u0105tecznego.<\/p>\n<p style=\"direction: ltr\"><img loading=\"lazy\" decoding=\"async\" class=\"alignnone size-full wp-image-618\" src=\"https:\/\/bonifratrzy.pl\/dom-geriatryczno-rehabilitacyjny-warszawa\/wp-content\/uploads\/sites\/29\/2018\/12\/IMG_20181120_zebr-wol2.jpg\" alt=\"\" width=\"1000\" height=\"750\" srcset=\"https:\/\/bonifratrzy.pl\/dom-geriatryczno-rehabilitacyjny-warszawa\/wp-content\/uploads\/sites\/29\/2018\/12\/IMG_20181120_zebr-wol2.jpg 1000w, https:\/\/bonifratrzy.pl\/dom-geriatryczno-rehabilitacyjny-warszawa\/wp-content\/uploads\/sites\/29\/2018\/12\/IMG_20181120_zebr-wol2-300x225.jpg 300w, https:\/\/bonifratrzy.pl\/dom-geriatryczno-rehabilitacyjny-warszawa\/wp-content\/uploads\/sites\/29\/2018\/12\/IMG_20181120_zebr-wol2-768x576.jpg 768w\" sizes=\"(max-width: 1000px) 100vw, 1000px\" \/> <img loading=\"lazy\" decoding=\"async\" class=\"alignnone size-full wp-image-619\" src=\"https:\/\/bonifratrzy.pl\/dom-geriatryczno-rehabilitacyjny-warszawa\/wp-content\/uploads\/sites\/29\/2018\/12\/IMG_20181120_zebr-wol.jpg\" alt=\"\" width=\"1000\" height=\"750\" srcset=\"https:\/\/bonifratrzy.pl\/dom-geriatryczno-rehabilitacyjny-warszawa\/wp-content\/uploads\/sites\/29\/2018\/12\/IMG_20181120_zebr-wol.jpg 1000w, https:\/\/bonifratrzy.pl\/dom-geriatryczno-rehabilitacyjny-warszawa\/wp-content\/uploads\/sites\/29\/2018\/12\/IMG_20181120_zebr-wol-300x225.jpg 300w, https:\/\/bonifratrzy.pl\/dom-geriatryczno-rehabilitacyjny-warszawa\/wp-content\/uploads\/sites\/29\/2018\/12\/IMG_20181120_zebr-wol-768x576.jpg 768w\" sizes=\"(max-width: 1000px) 100vw, 1000px\" \/><\/p>\n<p style=\"direction: ltr\"><strong>2018-10-23<\/strong><\/p>\n<p style=\"direction: ltr\">Zebranie Wolontariuszy.<\/p>\n<p style=\"direction: ltr\"><img loading=\"lazy\" decoding=\"async\" class=\"alignnone size-full wp-image-620\" src=\"https:\/\/bonifratrzy.pl\/dom-geriatryczno-rehabilitacyjny-warszawa\/wp-content\/uploads\/sites\/29\/2018\/12\/IMG_20181023_zebranie-wol.jpg\" alt=\"\" width=\"1000\" height=\"750\" srcset=\"https:\/\/bonifratrzy.pl\/dom-geriatryczno-rehabilitacyjny-warszawa\/wp-content\/uploads\/sites\/29\/2018\/12\/IMG_20181023_zebranie-wol.jpg 1000w, https:\/\/bonifratrzy.pl\/dom-geriatryczno-rehabilitacyjny-warszawa\/wp-content\/uploads\/sites\/29\/2018\/12\/IMG_20181023_zebranie-wol-300x225.jpg 300w, https:\/\/bonifratrzy.pl\/dom-geriatryczno-rehabilitacyjny-warszawa\/wp-content\/uploads\/sites\/29\/2018\/12\/IMG_20181023_zebranie-wol-768x576.jpg 768w\" sizes=\"(max-width: 1000px) 100vw, 1000px\" \/><\/p>\n<p style=\"direction: ltr\"><strong>2018-10-19<\/strong><\/p>\n<p style=\"direction: ltr\">Spacer z pensjonariuszami do Ogrodu Krasi\u0144skich.<\/p>\n<p style=\"direction: ltr\"><img loading=\"lazy\" decoding=\"async\" class=\"alignnone size-full wp-image-614\" src=\"https:\/\/bonifratrzy.pl\/dom-geriatryczno-rehabilitacyjny-warszawa\/wp-content\/uploads\/sites\/29\/2016\/07\/spacer-do-ogrodu-krasinskich3.jpg\" alt=\"\" width=\"1000\" height=\"750\" srcset=\"https:\/\/bonifratrzy.pl\/dom-geriatryczno-rehabilitacyjny-warszawa\/wp-content\/uploads\/sites\/29\/2016\/07\/spacer-do-ogrodu-krasinskich3.jpg 1000w, https:\/\/bonifratrzy.pl\/dom-geriatryczno-rehabilitacyjny-warszawa\/wp-content\/uploads\/sites\/29\/2016\/07\/spacer-do-ogrodu-krasinskich3-300x225.jpg 300w, https:\/\/bonifratrzy.pl\/dom-geriatryczno-rehabilitacyjny-warszawa\/wp-content\/uploads\/sites\/29\/2016\/07\/spacer-do-ogrodu-krasinskich3-768x576.jpg 768w\" sizes=\"(max-width: 1000px) 100vw, 1000px\" \/> <img loading=\"lazy\" decoding=\"async\" class=\"alignnone size-full wp-image-616\" src=\"https:\/\/bonifratrzy.pl\/dom-geriatryczno-rehabilitacyjny-warszawa\/wp-content\/uploads\/sites\/29\/2016\/07\/spacer-do-ogrodu-krasinskich2.jpg\" alt=\"\" width=\"1000\" height=\"750\" srcset=\"https:\/\/bonifratrzy.pl\/dom-geriatryczno-rehabilitacyjny-warszawa\/wp-content\/uploads\/sites\/29\/2016\/07\/spacer-do-ogrodu-krasinskich2.jpg 1000w, https:\/\/bonifratrzy.pl\/dom-geriatryczno-rehabilitacyjny-warszawa\/wp-content\/uploads\/sites\/29\/2016\/07\/spacer-do-ogrodu-krasinskich2-300x225.jpg 300w, https:\/\/bonifratrzy.pl\/dom-geriatryczno-rehabilitacyjny-warszawa\/wp-content\/uploads\/sites\/29\/2016\/07\/spacer-do-ogrodu-krasinskich2-768x576.jpg 768w\" sizes=\"(max-width: 1000px) 100vw, 1000px\" \/> <img loading=\"lazy\" decoding=\"async\" class=\"alignnone size-full wp-image-615\" src=\"https:\/\/bonifratrzy.pl\/dom-geriatryczno-rehabilitacyjny-warszawa\/wp-content\/uploads\/sites\/29\/2016\/07\/spacer-do-ogrodu-krasinskich1.jpg\" alt=\"\" width=\"1000\" height=\"750\" srcset=\"https:\/\/bonifratrzy.pl\/dom-geriatryczno-rehabilitacyjny-warszawa\/wp-content\/uploads\/sites\/29\/2016\/07\/spacer-do-ogrodu-krasinskich1.jpg 1000w, https:\/\/bonifratrzy.pl\/dom-geriatryczno-rehabilitacyjny-warszawa\/wp-content\/uploads\/sites\/29\/2016\/07\/spacer-do-ogrodu-krasinskich1-300x225.jpg 300w, https:\/\/bonifratrzy.pl\/dom-geriatryczno-rehabilitacyjny-warszawa\/wp-content\/uploads\/sites\/29\/2016\/07\/spacer-do-ogrodu-krasinskich1-768x576.jpg 768w\" sizes=\"(max-width: 1000px) 100vw, 1000px\" \/><\/p>\n<p style=\"direction: ltr\"><strong>2018-09-18<\/strong><\/p>\n<p style=\"direction: ltr\"><strong>Zebranie Wolontariuszy.<\/strong><\/p>\n<p style=\"direction: ltr\"><img loading=\"lazy\" decoding=\"async\" class=\"alignnone size-full wp-image-576\" src=\"https:\/\/bonifratrzy.pl\/dom-geriatryczno-rehabilitacyjny-warszawa\/wp-content\/uploads\/sites\/29\/2018\/09\/zebr-wol-20180918.jpg\" alt=\"\" width=\"1000\" height=\"560\" srcset=\"https:\/\/bonifratrzy.pl\/dom-geriatryczno-rehabilitacyjny-warszawa\/wp-content\/uploads\/sites\/29\/2018\/09\/zebr-wol-20180918.jpg 1000w, https:\/\/bonifratrzy.pl\/dom-geriatryczno-rehabilitacyjny-warszawa\/wp-content\/uploads\/sites\/29\/2018\/09\/zebr-wol-20180918-300x168.jpg 300w, https:\/\/bonifratrzy.pl\/dom-geriatryczno-rehabilitacyjny-warszawa\/wp-content\/uploads\/sites\/29\/2018\/09\/zebr-wol-20180918-768x430.jpg 768w\" sizes=\"(max-width: 1000px) 100vw, 1000px\" \/><\/p>\n<p style=\"direction: ltr\"><strong>2018-09-07<\/strong><\/p>\n<p style=\"direction: ltr\"><strong>Rusza nowy nab\u00f3r Wolontariuszy!<\/strong><br \/>\nZg\u0142oszenia prosz\u0119 przesy\u0142a\u0107 pod adres iwon&#97;&#46;&#107;&#111;&#114;&#111;&#116;&#x79;&#x6e;&#x73;&#x6b;&#x61;&#x40;&#x67;&#x6d;&#x61;il&#46;c&#111;&#109;<\/p>\n<p style=\"direction: ltr\"><img loading=\"lazy\" decoding=\"async\" class=\"alignnone size-full wp-image-217\" src=\"https:\/\/bonifratrzy.pl\/dom-geriatryczno-rehabilitacyjny-warszawa\/wp-content\/uploads\/sites\/29\/2016\/07\/nowy-nabor-wolontariuszyDGR.png\" alt=\"\" width=\"1124\" height=\"800\" srcset=\"https:\/\/bonifratrzy.pl\/dom-geriatryczno-rehabilitacyjny-warszawa\/wp-content\/uploads\/sites\/29\/2016\/07\/nowy-nabor-wolontariuszyDGR.png 1124w, https:\/\/bonifratrzy.pl\/dom-geriatryczno-rehabilitacyjny-warszawa\/wp-content\/uploads\/sites\/29\/2016\/07\/nowy-nabor-wolontariuszyDGR-300x214.png 300w, https:\/\/bonifratrzy.pl\/dom-geriatryczno-rehabilitacyjny-warszawa\/wp-content\/uploads\/sites\/29\/2016\/07\/nowy-nabor-wolontariuszyDGR-768x547.png 768w, https:\/\/bonifratrzy.pl\/dom-geriatryczno-rehabilitacyjny-warszawa\/wp-content\/uploads\/sites\/29\/2016\/07\/nowy-nabor-wolontariuszyDGR-1024x729.png 1024w\" sizes=\"(max-width: 1124px) 100vw, 1124px\" \/><\/p>\n<p style=\"direction: ltr\"><strong>2018-07-27<\/strong><\/p>\n<p style=\"direction: ltr\"><strong>Wyk\u0142ad pt. &#8222;Pie\u015bni legionowe &#8211; historia powstania&#8221;.<\/strong><\/p>\n<p style=\"direction: ltr\">Dzisiejsze wyj\u015bcie na wyk\u0142ad zgromadzi\u0142o rekordow\u0105 ilo\u015b\u0107 uczestnik\u00f3w. W spacerze wzi\u0119\u0142o udzia\u0142 w sumie 27 os\u00f3b &#8211; 14 pensjonariuszy oraz 13 opiekun\u00f3w (w tym 8 wolontariuszy)! Dzi\u0119kuj\u0119!<\/p>\n<p style=\"direction: ltr\"><div id=\"su_slider_69f12dc1c7a21\" class=\"su-slider su-slider-centered su-slider-pages-yes su-slider-responsive-yes su-lightbox-gallery\" style=\"width:100%\" data-autoplay=\"0\" data-speed=\"0\" data-mousewheel=\"true\"><div class=\"su-slider-slides\"><div class=\"su-slider-slide\"><a href=\"https:\/\/bonifratrzy.pl\/dom-geriatryczno-rehabilitacyjny-warszawa\/wp-content\/uploads\/sites\/29\/2016\/07\/27.07-g.jpg\"  target=\"_blank\" title=\"27.07 g\"><img decoding=\"async\" src=\"https:\/\/bonifratrzy.pl\/dom-geriatryczno-rehabilitacyjny-warszawa\/wp-content\/uploads\/sites\/29\/2016\/07\/27.07-g.jpg\" alt=\"27.07 g\" \/><\/a><\/div><div class=\"su-slider-slide\"><a href=\"https:\/\/bonifratrzy.pl\/dom-geriatryczno-rehabilitacyjny-warszawa\/wp-content\/uploads\/sites\/29\/2016\/07\/27.07-f.jpg\"  target=\"_blank\" title=\"27.07 f\"><img decoding=\"async\" src=\"https:\/\/bonifratrzy.pl\/dom-geriatryczno-rehabilitacyjny-warszawa\/wp-content\/uploads\/sites\/29\/2016\/07\/27.07-f.jpg\" alt=\"27.07 f\" \/><\/a><\/div><div class=\"su-slider-slide\"><a href=\"https:\/\/bonifratrzy.pl\/dom-geriatryczno-rehabilitacyjny-warszawa\/wp-content\/uploads\/sites\/29\/2016\/07\/27.07-e.jpg\"  target=\"_blank\" title=\"27.07 e\"><img decoding=\"async\" src=\"https:\/\/bonifratrzy.pl\/dom-geriatryczno-rehabilitacyjny-warszawa\/wp-content\/uploads\/sites\/29\/2016\/07\/27.07-e.jpg\" alt=\"27.07 e\" \/><\/a><\/div><div class=\"su-slider-slide\"><a href=\"https:\/\/bonifratrzy.pl\/dom-geriatryczno-rehabilitacyjny-warszawa\/wp-content\/uploads\/sites\/29\/2016\/07\/27.07-d.jpg\"  target=\"_blank\" title=\"27.07 d\"><img decoding=\"async\" src=\"https:\/\/bonifratrzy.pl\/dom-geriatryczno-rehabilitacyjny-warszawa\/wp-content\/uploads\/sites\/29\/2016\/07\/27.07-d.jpg\" alt=\"27.07 d\" \/><\/a><\/div><div class=\"su-slider-slide\"><a href=\"https:\/\/bonifratrzy.pl\/dom-geriatryczno-rehabilitacyjny-warszawa\/wp-content\/uploads\/sites\/29\/2016\/07\/27.07-c.jpg\"  target=\"_blank\" title=\"27.07 c\"><img decoding=\"async\" src=\"https:\/\/bonifratrzy.pl\/dom-geriatryczno-rehabilitacyjny-warszawa\/wp-content\/uploads\/sites\/29\/2016\/07\/27.07-c.jpg\" alt=\"27.07 c\" \/><\/a><\/div><div class=\"su-slider-slide\"><a href=\"https:\/\/bonifratrzy.pl\/dom-geriatryczno-rehabilitacyjny-warszawa\/wp-content\/uploads\/sites\/29\/2016\/07\/27.07-b.jpg\"  target=\"_blank\" title=\"27.07 b\"><img decoding=\"async\" src=\"https:\/\/bonifratrzy.pl\/dom-geriatryczno-rehabilitacyjny-warszawa\/wp-content\/uploads\/sites\/29\/2016\/07\/27.07-b.jpg\" alt=\"27.07 b\" \/><\/a><\/div><div class=\"su-slider-slide\"><a href=\"https:\/\/bonifratrzy.pl\/dom-geriatryczno-rehabilitacyjny-warszawa\/wp-content\/uploads\/sites\/29\/2016\/07\/27.07-a.jpg\"  target=\"_blank\" title=\"27.07 a\"><img decoding=\"async\" src=\"https:\/\/bonifratrzy.pl\/dom-geriatryczno-rehabilitacyjny-warszawa\/wp-content\/uploads\/sites\/29\/2016\/07\/27.07-a.jpg\" alt=\"27.07 a\" \/><\/a><\/div><div class=\"su-slider-slide\"><a href=\"https:\/\/bonifratrzy.pl\/dom-geriatryczno-rehabilitacyjny-warszawa\/wp-content\/uploads\/sites\/29\/2016\/07\/27.07-i.jpg\"  target=\"_blank\" title=\"27.07 i\"><img decoding=\"async\" src=\"https:\/\/bonifratrzy.pl\/dom-geriatryczno-rehabilitacyjny-warszawa\/wp-content\/uploads\/sites\/29\/2016\/07\/27.07-i.jpg\" alt=\"27.07 i\" \/><\/a><\/div><div class=\"su-slider-slide\"><a href=\"https:\/\/bonifratrzy.pl\/dom-geriatryczno-rehabilitacyjny-warszawa\/wp-content\/uploads\/sites\/29\/2016\/07\/27.07-h.jpg\"  target=\"_blank\" title=\"27.07 h\"><img decoding=\"async\" src=\"https:\/\/bonifratrzy.pl\/dom-geriatryczno-rehabilitacyjny-warszawa\/wp-content\/uploads\/sites\/29\/2016\/07\/27.07-h.jpg\" alt=\"27.07 h\" \/><\/a><\/div><\/div><div class=\"su-slider-nav\"><div class=\"su-slider-direction\"><span class=\"su-slider-prev\"><\/span><span class=\"su-slider-next\"><\/span><\/div><div class=\"su-slider-pagination\"><\/div><\/div><\/div>\n<p style=\"direction: ltr\"><strong>2018-07-20<\/strong><\/p>\n<p style=\"direction: ltr\"><strong>Wyk\u0142ad na ul. \u015awi\u0119tojerskiej 12 a pt. &#8222;Wybitni Polacy na Kresach&#8221;.<\/strong><\/p>\n<p style=\"direction: ltr\"><img loading=\"lazy\" decoding=\"async\" class=\"alignnone size-full wp-image-549\" src=\"https:\/\/bonifratrzy.pl\/dom-geriatryczno-rehabilitacyjny-warszawa\/wp-content\/uploads\/sites\/29\/2016\/07\/20180720-d.jpg\" alt=\"\" width=\"1000\" height=\"750\" srcset=\"https:\/\/bonifratrzy.pl\/dom-geriatryczno-rehabilitacyjny-warszawa\/wp-content\/uploads\/sites\/29\/2016\/07\/20180720-d.jpg 1000w, https:\/\/bonifratrzy.pl\/dom-geriatryczno-rehabilitacyjny-warszawa\/wp-content\/uploads\/sites\/29\/2016\/07\/20180720-d-300x225.jpg 300w, https:\/\/bonifratrzy.pl\/dom-geriatryczno-rehabilitacyjny-warszawa\/wp-content\/uploads\/sites\/29\/2016\/07\/20180720-d-768x576.jpg 768w\" sizes=\"(max-width: 1000px) 100vw, 1000px\" \/> <img loading=\"lazy\" decoding=\"async\" class=\"alignnone size-full wp-image-550\" src=\"https:\/\/bonifratrzy.pl\/dom-geriatryczno-rehabilitacyjny-warszawa\/wp-content\/uploads\/sites\/29\/2016\/07\/20180720-e.jpg\" alt=\"\" width=\"1000\" height=\"750\" srcset=\"https:\/\/bonifratrzy.pl\/dom-geriatryczno-rehabilitacyjny-warszawa\/wp-content\/uploads\/sites\/29\/2016\/07\/20180720-e.jpg 1000w, https:\/\/bonifratrzy.pl\/dom-geriatryczno-rehabilitacyjny-warszawa\/wp-content\/uploads\/sites\/29\/2016\/07\/20180720-e-300x225.jpg 300w, https:\/\/bonifratrzy.pl\/dom-geriatryczno-rehabilitacyjny-warszawa\/wp-content\/uploads\/sites\/29\/2016\/07\/20180720-e-768x576.jpg 768w\" sizes=\"(max-width: 1000px) 100vw, 1000px\" \/> <img loading=\"lazy\" decoding=\"async\" class=\"alignnone size-full wp-image-547\" src=\"https:\/\/bonifratrzy.pl\/dom-geriatryczno-rehabilitacyjny-warszawa\/wp-content\/uploads\/sites\/29\/2016\/07\/20180720-b.jpg\" alt=\"\" width=\"1000\" height=\"750\" srcset=\"https:\/\/bonifratrzy.pl\/dom-geriatryczno-rehabilitacyjny-warszawa\/wp-content\/uploads\/sites\/29\/2016\/07\/20180720-b.jpg 1000w, https:\/\/bonifratrzy.pl\/dom-geriatryczno-rehabilitacyjny-warszawa\/wp-content\/uploads\/sites\/29\/2016\/07\/20180720-b-300x225.jpg 300w, https:\/\/bonifratrzy.pl\/dom-geriatryczno-rehabilitacyjny-warszawa\/wp-content\/uploads\/sites\/29\/2016\/07\/20180720-b-768x576.jpg 768w\" sizes=\"(max-width: 1000px) 100vw, 1000px\" \/> <img loading=\"lazy\" decoding=\"async\" class=\"alignnone size-full wp-image-548\" src=\"https:\/\/bonifratrzy.pl\/dom-geriatryczno-rehabilitacyjny-warszawa\/wp-content\/uploads\/sites\/29\/2016\/07\/20180720-c.jpg\" alt=\"\" width=\"1000\" height=\"1696\" srcset=\"https:\/\/bonifratrzy.pl\/dom-geriatryczno-rehabilitacyjny-warszawa\/wp-content\/uploads\/sites\/29\/2016\/07\/20180720-c.jpg 1000w, https:\/\/bonifratrzy.pl\/dom-geriatryczno-rehabilitacyjny-warszawa\/wp-content\/uploads\/sites\/29\/2016\/07\/20180720-c-177x300.jpg 177w, https:\/\/bonifratrzy.pl\/dom-geriatryczno-rehabilitacyjny-warszawa\/wp-content\/uploads\/sites\/29\/2016\/07\/20180720-c-768x1303.jpg 768w, https:\/\/bonifratrzy.pl\/dom-geriatryczno-rehabilitacyjny-warszawa\/wp-content\/uploads\/sites\/29\/2016\/07\/20180720-c-604x1024.jpg 604w\" sizes=\"(max-width: 1000px) 100vw, 1000px\" \/> <img loading=\"lazy\" decoding=\"async\" class=\"alignnone size-full wp-image-546\" src=\"https:\/\/bonifratrzy.pl\/dom-geriatryczno-rehabilitacyjny-warszawa\/wp-content\/uploads\/sites\/29\/2016\/07\/20180720-a.jpg\" alt=\"\" width=\"1000\" height=\"750\" srcset=\"https:\/\/bonifratrzy.pl\/dom-geriatryczno-rehabilitacyjny-warszawa\/wp-content\/uploads\/sites\/29\/2016\/07\/20180720-a.jpg 1000w, https:\/\/bonifratrzy.pl\/dom-geriatryczno-rehabilitacyjny-warszawa\/wp-content\/uploads\/sites\/29\/2016\/07\/20180720-a-300x225.jpg 300w, https:\/\/bonifratrzy.pl\/dom-geriatryczno-rehabilitacyjny-warszawa\/wp-content\/uploads\/sites\/29\/2016\/07\/20180720-a-768x576.jpg 768w\" sizes=\"(max-width: 1000px) 100vw, 1000px\" \/> <img loading=\"lazy\" decoding=\"async\" class=\"alignnone size-full wp-image-544\" src=\"https:\/\/bonifratrzy.pl\/dom-geriatryczno-rehabilitacyjny-warszawa\/wp-content\/uploads\/sites\/29\/2016\/07\/20180720-f.jpg\" alt=\"\" width=\"1000\" height=\"750\" srcset=\"https:\/\/bonifratrzy.pl\/dom-geriatryczno-rehabilitacyjny-warszawa\/wp-content\/uploads\/sites\/29\/2016\/07\/20180720-f.jpg 1000w, https:\/\/bonifratrzy.pl\/dom-geriatryczno-rehabilitacyjny-warszawa\/wp-content\/uploads\/sites\/29\/2016\/07\/20180720-f-300x225.jpg 300w, https:\/\/bonifratrzy.pl\/dom-geriatryczno-rehabilitacyjny-warszawa\/wp-content\/uploads\/sites\/29\/2016\/07\/20180720-f-768x576.jpg 768w\" sizes=\"(max-width: 1000px) 100vw, 1000px\" \/><\/p>\n<p style=\"direction: ltr\"><strong>2018-07-13<\/strong><\/p>\n<p style=\"direction: ltr\"><strong>Wyj\u015bcie na wyk\u0142ad pt. &#8222;Wielcy polscy podr\u00f3\u017cnicy, kt\u00f3rzy odkrywali \u015bwiat&#8221;.\u00a0<\/strong><\/p>\n<p style=\"direction: ltr\">\u0141\u0105cznie w spacerze wzi\u0119\u0142o udzia\u0142 20 os\u00f3b &#8211; 11 pensjonariuszy oraz 9 opiekun\u00f3w (wolontariuszy i pracownik\u00f3w) &#8211; nie wszystkim uda\u0142o si\u0119 zrobi\u0107 zdj\u0119cie.<\/p>\n<p style=\"direction: ltr\"><img loading=\"lazy\" decoding=\"async\" class=\"alignnone size-full wp-image-542\" src=\"https:\/\/bonifratrzy.pl\/dom-geriatryczno-rehabilitacyjny-warszawa\/wp-content\/uploads\/sites\/29\/2016\/07\/20180713.jpg\" alt=\"\" width=\"1000\" height=\"750\" srcset=\"https:\/\/bonifratrzy.pl\/dom-geriatryczno-rehabilitacyjny-warszawa\/wp-content\/uploads\/sites\/29\/2016\/07\/20180713.jpg 1000w, https:\/\/bonifratrzy.pl\/dom-geriatryczno-rehabilitacyjny-warszawa\/wp-content\/uploads\/sites\/29\/2016\/07\/20180713-300x225.jpg 300w, https:\/\/bonifratrzy.pl\/dom-geriatryczno-rehabilitacyjny-warszawa\/wp-content\/uploads\/sites\/29\/2016\/07\/20180713-768x576.jpg 768w\" sizes=\"(max-width: 1000px) 100vw, 1000px\" \/><\/p>\n<p style=\"direction: ltr\"><strong>2018-07-06<\/strong><\/p>\n<p style=\"direction: ltr\"><strong>Wyk\u0142ad &#8222;Ch\u0142opaki z ferajny&#8221;.<\/strong><\/p>\n<p style=\"direction: ltr\">W dniu 6 lipca zorganizowali\u015bmy wyj\u015bcie do Centrum Pomocy Spo\u0142ecznej Dzielnicy \u015ar\u00f3dmie\u015bcie przy ul. \u015awi\u0119tojerskiej 12a na wyk\u0142ad zatytu\u0142owany &#8222;Ch\u0142opaki z ferajny&#8221;, zorganizowany w ramach Festiwalu &#8222;Lato Seniora&#8221;. Dzi\u0119kujemy wszystkim wolontariuszom oraz pracownikom, kt\u00f3rzy pomogli w zawiezieniu pensjonariuszy na wyk\u0142ad i zapraszamy na spacer w najbli\u017cszy pi\u0105tek o godz. 11.00! Dzi\u0119kujemy tak\u017ce pracownikom CPS za wspania\u0142e i ciep\u0142e przyj\u0119cie naszej sporej gromadki. B\u0119dziemy tam z pewno\u015bci\u0105 jeszcze zagl\u0105da\u0107.<\/p>\n<p style=\"direction: ltr\"><img loading=\"lazy\" decoding=\"async\" class=\"alignnone size-full wp-image-534\" src=\"https:\/\/bonifratrzy.pl\/dom-geriatryczno-rehabilitacyjny-warszawa\/wp-content\/uploads\/sites\/29\/2018\/07\/20180706-e.jpg\" alt=\"\" width=\"1000\" height=\"750\" srcset=\"https:\/\/bonifratrzy.pl\/dom-geriatryczno-rehabilitacyjny-warszawa\/wp-content\/uploads\/sites\/29\/2018\/07\/20180706-e.jpg 1000w, https:\/\/bonifratrzy.pl\/dom-geriatryczno-rehabilitacyjny-warszawa\/wp-content\/uploads\/sites\/29\/2018\/07\/20180706-e-300x225.jpg 300w, https:\/\/bonifratrzy.pl\/dom-geriatryczno-rehabilitacyjny-warszawa\/wp-content\/uploads\/sites\/29\/2018\/07\/20180706-e-768x576.jpg 768w\" sizes=\"(max-width: 1000px) 100vw, 1000px\" \/> <img loading=\"lazy\" decoding=\"async\" class=\"alignnone size-full wp-image-535\" src=\"https:\/\/bonifratrzy.pl\/dom-geriatryczno-rehabilitacyjny-warszawa\/wp-content\/uploads\/sites\/29\/2018\/07\/20180706-f.jpg\" alt=\"\" width=\"1000\" height=\"1333\" srcset=\"https:\/\/bonifratrzy.pl\/dom-geriatryczno-rehabilitacyjny-warszawa\/wp-content\/uploads\/sites\/29\/2018\/07\/20180706-f.jpg 1000w, https:\/\/bonifratrzy.pl\/dom-geriatryczno-rehabilitacyjny-warszawa\/wp-content\/uploads\/sites\/29\/2018\/07\/20180706-f-225x300.jpg 225w, https:\/\/bonifratrzy.pl\/dom-geriatryczno-rehabilitacyjny-warszawa\/wp-content\/uploads\/sites\/29\/2018\/07\/20180706-f-768x1024.jpg 768w\" sizes=\"(max-width: 1000px) 100vw, 1000px\" \/> <img loading=\"lazy\" decoding=\"async\" class=\"alignnone size-full wp-image-532\" src=\"https:\/\/bonifratrzy.pl\/dom-geriatryczno-rehabilitacyjny-warszawa\/wp-content\/uploads\/sites\/29\/2018\/07\/20180706-c.jpg\" alt=\"\" width=\"1000\" height=\"750\" srcset=\"https:\/\/bonifratrzy.pl\/dom-geriatryczno-rehabilitacyjny-warszawa\/wp-content\/uploads\/sites\/29\/2018\/07\/20180706-c.jpg 1000w, https:\/\/bonifratrzy.pl\/dom-geriatryczno-rehabilitacyjny-warszawa\/wp-content\/uploads\/sites\/29\/2018\/07\/20180706-c-300x225.jpg 300w, https:\/\/bonifratrzy.pl\/dom-geriatryczno-rehabilitacyjny-warszawa\/wp-content\/uploads\/sites\/29\/2018\/07\/20180706-c-768x576.jpg 768w\" sizes=\"(max-width: 1000px) 100vw, 1000px\" \/> <img loading=\"lazy\" decoding=\"async\" class=\"alignnone size-full wp-image-533\" src=\"https:\/\/bonifratrzy.pl\/dom-geriatryczno-rehabilitacyjny-warszawa\/wp-content\/uploads\/sites\/29\/2018\/07\/20180706-d.jpg\" alt=\"\" width=\"1000\" height=\"750\" srcset=\"https:\/\/bonifratrzy.pl\/dom-geriatryczno-rehabilitacyjny-warszawa\/wp-content\/uploads\/sites\/29\/2018\/07\/20180706-d.jpg 1000w, https:\/\/bonifratrzy.pl\/dom-geriatryczno-rehabilitacyjny-warszawa\/wp-content\/uploads\/sites\/29\/2018\/07\/20180706-d-300x225.jpg 300w, https:\/\/bonifratrzy.pl\/dom-geriatryczno-rehabilitacyjny-warszawa\/wp-content\/uploads\/sites\/29\/2018\/07\/20180706-d-768x576.jpg 768w\" sizes=\"(max-width: 1000px) 100vw, 1000px\" \/> <img loading=\"lazy\" decoding=\"async\" class=\"alignnone size-full wp-image-530\" src=\"https:\/\/bonifratrzy.pl\/dom-geriatryczno-rehabilitacyjny-warszawa\/wp-content\/uploads\/sites\/29\/2018\/07\/20180706-a.jpg\" alt=\"\" width=\"1000\" height=\"750\" srcset=\"https:\/\/bonifratrzy.pl\/dom-geriatryczno-rehabilitacyjny-warszawa\/wp-content\/uploads\/sites\/29\/2018\/07\/20180706-a.jpg 1000w, https:\/\/bonifratrzy.pl\/dom-geriatryczno-rehabilitacyjny-warszawa\/wp-content\/uploads\/sites\/29\/2018\/07\/20180706-a-300x225.jpg 300w, https:\/\/bonifratrzy.pl\/dom-geriatryczno-rehabilitacyjny-warszawa\/wp-content\/uploads\/sites\/29\/2018\/07\/20180706-a-768x576.jpg 768w\" sizes=\"(max-width: 1000px) 100vw, 1000px\" \/> <img loading=\"lazy\" decoding=\"async\" class=\"alignnone size-full wp-image-531\" src=\"https:\/\/bonifratrzy.pl\/dom-geriatryczno-rehabilitacyjny-warszawa\/wp-content\/uploads\/sites\/29\/2018\/07\/20180706-b.jpg\" alt=\"\" width=\"1000\" height=\"750\" srcset=\"https:\/\/bonifratrzy.pl\/dom-geriatryczno-rehabilitacyjny-warszawa\/wp-content\/uploads\/sites\/29\/2018\/07\/20180706-b.jpg 1000w, https:\/\/bonifratrzy.pl\/dom-geriatryczno-rehabilitacyjny-warszawa\/wp-content\/uploads\/sites\/29\/2018\/07\/20180706-b-300x225.jpg 300w, https:\/\/bonifratrzy.pl\/dom-geriatryczno-rehabilitacyjny-warszawa\/wp-content\/uploads\/sites\/29\/2018\/07\/20180706-b-768x576.jpg 768w\" sizes=\"(max-width: 1000px) 100vw, 1000px\" \/><\/p>\n<p style=\"direction: ltr\"><strong>2018-06-29<\/strong><\/p>\n<p style=\"direction: ltr\"><strong>26 &#8211; osobowy spacer nad Wis\u0142\u0119.<\/strong><\/p>\n<p style=\"direction: ltr\"><div id=\"su_slider_69f12dc1cd241\" class=\"su-slider su-slider-centered su-slider-pages-yes su-slider-responsive-yes su-lightbox-gallery\" style=\"width:100%\" data-autoplay=\"0\" data-speed=\"0\" data-mousewheel=\"true\"><div class=\"su-slider-slides\"><div class=\"su-slider-slide\"><a href=\"https:\/\/bonifratrzy.pl\/dom-geriatryczno-rehabilitacyjny-warszawa\/wp-content\/uploads\/sites\/29\/2018\/07\/Wisla8.jpg\"  target=\"_blank\" title=\"Wisla8\"><img decoding=\"async\" src=\"https:\/\/bonifratrzy.pl\/dom-geriatryczno-rehabilitacyjny-warszawa\/wp-content\/uploads\/sites\/29\/2018\/07\/Wisla8.jpg\" alt=\"Wisla8\" \/><\/a><\/div><div class=\"su-slider-slide\"><a href=\"https:\/\/bonifratrzy.pl\/dom-geriatryczno-rehabilitacyjny-warszawa\/wp-content\/uploads\/sites\/29\/2018\/07\/Wisla9.jpg\"  target=\"_blank\" title=\"Wisla9\"><img decoding=\"async\" src=\"https:\/\/bonifratrzy.pl\/dom-geriatryczno-rehabilitacyjny-warszawa\/wp-content\/uploads\/sites\/29\/2018\/07\/Wisla9.jpg\" alt=\"Wisla9\" \/><\/a><\/div><div class=\"su-slider-slide\"><a href=\"https:\/\/bonifratrzy.pl\/dom-geriatryczno-rehabilitacyjny-warszawa\/wp-content\/uploads\/sites\/29\/2018\/07\/Wisla5.jpg\"  target=\"_blank\" title=\"Wisla5\"><img decoding=\"async\" src=\"https:\/\/bonifratrzy.pl\/dom-geriatryczno-rehabilitacyjny-warszawa\/wp-content\/uploads\/sites\/29\/2018\/07\/Wisla5.jpg\" alt=\"Wisla5\" \/><\/a><\/div><div class=\"su-slider-slide\"><a href=\"https:\/\/bonifratrzy.pl\/dom-geriatryczno-rehabilitacyjny-warszawa\/wp-content\/uploads\/sites\/29\/2018\/07\/Wisla6.jpg\"  target=\"_blank\" title=\"Wisla6\"><img decoding=\"async\" src=\"https:\/\/bonifratrzy.pl\/dom-geriatryczno-rehabilitacyjny-warszawa\/wp-content\/uploads\/sites\/29\/2018\/07\/Wisla6.jpg\" alt=\"Wisla6\" \/><\/a><\/div><div class=\"su-slider-slide\"><a href=\"https:\/\/bonifratrzy.pl\/dom-geriatryczno-rehabilitacyjny-warszawa\/wp-content\/uploads\/sites\/29\/2018\/07\/Wisla4.jpg\"  target=\"_blank\" title=\"Wisla4\"><img decoding=\"async\" src=\"https:\/\/bonifratrzy.pl\/dom-geriatryczno-rehabilitacyjny-warszawa\/wp-content\/uploads\/sites\/29\/2018\/07\/Wisla4.jpg\" alt=\"Wisla4\" \/><\/a><\/div><div class=\"su-slider-slide\"><a href=\"https:\/\/bonifratrzy.pl\/dom-geriatryczno-rehabilitacyjny-warszawa\/wp-content\/uploads\/sites\/29\/2018\/07\/Wisla3.jpg\"  target=\"_blank\" title=\"Wisla3\"><img decoding=\"async\" src=\"https:\/\/bonifratrzy.pl\/dom-geriatryczno-rehabilitacyjny-warszawa\/wp-content\/uploads\/sites\/29\/2018\/07\/Wisla3.jpg\" alt=\"Wisla3\" \/><\/a><\/div><div class=\"su-slider-slide\"><a href=\"https:\/\/bonifratrzy.pl\/dom-geriatryczno-rehabilitacyjny-warszawa\/wp-content\/uploads\/sites\/29\/2018\/07\/wisla2.jpg\"  target=\"_blank\" title=\"wisla2\"><img decoding=\"async\" src=\"https:\/\/bonifratrzy.pl\/dom-geriatryczno-rehabilitacyjny-warszawa\/wp-content\/uploads\/sites\/29\/2018\/07\/wisla2.jpg\" alt=\"wisla2\" \/><\/a><\/div><div class=\"su-slider-slide\"><a href=\"https:\/\/bonifratrzy.pl\/dom-geriatryczno-rehabilitacyjny-warszawa\/wp-content\/uploads\/sites\/29\/2018\/07\/Wisla1.jpg\"  target=\"_blank\" title=\"Wisla1\"><img decoding=\"async\" src=\"https:\/\/bonifratrzy.pl\/dom-geriatryczno-rehabilitacyjny-warszawa\/wp-content\/uploads\/sites\/29\/2018\/07\/Wisla1.jpg\" alt=\"Wisla1\" \/><\/a><\/div><div class=\"su-slider-slide\"><a href=\"https:\/\/bonifratrzy.pl\/dom-geriatryczno-rehabilitacyjny-warszawa\/wp-content\/uploads\/sites\/29\/2018\/07\/Wisla10.jpg\"  target=\"_blank\" title=\"Wisla10\"><img decoding=\"async\" src=\"https:\/\/bonifratrzy.pl\/dom-geriatryczno-rehabilitacyjny-warszawa\/wp-content\/uploads\/sites\/29\/2018\/07\/Wisla10.jpg\" alt=\"Wisla10\" \/><\/a><\/div><div class=\"su-slider-slide\"><a href=\"https:\/\/bonifratrzy.pl\/dom-geriatryczno-rehabilitacyjny-warszawa\/wp-content\/uploads\/sites\/29\/2018\/07\/Wis\u0142a7.jpg\"  target=\"_blank\" title=\"Wis\u0142a7\"><img decoding=\"async\" src=\"https:\/\/bonifratrzy.pl\/dom-geriatryczno-rehabilitacyjny-warszawa\/wp-content\/uploads\/sites\/29\/2018\/07\/Wis\u0142a7.jpg\" alt=\"Wis\u0142a7\" \/><\/a><\/div><\/div><div class=\"su-slider-nav\"><div class=\"su-slider-direction\"><span class=\"su-slider-prev\"><\/span><span class=\"su-slider-next\"><\/span><\/div><div class=\"su-slider-pagination\"><\/div><\/div><\/div>\n<p style=\"direction: ltr\"><strong>2018-06-26<\/strong><\/p>\n<p style=\"direction: ltr\"><strong>Ostatnie przed wakacjami zebranie wolontariuszy.<\/strong><\/p>\n<p style=\"direction: ltr\"><img loading=\"lazy\" decoding=\"async\" class=\"alignnone size-full wp-image-504\" src=\"https:\/\/bonifratrzy.pl\/dom-geriatryczno-rehabilitacyjny-warszawa\/wp-content\/uploads\/sites\/29\/2016\/07\/zebranie-wol-26.06.18.jpg\" alt=\"\" width=\"1000\" height=\"580\" srcset=\"https:\/\/bonifratrzy.pl\/dom-geriatryczno-rehabilitacyjny-warszawa\/wp-content\/uploads\/sites\/29\/2016\/07\/zebranie-wol-26.06.18.jpg 1000w, https:\/\/bonifratrzy.pl\/dom-geriatryczno-rehabilitacyjny-warszawa\/wp-content\/uploads\/sites\/29\/2016\/07\/zebranie-wol-26.06.18-300x174.jpg 300w, https:\/\/bonifratrzy.pl\/dom-geriatryczno-rehabilitacyjny-warszawa\/wp-content\/uploads\/sites\/29\/2016\/07\/zebranie-wol-26.06.18-768x445.jpg 768w\" sizes=\"(max-width: 1000px) 100vw, 1000px\" \/><\/p>\n<p style=\"direction: ltr\"><strong>2018-05-28<\/strong><\/p>\n<p style=\"direction: ltr\"><strong>Spacer z pensjonariuszami po Ogrodzie Krasi\u0144skich.<\/strong><\/p>\n<p style=\"direction: ltr\"><img loading=\"lazy\" decoding=\"async\" class=\"alignnone size-full wp-image-509\" src=\"https:\/\/bonifratrzy.pl\/dom-geriatryczno-rehabilitacyjny-warszawa\/wp-content\/uploads\/sites\/29\/2016\/07\/20180528_c.jpg\" alt=\"\" width=\"1000\" height=\"749\" srcset=\"https:\/\/bonifratrzy.pl\/dom-geriatryczno-rehabilitacyjny-warszawa\/wp-content\/uploads\/sites\/29\/2016\/07\/20180528_c.jpg 1000w, https:\/\/bonifratrzy.pl\/dom-geriatryczno-rehabilitacyjny-warszawa\/wp-content\/uploads\/sites\/29\/2016\/07\/20180528_c-300x225.jpg 300w, https:\/\/bonifratrzy.pl\/dom-geriatryczno-rehabilitacyjny-warszawa\/wp-content\/uploads\/sites\/29\/2016\/07\/20180528_c-768x575.jpg 768w\" sizes=\"(max-width: 1000px) 100vw, 1000px\" \/> <img loading=\"lazy\" decoding=\"async\" class=\"alignnone size-full wp-image-510\" src=\"https:\/\/bonifratrzy.pl\/dom-geriatryczno-rehabilitacyjny-warszawa\/wp-content\/uploads\/sites\/29\/2016\/07\/20180528_d.jpg\" alt=\"\" width=\"1000\" height=\"749\" srcset=\"https:\/\/bonifratrzy.pl\/dom-geriatryczno-rehabilitacyjny-warszawa\/wp-content\/uploads\/sites\/29\/2016\/07\/20180528_d.jpg 1000w, https:\/\/bonifratrzy.pl\/dom-geriatryczno-rehabilitacyjny-warszawa\/wp-content\/uploads\/sites\/29\/2016\/07\/20180528_d-300x225.jpg 300w, https:\/\/bonifratrzy.pl\/dom-geriatryczno-rehabilitacyjny-warszawa\/wp-content\/uploads\/sites\/29\/2016\/07\/20180528_d-768x575.jpg 768w\" sizes=\"(max-width: 1000px) 100vw, 1000px\" \/> <img loading=\"lazy\" decoding=\"async\" class=\"alignnone size-full wp-image-508\" src=\"https:\/\/bonifratrzy.pl\/dom-geriatryczno-rehabilitacyjny-warszawa\/wp-content\/uploads\/sites\/29\/2016\/07\/20180528_b.jpg\" alt=\"\" width=\"1000\" height=\"562\" srcset=\"https:\/\/bonifratrzy.pl\/dom-geriatryczno-rehabilitacyjny-warszawa\/wp-content\/uploads\/sites\/29\/2016\/07\/20180528_b.jpg 1000w, https:\/\/bonifratrzy.pl\/dom-geriatryczno-rehabilitacyjny-warszawa\/wp-content\/uploads\/sites\/29\/2016\/07\/20180528_b-300x169.jpg 300w, https:\/\/bonifratrzy.pl\/dom-geriatryczno-rehabilitacyjny-warszawa\/wp-content\/uploads\/sites\/29\/2016\/07\/20180528_b-768x432.jpg 768w\" sizes=\"(max-width: 1000px) 100vw, 1000px\" \/> <img loading=\"lazy\" decoding=\"async\" class=\"alignnone size-full wp-image-507\" src=\"https:\/\/bonifratrzy.pl\/dom-geriatryczno-rehabilitacyjny-warszawa\/wp-content\/uploads\/sites\/29\/2016\/07\/20180528_a.jpg\" alt=\"\" width=\"1000\" height=\"562\" srcset=\"https:\/\/bonifratrzy.pl\/dom-geriatryczno-rehabilitacyjny-warszawa\/wp-content\/uploads\/sites\/29\/2016\/07\/20180528_a.jpg 1000w, https:\/\/bonifratrzy.pl\/dom-geriatryczno-rehabilitacyjny-warszawa\/wp-content\/uploads\/sites\/29\/2016\/07\/20180528_a-300x169.jpg 300w, https:\/\/bonifratrzy.pl\/dom-geriatryczno-rehabilitacyjny-warszawa\/wp-content\/uploads\/sites\/29\/2016\/07\/20180528_a-768x432.jpg 768w\" sizes=\"(max-width: 1000px) 100vw, 1000px\" \/> <img loading=\"lazy\" decoding=\"async\" class=\"alignnone size-full wp-image-506\" src=\"https:\/\/bonifratrzy.pl\/dom-geriatryczno-rehabilitacyjny-warszawa\/wp-content\/uploads\/sites\/29\/2016\/07\/20180528_f.jpg\" alt=\"\" width=\"1000\" height=\"749\" srcset=\"https:\/\/bonifratrzy.pl\/dom-geriatryczno-rehabilitacyjny-warszawa\/wp-content\/uploads\/sites\/29\/2016\/07\/20180528_f.jpg 1000w, https:\/\/bonifratrzy.pl\/dom-geriatryczno-rehabilitacyjny-warszawa\/wp-content\/uploads\/sites\/29\/2016\/07\/20180528_f-300x225.jpg 300w, https:\/\/bonifratrzy.pl\/dom-geriatryczno-rehabilitacyjny-warszawa\/wp-content\/uploads\/sites\/29\/2016\/07\/20180528_f-768x575.jpg 768w\" sizes=\"(max-width: 1000px) 100vw, 1000px\" \/> <img loading=\"lazy\" decoding=\"async\" class=\"alignnone size-full wp-image-505\" src=\"https:\/\/bonifratrzy.pl\/dom-geriatryczno-rehabilitacyjny-warszawa\/wp-content\/uploads\/sites\/29\/2016\/07\/20180528_e.jpg\" alt=\"\" width=\"1000\" height=\"704\" srcset=\"https:\/\/bonifratrzy.pl\/dom-geriatryczno-rehabilitacyjny-warszawa\/wp-content\/uploads\/sites\/29\/2016\/07\/20180528_e.jpg 1000w, https:\/\/bonifratrzy.pl\/dom-geriatryczno-rehabilitacyjny-warszawa\/wp-content\/uploads\/sites\/29\/2016\/07\/20180528_e-300x211.jpg 300w, https:\/\/bonifratrzy.pl\/dom-geriatryczno-rehabilitacyjny-warszawa\/wp-content\/uploads\/sites\/29\/2016\/07\/20180528_e-768x541.jpg 768w\" sizes=\"(max-width: 1000px) 100vw, 1000px\" \/><\/p>\n<p style=\"direction: ltr\"><strong>2018-05-22<\/strong><\/p>\n<p style=\"direction: ltr\"><strong>Na zebraniu powitali\u015bmy nowych\u00a0wolontariuszy: Emilk\u0119 i Roberta. <\/strong><\/p>\n<p style=\"direction: ltr\">Witamy na pok\u0142adzie!<\/p>\n<p style=\"direction: ltr\"><img loading=\"lazy\" decoding=\"async\" class=\"alignnone size-full wp-image-497\" src=\"https:\/\/bonifratrzy.pl\/dom-geriatryczno-rehabilitacyjny-warszawa\/wp-content\/uploads\/sites\/29\/2016\/07\/22.05.18-zebr-wol.png\" alt=\"\" width=\"1200\" height=\"552\" srcset=\"https:\/\/bonifratrzy.pl\/dom-geriatryczno-rehabilitacyjny-warszawa\/wp-content\/uploads\/sites\/29\/2016\/07\/22.05.18-zebr-wol.png 1200w, https:\/\/bonifratrzy.pl\/dom-geriatryczno-rehabilitacyjny-warszawa\/wp-content\/uploads\/sites\/29\/2016\/07\/22.05.18-zebr-wol-300x138.png 300w, https:\/\/bonifratrzy.pl\/dom-geriatryczno-rehabilitacyjny-warszawa\/wp-content\/uploads\/sites\/29\/2016\/07\/22.05.18-zebr-wol-768x353.png 768w, https:\/\/bonifratrzy.pl\/dom-geriatryczno-rehabilitacyjny-warszawa\/wp-content\/uploads\/sites\/29\/2016\/07\/22.05.18-zebr-wol-1024x471.png 1024w\" sizes=\"(max-width: 1200px) 100vw, 1200px\" \/><\/p>\n<p style=\"direction: ltr\"><strong>2018-05-10<\/strong><\/p>\n<p style=\"direction: ltr\"><a href=\"https:\/\/bonifratrzy.pl\/klasztor-warszawa-sapiezynska\/2018\/06\/12\/wspierajmy-sie-wzajemnie\/\">Nominacja nowych prze\u0142o\u017conych<\/a><\/p>\n<p style=\"direction: ltr\"><strong>2018-05-09<\/strong><\/p>\n<p style=\"direction: ltr\">Dzi\u015b nieoceniona m\u0142odzie\u017c z Zespo\u0142u Szk\u00f3\u0142 Specjalnych Nr 85 pod opiek\u0105 wychowawczyni, pani Kasi, w ramach praktyk wyczy\u015bci\u0142a wszystkie \u0142awki w naszym ogrodzie, przygotowuj\u0105c je do wiosennego wypoczynku.<\/p>\n<p style=\"direction: ltr\">Ma\u0142o kto wie, \u017ce to w\u0142a\u015bnie pani Kasia ze swoimi podopiecznymi 10 lat temu &#8222;zainaugurowa\u0142a&#8221; u nas wolontariat. Pami\u0119tamy i dzi\u0119kujemy! A tak\u017ce zapraszamy wszystkich do urokliwego bonifraterskiego ogrodu.<\/p>\n<p style=\"direction: ltr\"><div id=\"su_slider_69f12dc1d28df\" class=\"su-slider su-slider-centered su-slider-pages-yes su-slider-responsive-yes su-lightbox-gallery\" style=\"width:100%\" data-autoplay=\"0\" data-speed=\"0\" data-mousewheel=\"true\"><div class=\"su-slider-slides\"><div class=\"su-slider-slide\"><a href=\"https:\/\/bonifratrzy.pl\/dom-geriatryczno-rehabilitacyjny-warszawa\/wp-content\/uploads\/sites\/29\/2018\/07\/9.05.18b.jpg\"  target=\"_blank\" title=\"9.05.18b\"><img decoding=\"async\" src=\"https:\/\/bonifratrzy.pl\/dom-geriatryczno-rehabilitacyjny-warszawa\/wp-content\/uploads\/sites\/29\/2018\/07\/9.05.18b.jpg\" alt=\"9.05.18b\" \/><\/a><\/div><div class=\"su-slider-slide\"><a href=\"https:\/\/bonifratrzy.pl\/dom-geriatryczno-rehabilitacyjny-warszawa\/wp-content\/uploads\/sites\/29\/2018\/07\/9.05.18e.jpg\"  target=\"_blank\" title=\"9.05.18e\"><img decoding=\"async\" src=\"https:\/\/bonifratrzy.pl\/dom-geriatryczno-rehabilitacyjny-warszawa\/wp-content\/uploads\/sites\/29\/2018\/07\/9.05.18e.jpg\" alt=\"9.05.18e\" \/><\/a><\/div><div class=\"su-slider-slide\"><a href=\"https:\/\/bonifratrzy.pl\/dom-geriatryczno-rehabilitacyjny-warszawa\/wp-content\/uploads\/sites\/29\/2018\/07\/9.05.18a.jpg\"  target=\"_blank\" title=\"9.05.18a\"><img decoding=\"async\" src=\"https:\/\/bonifratrzy.pl\/dom-geriatryczno-rehabilitacyjny-warszawa\/wp-content\/uploads\/sites\/29\/2018\/07\/9.05.18a.jpg\" alt=\"9.05.18a\" \/><\/a><\/div><div class=\"su-slider-slide\"><a href=\"https:\/\/bonifratrzy.pl\/dom-geriatryczno-rehabilitacyjny-warszawa\/wp-content\/uploads\/sites\/29\/2018\/07\/9.05.18c.jpg\"  target=\"_blank\" title=\"9.05.18c\"><img decoding=\"async\" src=\"https:\/\/bonifratrzy.pl\/dom-geriatryczno-rehabilitacyjny-warszawa\/wp-content\/uploads\/sites\/29\/2018\/07\/9.05.18c.jpg\" alt=\"9.05.18c\" \/><\/a><\/div><div class=\"su-slider-slide\"><a href=\"https:\/\/bonifratrzy.pl\/dom-geriatryczno-rehabilitacyjny-warszawa\/wp-content\/uploads\/sites\/29\/2018\/07\/9.05.18d.jpg\"  target=\"_blank\" title=\"9.05.18d\"><img decoding=\"async\" src=\"https:\/\/bonifratrzy.pl\/dom-geriatryczno-rehabilitacyjny-warszawa\/wp-content\/uploads\/sites\/29\/2018\/07\/9.05.18d.jpg\" alt=\"9.05.18d\" \/><\/a><\/div><\/div><div class=\"su-slider-nav\"><div class=\"su-slider-direction\"><span class=\"su-slider-prev\"><\/span><span class=\"su-slider-next\"><\/span><\/div><div class=\"su-slider-pagination\"><\/div><\/div><\/div>\n<p style=\"direction: ltr\"><img loading=\"lazy\" decoding=\"async\" class=\"alignnone size-full wp-image-478\" src=\"https:\/\/bonifratrzy.pl\/dom-geriatryczno-rehabilitacyjny-warszawa\/wp-content\/uploads\/sites\/29\/2018\/01\/krew.png\" alt=\"\" width=\"422\" height=\"535\" srcset=\"https:\/\/bonifratrzy.pl\/dom-geriatryczno-rehabilitacyjny-warszawa\/wp-content\/uploads\/sites\/29\/2018\/01\/krew.png 422w, https:\/\/bonifratrzy.pl\/dom-geriatryczno-rehabilitacyjny-warszawa\/wp-content\/uploads\/sites\/29\/2018\/01\/krew-237x300.png 237w\" sizes=\"(max-width: 422px) 100vw, 422px\" \/><\/p>\n<p style=\"direction: ltr\"><strong>2017-12-11<\/strong><\/p>\n<p style=\"direction: ltr\"><strong>Kiermasz \u015bwi\u0105teczny.<\/strong><\/p>\n<p style=\"direction: ltr\"><img loading=\"lazy\" decoding=\"async\" class=\"alignnone size-full wp-image-472\" src=\"https:\/\/bonifratrzy.pl\/dom-geriatryczno-rehabilitacyjny-warszawa\/wp-content\/uploads\/sites\/29\/2016\/07\/kiermasz1.png\" alt=\"\" width=\"394\" height=\"700\" srcset=\"https:\/\/bonifratrzy.pl\/dom-geriatryczno-rehabilitacyjny-warszawa\/wp-content\/uploads\/sites\/29\/2016\/07\/kiermasz1.png 394w, https:\/\/bonifratrzy.pl\/dom-geriatryczno-rehabilitacyjny-warszawa\/wp-content\/uploads\/sites\/29\/2016\/07\/kiermasz1-169x300.png 169w\" sizes=\"(max-width: 394px) 100vw, 394px\" \/><\/p>\n<p style=\"direction: ltr\"><strong>2017-12-06<\/strong><\/p>\n<p style=\"direction: ltr\"><strong>Miko\u0142ajki<\/strong><\/p>\n<p style=\"direction: ltr\"><strong>2017-12-05<\/strong><\/p>\n<p style=\"direction: ltr\"><strong>Mi\u0119dzynarodowy Dzie\u0144 Wolontariusza.<\/strong><\/p>\n<p style=\"direction: ltr\"><img loading=\"lazy\" decoding=\"async\" class=\"alignnone size-full wp-image-467\" src=\"https:\/\/bonifratrzy.pl\/dom-geriatryczno-rehabilitacyjny-warszawa\/wp-content\/uploads\/sites\/29\/2016\/07\/dzien-wol-2017.png\" alt=\"\" width=\"1000\" height=\"562\" srcset=\"https:\/\/bonifratrzy.pl\/dom-geriatryczno-rehabilitacyjny-warszawa\/wp-content\/uploads\/sites\/29\/2016\/07\/dzien-wol-2017.png 1000w, https:\/\/bonifratrzy.pl\/dom-geriatryczno-rehabilitacyjny-warszawa\/wp-content\/uploads\/sites\/29\/2016\/07\/dzien-wol-2017-300x169.png 300w, https:\/\/bonifratrzy.pl\/dom-geriatryczno-rehabilitacyjny-warszawa\/wp-content\/uploads\/sites\/29\/2016\/07\/dzien-wol-2017-768x432.png 768w\" sizes=\"(max-width: 1000px) 100vw, 1000px\" \/><\/p>\n<p style=\"direction: ltr\"><strong>2017-11-21<\/strong><\/p>\n<p style=\"direction: ltr\"><strong>Zebranie Wolontariuszy.<\/strong><\/p>\n<p style=\"direction: ltr\"><img loading=\"lazy\" decoding=\"async\" class=\"alignnone size-full wp-image-466\" src=\"https:\/\/bonifratrzy.pl\/dom-geriatryczno-rehabilitacyjny-warszawa\/wp-content\/uploads\/sites\/29\/2016\/07\/zebranie-wol-21.11.17.png\" alt=\"\" width=\"1000\" height=\"562\" srcset=\"https:\/\/bonifratrzy.pl\/dom-geriatryczno-rehabilitacyjny-warszawa\/wp-content\/uploads\/sites\/29\/2016\/07\/zebranie-wol-21.11.17.png 1000w, https:\/\/bonifratrzy.pl\/dom-geriatryczno-rehabilitacyjny-warszawa\/wp-content\/uploads\/sites\/29\/2016\/07\/zebranie-wol-21.11.17-300x169.png 300w, https:\/\/bonifratrzy.pl\/dom-geriatryczno-rehabilitacyjny-warszawa\/wp-content\/uploads\/sites\/29\/2016\/07\/zebranie-wol-21.11.17-768x432.png 768w\" sizes=\"(max-width: 1000px) 100vw, 1000px\" \/><\/p>\n<p style=\"direction: ltr\"><strong>2017-10-24<\/strong><\/p>\n<p style=\"direction: ltr\"><strong>Zebranie Wolontariuszy.<\/strong><\/p>\n<p style=\"direction: ltr\"><strong>2017-10-17<\/strong><\/p>\n<p style=\"direction: ltr\"><strong>Koncert wychowanek Bursy Nr 1 z okazji Dnia Papieskiego.<\/strong><\/p>\n<p><a href=\"http:\/\/www.bursa.waw.pl\/z-zycia-bursy\/newsy\/405-koncert-w-domu-seniora-2\" target=\"_blank\" rel=\"noopener noreferrer\">Koncert w Domu Seniora<\/a><\/p>\n<p>&nbsp;<\/p>\n<p style=\"direction: ltr\"><strong>2017-09-22,23,24<\/strong><\/p>\n<p style=\"direction: ltr\"><strong>Zjazd formacyjno &#8211; integracyjny wsp\u00f3\u0142pracownik\u00f3w, braci i wolontariuszy w Myczkowcach.<\/strong><\/p>\n<p style=\"direction: ltr\"><a href=\"https:\/\/bonifratrzy.pl\/zjazd-formacyjno-integracyjny-bonifratrow-myczkowce-ksoliny-2017\/\">Myczkowce 2017<\/a><\/p>\n<p style=\"direction: ltr\"><strong>2017-09-19<\/strong><\/p>\n<p style=\"direction: ltr\"><strong>Zebranie Wolontariuszy.<\/strong><\/p>\n<p style=\"direction: ltr\"><strong>2017-08-22<\/strong><\/p>\n<p style=\"direction: ltr\"><strong>Trwaj\u0105\u00a0pr\u00f3by do wyst\u0119pu na tegorocznym Boni-song&#8230;\u00a0<\/strong><\/p>\n<p style=\"direction: ltr\"><div id=\"su_slider_69f12dc1d5495\" class=\"su-slider su-slider-centered su-slider-pages-yes su-slider-responsive-yes su-lightbox-gallery\" style=\"width:100%\" data-autoplay=\"0\" data-speed=\"0\" data-mousewheel=\"true\"><div class=\"su-slider-slides\"><div class=\"su-slider-slide\"><a href=\"https:\/\/bonifratrzy.pl\/dom-geriatryczno-rehabilitacyjny-warszawa\/wp-content\/uploads\/sites\/29\/2016\/07\/proba1.png\"  target=\"_blank\" title=\"proba1\"><img decoding=\"async\" src=\"https:\/\/bonifratrzy.pl\/dom-geriatryczno-rehabilitacyjny-warszawa\/wp-content\/uploads\/sites\/29\/2016\/07\/proba1.png\" alt=\"proba1\" \/><\/a><\/div><div class=\"su-slider-slide\"><a href=\"https:\/\/bonifratrzy.pl\/dom-geriatryczno-rehabilitacyjny-warszawa\/wp-content\/uploads\/sites\/29\/2016\/07\/proba2.png\"  target=\"_blank\" title=\"proba2\"><img decoding=\"async\" src=\"https:\/\/bonifratrzy.pl\/dom-geriatryczno-rehabilitacyjny-warszawa\/wp-content\/uploads\/sites\/29\/2016\/07\/proba2.png\" alt=\"proba2\" \/><\/a><\/div><\/div><div class=\"su-slider-nav\"><div class=\"su-slider-direction\"><span class=\"su-slider-prev\"><\/span><span class=\"su-slider-next\"><\/span><\/div><div class=\"su-slider-pagination\"><\/div><\/div><\/div>\n<p style=\"direction: ltr\"><strong>2017-07-07<\/strong><\/p>\n<p style=\"direction: ltr\"><strong>Spacer nad Wis\u0142\u0119.<\/strong><\/p>\n<p style=\"direction: ltr\"><div id=\"su_slider_69f12dc1d6d66\" class=\"su-slider su-slider-centered su-slider-pages-yes su-slider-responsive-yes su-lightbox-gallery\" style=\"width:100%\" data-autoplay=\"0\" data-speed=\"0\" data-mousewheel=\"true\"><div class=\"su-slider-slides\"><div class=\"su-slider-slide\"><a href=\"https:\/\/bonifratrzy.pl\/dom-geriatryczno-rehabilitacyjny-warszawa\/wp-content\/uploads\/sites\/29\/2016\/07\/wisla8.jpg\"  target=\"_blank\" title=\"wisla8\"><img decoding=\"async\" src=\"https:\/\/bonifratrzy.pl\/dom-geriatryczno-rehabilitacyjny-warszawa\/wp-content\/uploads\/sites\/29\/2016\/07\/wisla8.jpg\" alt=\"wisla8\" \/><\/a><\/div><div class=\"su-slider-slide\"><a href=\"https:\/\/bonifratrzy.pl\/dom-geriatryczno-rehabilitacyjny-warszawa\/wp-content\/uploads\/sites\/29\/2016\/07\/wisla7.jpg\"  target=\"_blank\" title=\"wisla7\"><img decoding=\"async\" src=\"https:\/\/bonifratrzy.pl\/dom-geriatryczno-rehabilitacyjny-warszawa\/wp-content\/uploads\/sites\/29\/2016\/07\/wisla7.jpg\" alt=\"wisla7\" \/><\/a><\/div><div class=\"su-slider-slide\"><a href=\"https:\/\/bonifratrzy.pl\/dom-geriatryczno-rehabilitacyjny-warszawa\/wp-content\/uploads\/sites\/29\/2016\/07\/wisla9.jpg\"  target=\"_blank\" title=\"wisla9\"><img decoding=\"async\" src=\"https:\/\/bonifratrzy.pl\/dom-geriatryczno-rehabilitacyjny-warszawa\/wp-content\/uploads\/sites\/29\/2016\/07\/wisla9.jpg\" alt=\"wisla9\" \/><\/a><\/div><div class=\"su-slider-slide\"><a href=\"https:\/\/bonifratrzy.pl\/dom-geriatryczno-rehabilitacyjny-warszawa\/wp-content\/uploads\/sites\/29\/2016\/07\/wisla5.jpg\"  target=\"_blank\" title=\"wisla5\"><img decoding=\"async\" src=\"https:\/\/bonifratrzy.pl\/dom-geriatryczno-rehabilitacyjny-warszawa\/wp-content\/uploads\/sites\/29\/2016\/07\/wisla5.jpg\" alt=\"wisla5\" \/><\/a><\/div><div class=\"su-slider-slide\"><a href=\"https:\/\/bonifratrzy.pl\/dom-geriatryczno-rehabilitacyjny-warszawa\/wp-content\/uploads\/sites\/29\/2016\/07\/wisla6.jpg\"  target=\"_blank\" title=\"wisla6\"><img decoding=\"async\" src=\"https:\/\/bonifratrzy.pl\/dom-geriatryczno-rehabilitacyjny-warszawa\/wp-content\/uploads\/sites\/29\/2016\/07\/wisla6.jpg\" alt=\"wisla6\" \/><\/a><\/div><div class=\"su-slider-slide\"><a href=\"https:\/\/bonifratrzy.pl\/dom-geriatryczno-rehabilitacyjny-warszawa\/wp-content\/uploads\/sites\/29\/2016\/07\/wisla4.jpg\"  target=\"_blank\" title=\"wisla4\"><img decoding=\"async\" src=\"https:\/\/bonifratrzy.pl\/dom-geriatryczno-rehabilitacyjny-warszawa\/wp-content\/uploads\/sites\/29\/2016\/07\/wisla4.jpg\" alt=\"wisla4\" \/><\/a><\/div><div class=\"su-slider-slide\"><a href=\"https:\/\/bonifratrzy.pl\/dom-geriatryczno-rehabilitacyjny-warszawa\/wp-content\/uploads\/sites\/29\/2016\/07\/wisla3.jpg\"  target=\"_blank\" title=\"wisla3\"><img decoding=\"async\" src=\"https:\/\/bonifratrzy.pl\/dom-geriatryczno-rehabilitacyjny-warszawa\/wp-content\/uploads\/sites\/29\/2016\/07\/wisla3.jpg\" alt=\"wisla3\" \/><\/a><\/div><div class=\"su-slider-slide\"><a href=\"https:\/\/bonifratrzy.pl\/dom-geriatryczno-rehabilitacyjny-warszawa\/wp-content\/uploads\/sites\/29\/2016\/07\/wis\u0142a1.jpg\"  target=\"_blank\" title=\"wis\u0142a1\"><img decoding=\"async\" src=\"https:\/\/bonifratrzy.pl\/dom-geriatryczno-rehabilitacyjny-warszawa\/wp-content\/uploads\/sites\/29\/2016\/07\/wis\u0142a1.jpg\" alt=\"wis\u0142a1\" \/><\/a><\/div><div class=\"su-slider-slide\"><a href=\"https:\/\/bonifratrzy.pl\/dom-geriatryczno-rehabilitacyjny-warszawa\/wp-content\/uploads\/sites\/29\/2016\/07\/wisla2.jpg\"  target=\"_blank\" title=\"wisla2\"><img decoding=\"async\" src=\"https:\/\/bonifratrzy.pl\/dom-geriatryczno-rehabilitacyjny-warszawa\/wp-content\/uploads\/sites\/29\/2016\/07\/wisla2.jpg\" alt=\"wisla2\" \/><\/a><\/div><div class=\"su-slider-slide\"><a href=\"https:\/\/bonifratrzy.pl\/dom-geriatryczno-rehabilitacyjny-warszawa\/wp-content\/uploads\/sites\/29\/2016\/07\/wisla11.jpg\"  target=\"_blank\" title=\"wisla11\"><img decoding=\"async\" src=\"https:\/\/bonifratrzy.pl\/dom-geriatryczno-rehabilitacyjny-warszawa\/wp-content\/uploads\/sites\/29\/2016\/07\/wisla11.jpg\" alt=\"wisla11\" \/><\/a><\/div><div class=\"su-slider-slide\"><a href=\"https:\/\/bonifratrzy.pl\/dom-geriatryczno-rehabilitacyjny-warszawa\/wp-content\/uploads\/sites\/29\/2016\/07\/wisla10.jpg\"  target=\"_blank\" title=\"wisla10\"><img decoding=\"async\" src=\"https:\/\/bonifratrzy.pl\/dom-geriatryczno-rehabilitacyjny-warszawa\/wp-content\/uploads\/sites\/29\/2016\/07\/wisla10.jpg\" alt=\"wisla10\" \/><\/a><\/div><div class=\"su-slider-slide\"><a href=\"https:\/\/bonifratrzy.pl\/dom-geriatryczno-rehabilitacyjny-warszawa\/wp-content\/uploads\/sites\/29\/2016\/07\/wisla12.jpg\"  target=\"_blank\" title=\"wisla12\"><img decoding=\"async\" src=\"https:\/\/bonifratrzy.pl\/dom-geriatryczno-rehabilitacyjny-warszawa\/wp-content\/uploads\/sites\/29\/2016\/07\/wisla12.jpg\" alt=\"wisla12\" \/><\/a><\/div><\/div><div class=\"su-slider-nav\"><div class=\"su-slider-direction\"><span class=\"su-slider-prev\"><\/span><span class=\"su-slider-next\"><\/span><\/div><div class=\"su-slider-pagination\"><\/div><\/div><\/div>\n<p style=\"direction: ltr\"><strong>2017-06-30<\/strong><\/p>\n<p style=\"direction: ltr\"><strong>Zebranie Wolontariuszy.<\/strong><\/p>\n<p style=\"direction: ltr\"><strong>2017-06-20<\/strong><\/p>\n<p style=\"direction: ltr\"><strong>Spacer z pensjonariuszami i wolontariuszami na taras widokowy i Rynek Nowego Miasta.<\/strong><\/p>\n<p style=\"direction: ltr\"><div id=\"su_slider_69f12dc1dcfa0\" class=\"su-slider su-slider-centered su-slider-pages-yes su-slider-responsive-yes su-lightbox-gallery\" style=\"width:100%\" data-autoplay=\"0\" data-speed=\"0\" data-mousewheel=\"true\"><div class=\"su-slider-slides\"><div class=\"su-slider-slide\"><a href=\"https:\/\/bonifratrzy.pl\/dom-geriatryczno-rehabilitacyjny-warszawa\/wp-content\/uploads\/sites\/29\/2016\/07\/nowe-miasto5.png\"  target=\"_blank\" title=\"nowe miasto5\"><img decoding=\"async\" src=\"https:\/\/bonifratrzy.pl\/dom-geriatryczno-rehabilitacyjny-warszawa\/wp-content\/uploads\/sites\/29\/2016\/07\/nowe-miasto5.png\" alt=\"nowe miasto5\" \/><\/a><\/div><div class=\"su-slider-slide\"><a href=\"https:\/\/bonifratrzy.pl\/dom-geriatryczno-rehabilitacyjny-warszawa\/wp-content\/uploads\/sites\/29\/2016\/07\/nowe-miasto4.png\"  target=\"_blank\" title=\"nowe miasto4\"><img decoding=\"async\" src=\"https:\/\/bonifratrzy.pl\/dom-geriatryczno-rehabilitacyjny-warszawa\/wp-content\/uploads\/sites\/29\/2016\/07\/nowe-miasto4.png\" alt=\"nowe miasto4\" \/><\/a><\/div><div class=\"su-slider-slide\"><a href=\"https:\/\/bonifratrzy.pl\/dom-geriatryczno-rehabilitacyjny-warszawa\/wp-content\/uploads\/sites\/29\/2016\/07\/nowe-miasto3.png\"  target=\"_blank\" title=\"nowe miasto3\"><img decoding=\"async\" src=\"https:\/\/bonifratrzy.pl\/dom-geriatryczno-rehabilitacyjny-warszawa\/wp-content\/uploads\/sites\/29\/2016\/07\/nowe-miasto3.png\" alt=\"nowe miasto3\" \/><\/a><\/div><div class=\"su-slider-slide\"><a href=\"https:\/\/bonifratrzy.pl\/dom-geriatryczno-rehabilitacyjny-warszawa\/wp-content\/uploads\/sites\/29\/2016\/07\/Nowe-miasto2.png\"  target=\"_blank\" title=\"Nowe miasto2\"><img decoding=\"async\" src=\"https:\/\/bonifratrzy.pl\/dom-geriatryczno-rehabilitacyjny-warszawa\/wp-content\/uploads\/sites\/29\/2016\/07\/Nowe-miasto2.png\" alt=\"Nowe miasto2\" \/><\/a><\/div><div class=\"su-slider-slide\"><a href=\"https:\/\/bonifratrzy.pl\/dom-geriatryczno-rehabilitacyjny-warszawa\/wp-content\/uploads\/sites\/29\/2016\/07\/Nowe-miasto1.png\"  target=\"_blank\" title=\"Nowe miasto1\"><img decoding=\"async\" src=\"https:\/\/bonifratrzy.pl\/dom-geriatryczno-rehabilitacyjny-warszawa\/wp-content\/uploads\/sites\/29\/2016\/07\/Nowe-miasto1.png\" alt=\"Nowe miasto1\" \/><\/a><\/div><div class=\"su-slider-slide\"><a href=\"https:\/\/bonifratrzy.pl\/dom-geriatryczno-rehabilitacyjny-warszawa\/wp-content\/uploads\/sites\/29\/2016\/07\/nowe-miasto-kolaz.png\"  target=\"_blank\" title=\"nowe miasto kolaz\"><img decoding=\"async\" src=\"https:\/\/bonifratrzy.pl\/dom-geriatryczno-rehabilitacyjny-warszawa\/wp-content\/uploads\/sites\/29\/2016\/07\/nowe-miasto-kolaz.png\" alt=\"nowe miasto kolaz\" \/><\/a><\/div><\/div><div class=\"su-slider-nav\"><div class=\"su-slider-direction\"><span class=\"su-slider-prev\"><\/span><span class=\"su-slider-next\"><\/span><\/div><div class=\"su-slider-pagination\"><\/div><\/div><\/div>\n<p style=\"direction: ltr\"><strong>2017-05-28<\/strong><\/p>\n<p style=\"direction: ltr\"><strong>III Piknik Rodzinny.<\/strong><\/p>\n<blockquote class=\"wp-embedded-content\" data-secret=\"L3K3QbImVe\"><p><a href=\"https:\/\/bonifratrzy.pl\/klasztor-warszawa-sapiezynska\/2017\/05\/31\/piknik-rodzinny-2017\/\">Piknik Rodzinny 2017<\/a><\/p><\/blockquote>\n<p><iframe class=\"wp-embedded-content\" sandbox=\"allow-scripts\" security=\"restricted\" style=\"position: absolute; clip: rect(1px, 1px, 1px, 1px);\" title=\"&#8222;Piknik Rodzinny 2017&#8221; &#8212; Bonifratrzy - Klasztor w Warszawie p.w. \u015bw. Ryszarda Pampuri\" src=\"https:\/\/bonifratrzy.pl\/klasztor-warszawa-sapiezynska\/2017\/05\/31\/piknik-rodzinny-2017\/embed\/#?secret=AzGyzmmEnt#?secret=L3K3QbImVe\" data-secret=\"L3K3QbImVe\" width=\"500\" height=\"282\" frameborder=\"0\" marginwidth=\"0\" marginheight=\"0\" scrolling=\"no\"><\/iframe><\/p>\n<p style=\"direction: ltr\"><strong>2017-05-23<\/strong><\/p>\n<p style=\"direction: ltr\"><strong>Zebranie Wolontariuszy.<\/strong><\/p>\n<p style=\"direction: ltr\"><strong>2017-05-01<\/strong><\/p>\n<p style=\"direction: ltr\"><strong>Odpust ku czci \u015bw.\u00a0Ryszarda Pampuri.<\/strong><\/p>\n<blockquote class=\"wp-embedded-content\" data-secret=\"EY26sPU0Rk\"><p><a href=\"https:\/\/bonifratrzy.pl\/klasztor-warszawa-sapiezynska\/2017\/05\/08\/odpust-ku-czci-sw-ryszarda-pampuri-1maja-2017\/\">Odpust ku&nbsp;czci \u015bw.&nbsp;Ryszarda Pampuri &#8211; 1maja 2017<\/a><\/p><\/blockquote>\n<p><iframe class=\"wp-embedded-content\" sandbox=\"allow-scripts\" security=\"restricted\" style=\"position: absolute; clip: rect(1px, 1px, 1px, 1px);\" title=\"&#8222;Odpust ku&nbsp;czci \u015bw.&nbsp;Ryszarda Pampuri &#8211; 1maja 2017&#8221; &#8212; Bonifratrzy - Klasztor w Warszawie p.w. \u015bw. Ryszarda Pampuri\" src=\"https:\/\/bonifratrzy.pl\/klasztor-warszawa-sapiezynska\/2017\/05\/08\/odpust-ku-czci-sw-ryszarda-pampuri-1maja-2017\/embed\/#?secret=isq6Ew68pc#?secret=EY26sPU0Rk\" data-secret=\"EY26sPU0Rk\" width=\"500\" height=\"282\" frameborder=\"0\" marginwidth=\"0\" marginheight=\"0\" scrolling=\"no\"><\/iframe><\/p>\n<p style=\"direction: ltr\"><strong>2017-04-21<\/strong><\/p>\n<p style=\"direction: ltr\"><strong>Zebranie wolontariuszy.<\/strong><\/p>\n<p style=\"direction: ltr\"><strong>2017-04-10<\/strong><\/p>\n<p style=\"direction: ltr\"><strong>&#8222;Jajeczko&#8221;<\/strong><\/p>\n<p style=\"direction: ltr\">Dzi\u015b odby\u0142o si\u0119 spotkanie braci, pracownik\u00f3w oraz wolontariuszy\u00a0przy Wielkanocnym stole.<\/p>\n<p style=\"direction: ltr\"><strong>2017-03-31<\/strong><\/p>\n<p style=\"direction: ltr\">Wsp\u00f3lnie z pensjonariuszami, wsp\u00f3\u0142pracownikami, bra\u0107mi i wolontariuszami wzi\u0119li\u015bmy udzia\u0142 w Drodze Krzy\u017cowej.<\/p>\n<p style=\"direction: ltr\"><strong>2017-03-24<\/strong><\/p>\n<p style=\"direction: ltr\"><strong>Kolejne zebranie Wolontariuszy.<\/strong><\/p>\n<p style=\"direction: ltr\">Go\u015bcili\u015bmy dzi\u015b ks. Wojciecha, &#8222;opiekuna duchowego&#8221; naszego wolontariatu.<\/p>\n<p style=\"direction: ltr\"><strong>2017-03-08<\/strong><\/p>\n<h4>Odpust ku czci \u015bw.\u00a0Jana Bo\u017cego.<\/h4>\n<p>Razem z wolontariuszami i wsp\u00f3\u0142pracownikami wzi\u0119li\u015bmy udzia\u0142 w uroczystej Mszy \u015awi\u0119tej celebrowanej przez biskupa Stefana Regmunta. Zapraszamy do galerii.<\/p>\n<blockquote class=\"wp-embedded-content\" data-secret=\"IjOdRR5W23\"><p><a href=\"https:\/\/bonifratrzy.pl\/klasztor-warszawa-sapiezynska\/2017\/03\/13\/odpust-ku-czci-sw-jana-bozego-8-marca-2017r\/\">Odpust ku&nbsp;czci \u015bw.&nbsp;Jana Bo\u017cego &#8211; 8 marca 2017r.<\/a><\/p><\/blockquote>\n<p><iframe class=\"wp-embedded-content\" sandbox=\"allow-scripts\" security=\"restricted\" style=\"position: absolute; clip: rect(1px, 1px, 1px, 1px);\" title=\"&#8222;Odpust ku&nbsp;czci \u015bw.&nbsp;Jana Bo\u017cego &#8211; 8 marca 2017r.&#8221; &#8212; Bonifratrzy - Klasztor w Warszawie p.w. \u015bw. Ryszarda Pampuri\" src=\"https:\/\/bonifratrzy.pl\/klasztor-warszawa-sapiezynska\/2017\/03\/13\/odpust-ku-czci-sw-jana-bozego-8-marca-2017r\/embed\/#?secret=CDmrifPKwt#?secret=IjOdRR5W23\" data-secret=\"IjOdRR5W23\" width=\"500\" height=\"282\" frameborder=\"0\" marginwidth=\"0\" marginheight=\"0\" scrolling=\"no\"><\/iframe><\/p>\n<p style=\"direction: ltr\"><strong>2017-02-28<\/strong><\/p>\n<p style=\"direction: ltr\"><strong>Zabawa Karnawa\u0142owa.<\/strong><\/p>\n<p style=\"direction: ltr\"><img loading=\"lazy\" decoding=\"async\" class=\"alignnone size-full wp-image-394\" src=\"https:\/\/bonifratrzy.pl\/dom-geriatryczno-rehabilitacyjny-warszawa\/wp-content\/uploads\/sites\/29\/2016\/07\/karnawal2017.png\" alt=\"karnawal2017\" width=\"1000\" height=\"674\" srcset=\"https:\/\/bonifratrzy.pl\/dom-geriatryczno-rehabilitacyjny-warszawa\/wp-content\/uploads\/sites\/29\/2016\/07\/karnawal2017.png 1000w, https:\/\/bonifratrzy.pl\/dom-geriatryczno-rehabilitacyjny-warszawa\/wp-content\/uploads\/sites\/29\/2016\/07\/karnawal2017-300x202.png 300w, https:\/\/bonifratrzy.pl\/dom-geriatryczno-rehabilitacyjny-warszawa\/wp-content\/uploads\/sites\/29\/2016\/07\/karnawal2017-768x518.png 768w, https:\/\/bonifratrzy.pl\/dom-geriatryczno-rehabilitacyjny-warszawa\/wp-content\/uploads\/sites\/29\/2016\/07\/karnawal2017-272x182.png 272w\" sizes=\"(max-width: 1000px) 100vw, 1000px\" \/><\/p>\n<p style=\"direction: ltr\"><strong>2017-01-27<\/strong><\/p>\n<p style=\"direction: ltr\"><strong>Zebranie wolontariuszy.<\/strong><\/p>\n<p style=\"direction: ltr\"><strong>2017-01-24<\/strong><\/p>\n<p style=\"direction: ltr\"><strong>Koncert kol\u0119d i pastora\u0142ek.<\/strong><\/p>\n<p style=\"direction: ltr\"><img loading=\"lazy\" decoding=\"async\" class=\"alignnone size-full wp-image-389\" src=\"https:\/\/bonifratrzy.pl\/dom-geriatryczno-rehabilitacyjny-warszawa\/wp-content\/uploads\/sites\/29\/2017\/02\/koncert-kol\u0119d-i-pastora\u0142ek.jpg\" alt=\"koncert kol\u0119d i pastora\u0142ek\" width=\"679\" height=\"960\" srcset=\"https:\/\/bonifratrzy.pl\/dom-geriatryczno-rehabilitacyjny-warszawa\/wp-content\/uploads\/sites\/29\/2017\/02\/koncert-kol\u0119d-i-pastora\u0142ek.jpg 679w, https:\/\/bonifratrzy.pl\/dom-geriatryczno-rehabilitacyjny-warszawa\/wp-content\/uploads\/sites\/29\/2017\/02\/koncert-kol\u0119d-i-pastora\u0142ek-212x300.jpg 212w\" sizes=\"(max-width: 679px) 100vw, 679px\" \/><\/p>\n<p style=\"direction: ltr\"><strong>2017-01-17<\/strong><\/p>\n<p style=\"direction: ltr\"><strong>Koncert kol\u0119d w wykonaniu zespo\u0142u &#8222;Czerwone korale&#8221;.<\/strong><\/p>\n<p style=\"direction: ltr\"><img loading=\"lazy\" decoding=\"async\" class=\"alignnone size-full wp-image-387\" src=\"https:\/\/bonifratrzy.pl\/dom-geriatryczno-rehabilitacyjny-warszawa\/wp-content\/uploads\/sites\/29\/2017\/02\/czerwone-korale.jpg\" alt=\"czerwone korale\" width=\"960\" height=\"540\" srcset=\"https:\/\/bonifratrzy.pl\/dom-geriatryczno-rehabilitacyjny-warszawa\/wp-content\/uploads\/sites\/29\/2017\/02\/czerwone-korale.jpg 960w, https:\/\/bonifratrzy.pl\/dom-geriatryczno-rehabilitacyjny-warszawa\/wp-content\/uploads\/sites\/29\/2017\/02\/czerwone-korale-300x169.jpg 300w, https:\/\/bonifratrzy.pl\/dom-geriatryczno-rehabilitacyjny-warszawa\/wp-content\/uploads\/sites\/29\/2017\/02\/czerwone-korale-768x432.jpg 768w\" sizes=\"(max-width: 960px) 100vw, 960px\" \/><\/p>\n<p style=\"direction: ltr\"><strong>2016-12-6<\/strong><\/p>\n<p style=\"direction: ltr\"><strong>Miko\u0142ajki<\/strong><\/p>\n<blockquote class=\"wp-embedded-content\" data-secret=\"4mQrCPgZXX\"><p><a href=\"https:\/\/bonifratrzy.pl\/klasztor-warszawa-sapiezynska\/2016\/12\/21\/sw-mikolaj-6-grudnia-2016-r\/\">\u015aw. Miko\u0142aj \u2013 6 grudnia 2016&nbsp;r.<\/a><\/p><\/blockquote>\n<p><iframe class=\"wp-embedded-content\" sandbox=\"allow-scripts\" security=\"restricted\" style=\"position: absolute; clip: rect(1px, 1px, 1px, 1px);\" title=\"&#8222;\u015aw. Miko\u0142aj \u2013 6 grudnia 2016&nbsp;r.&#8221; &#8212; Bonifratrzy - Klasztor w Warszawie p.w. \u015bw. Ryszarda Pampuri\" src=\"https:\/\/bonifratrzy.pl\/klasztor-warszawa-sapiezynska\/2016\/12\/21\/sw-mikolaj-6-grudnia-2016-r\/embed\/#?secret=QiTAq0QcXV#?secret=4mQrCPgZXX\" data-secret=\"4mQrCPgZXX\" width=\"500\" height=\"282\" frameborder=\"0\" marginwidth=\"0\" marginheight=\"0\" scrolling=\"no\"><\/iframe><\/p>\n<p style=\"direction: ltr\"><strong>2016-12-5<\/strong><\/p>\n<p style=\"direction: ltr\"><strong>Mi\u0119dzynarodowy Dzie\u0144 Wolontariusza<\/strong><\/p>\n<p style=\"direction: ltr\"><img loading=\"lazy\" decoding=\"async\" class=\"alignnone size-full wp-image-383\" src=\"https:\/\/bonifratrzy.pl\/dom-geriatryczno-rehabilitacyjny-warszawa\/wp-content\/uploads\/sites\/29\/2017\/02\/dzien-wolontariusza-2016.jpg\" alt=\"dzien wolontariusza 2016\" width=\"1856\" height=\"1360\" srcset=\"https:\/\/bonifratrzy.pl\/dom-geriatryczno-rehabilitacyjny-warszawa\/wp-content\/uploads\/sites\/29\/2017\/02\/dzien-wolontariusza-2016.jpg 1856w, https:\/\/bonifratrzy.pl\/dom-geriatryczno-rehabilitacyjny-warszawa\/wp-content\/uploads\/sites\/29\/2017\/02\/dzien-wolontariusza-2016-300x220.jpg 300w, https:\/\/bonifratrzy.pl\/dom-geriatryczno-rehabilitacyjny-warszawa\/wp-content\/uploads\/sites\/29\/2017\/02\/dzien-wolontariusza-2016-768x563.jpg 768w, https:\/\/bonifratrzy.pl\/dom-geriatryczno-rehabilitacyjny-warszawa\/wp-content\/uploads\/sites\/29\/2017\/02\/dzien-wolontariusza-2016-1024x750.jpg 1024w\" sizes=\"(max-width: 1856px) 100vw, 1856px\" \/><\/p>\n<p style=\"direction: ltr\"><strong>2016-11-18<\/strong><\/p>\n<p style=\"direction: ltr\"><strong>Zebranie Wolontariuszy i szkolenie BHP.<\/strong><\/p>\n<p style=\"direction: ltr\"><img loading=\"lazy\" decoding=\"async\" class=\"alignnone size-full wp-image-361\" src=\"https:\/\/bonifratrzy.pl\/dom-geriatryczno-rehabilitacyjny-warszawa\/wp-content\/uploads\/sites\/29\/2016\/11\/spotkanie-wol-18.11.16r.png\" alt=\"spotkanie wol 18.11.16r\" width=\"1000\" height=\"563\" srcset=\"https:\/\/bonifratrzy.pl\/dom-geriatryczno-rehabilitacyjny-warszawa\/wp-content\/uploads\/sites\/29\/2016\/11\/spotkanie-wol-18.11.16r.png 1000w, https:\/\/bonifratrzy.pl\/dom-geriatryczno-rehabilitacyjny-warszawa\/wp-content\/uploads\/sites\/29\/2016\/11\/spotkanie-wol-18.11.16r-300x169.png 300w, https:\/\/bonifratrzy.pl\/dom-geriatryczno-rehabilitacyjny-warszawa\/wp-content\/uploads\/sites\/29\/2016\/11\/spotkanie-wol-18.11.16r-768x432.png 768w\" sizes=\"(max-width: 1000px) 100vw, 1000px\" \/><\/p>\n<p style=\"direction: ltr\"><strong>2016-10-23<\/strong><\/p>\n<p style=\"direction: ltr\"><strong>Tego dnia uczestniczyli\u015bmy we Mszy \u015awi\u0119tej odprawionej w naszej Kaplicy w intencji \u015bp. Micha\u0142a Masny &#8211; wolontariusza.<\/strong><\/p>\n<p style=\"direction: ltr\"><strong>2016-10-21<\/strong><\/p>\n<p style=\"direction: ltr\"><strong>Odby\u0142o si\u0119 dzi\u015b kolejne zebranie wolontariuszy oraz szkolenie BHP.<\/strong><\/p>\n<p style=\"direction: ltr\"><strong>2016-10-18<\/strong><\/p>\n<p style=\"direction: ltr\"><strong>Pogrzeb wolontariusza &#8211; \u015bp. Micha\u0142a Masny.<\/strong><\/p>\n<p style=\"direction: ltr\">W dniu wczorajszym dotar\u0142a do nas smutna informacja o \u015bmierci jednego z naszych Wolontariuszy &#8211; \u015bp. Micha\u0142a Masny. Dzi\u015b razem z delegacj\u0105\u00a0braci bonifratr\u00f3w, wsp\u00f3\u0142pracownik\u00f3w i wolontariuszy po\u017cegnali\u015bmy \u015bp. Micha\u0142a i towarzyszyli\u015bmy Mu w Jego ostatniej drodze.<\/p>\n<p style=\"direction: ltr\">Wieczny odpoczynek racz Mu da\u0107 Panie&#8230;<\/p>\n<p style=\"direction: ltr\"><strong>2016-10-05<\/strong><\/p>\n<p style=\"direction: ltr\"><strong>Koncert pie\u015bni religijnych w wykonaniu wychowanek Bursy Nr 1 z okazji przypadaj\u0105cego na dzie\u0144 1 pa\u017adziernika Mi\u0119dzynarodowego Dnia Seniora.<\/strong><\/p>\n<p style=\"direction: ltr\"><strong>2016-10-02<\/strong><\/p>\n<p style=\"direction: ltr\"><strong>Przedstawienie z okazji dnia Seniora przygotowane przez Zuchenki z Referatu Dzika R\u00f3\u017ca.<\/strong><\/p>\n<p style=\"direction: ltr\"><strong>2016-09-30<\/strong><\/p>\n<p style=\"direction: ltr\"><strong>Zebranie Wolontariuszy i szkolenie BHP.<\/strong><\/p>\n<p style=\"direction: ltr\"><img loading=\"lazy\" decoding=\"async\" class=\"alignnone size-full wp-image-362\" src=\"https:\/\/bonifratrzy.pl\/dom-geriatryczno-rehabilitacyjny-warszawa\/wp-content\/uploads\/sites\/29\/2016\/11\/spotkanie-wol-30.09.16r.png\" alt=\"spotkanie wol 30.09.16r\" width=\"1000\" height=\"363\" srcset=\"https:\/\/bonifratrzy.pl\/dom-geriatryczno-rehabilitacyjny-warszawa\/wp-content\/uploads\/sites\/29\/2016\/11\/spotkanie-wol-30.09.16r.png 1000w, https:\/\/bonifratrzy.pl\/dom-geriatryczno-rehabilitacyjny-warszawa\/wp-content\/uploads\/sites\/29\/2016\/11\/spotkanie-wol-30.09.16r-300x109.png 300w, https:\/\/bonifratrzy.pl\/dom-geriatryczno-rehabilitacyjny-warszawa\/wp-content\/uploads\/sites\/29\/2016\/11\/spotkanie-wol-30.09.16r-768x279.png 768w\" sizes=\"(max-width: 1000px) 100vw, 1000px\" \/><\/p>\n<p style=\"direction: ltr\"><strong>2016-09-27<\/strong><\/p>\n<p style=\"direction: ltr\"><strong>Spacer do Domu Spotka\u0144 z Histori\u0105 na wystaw\u0119 pt. &#8222;Kocham fotografi\u0119&#8221;.<\/strong><\/p>\n<p style=\"direction: ltr\"><div id=\"su_slider_69f12dc1e0b10\" class=\"su-slider su-slider-centered su-slider-pages-yes su-slider-responsive-yes su-lightbox-gallery\" style=\"width:100%\" data-autoplay=\"100\" data-speed=\"0\" data-mousewheel=\"true\"><div class=\"su-slider-slides\"><div class=\"su-slider-slide\"><a href=\"https:\/\/bonifratrzy.pl\/dom-geriatryczno-rehabilitacyjny-warszawa\/wp-content\/uploads\/sites\/29\/2016\/11\/DSH10.png\"  target=\"_blank\" title=\"DSH10\"><img decoding=\"async\" src=\"https:\/\/bonifratrzy.pl\/dom-geriatryczno-rehabilitacyjny-warszawa\/wp-content\/uploads\/sites\/29\/2016\/11\/DSH10.png\" alt=\"DSH10\" \/><\/a><\/div><div class=\"su-slider-slide\"><a href=\"https:\/\/bonifratrzy.pl\/dom-geriatryczno-rehabilitacyjny-warszawa\/wp-content\/uploads\/sites\/29\/2016\/11\/DSH9.png\"  target=\"_blank\" title=\"DSH9\"><img decoding=\"async\" src=\"https:\/\/bonifratrzy.pl\/dom-geriatryczno-rehabilitacyjny-warszawa\/wp-content\/uploads\/sites\/29\/2016\/11\/DSH9.png\" alt=\"DSH9\" \/><\/a><\/div><div class=\"su-slider-slide\"><a href=\"https:\/\/bonifratrzy.pl\/dom-geriatryczno-rehabilitacyjny-warszawa\/wp-content\/uploads\/sites\/29\/2016\/11\/DSH8.png\"  target=\"_blank\" title=\"DSH8\"><img decoding=\"async\" src=\"https:\/\/bonifratrzy.pl\/dom-geriatryczno-rehabilitacyjny-warszawa\/wp-content\/uploads\/sites\/29\/2016\/11\/DSH8.png\" alt=\"DSH8\" \/><\/a><\/div><div class=\"su-slider-slide\"><a href=\"https:\/\/bonifratrzy.pl\/dom-geriatryczno-rehabilitacyjny-warszawa\/wp-content\/uploads\/sites\/29\/2016\/11\/DSH7.png\"  target=\"_blank\" title=\"DSH7\"><img decoding=\"async\" src=\"https:\/\/bonifratrzy.pl\/dom-geriatryczno-rehabilitacyjny-warszawa\/wp-content\/uploads\/sites\/29\/2016\/11\/DSH7.png\" alt=\"DSH7\" \/><\/a><\/div><div class=\"su-slider-slide\"><a href=\"https:\/\/bonifratrzy.pl\/dom-geriatryczno-rehabilitacyjny-warszawa\/wp-content\/uploads\/sites\/29\/2016\/11\/DSH6.png\"  target=\"_blank\" title=\"DSH6\"><img decoding=\"async\" src=\"https:\/\/bonifratrzy.pl\/dom-geriatryczno-rehabilitacyjny-warszawa\/wp-content\/uploads\/sites\/29\/2016\/11\/DSH6.png\" alt=\"DSH6\" \/><\/a><\/div><div class=\"su-slider-slide\"><a href=\"https:\/\/bonifratrzy.pl\/dom-geriatryczno-rehabilitacyjny-warszawa\/wp-content\/uploads\/sites\/29\/2016\/11\/DSH5.png\"  target=\"_blank\" title=\"DSH5\"><img decoding=\"async\" src=\"https:\/\/bonifratrzy.pl\/dom-geriatryczno-rehabilitacyjny-warszawa\/wp-content\/uploads\/sites\/29\/2016\/11\/DSH5.png\" alt=\"DSH5\" \/><\/a><\/div><div class=\"su-slider-slide\"><a href=\"https:\/\/bonifratrzy.pl\/dom-geriatryczno-rehabilitacyjny-warszawa\/wp-content\/uploads\/sites\/29\/2016\/11\/DSH4.png\"  target=\"_blank\" title=\"DSH4\"><img decoding=\"async\" src=\"https:\/\/bonifratrzy.pl\/dom-geriatryczno-rehabilitacyjny-warszawa\/wp-content\/uploads\/sites\/29\/2016\/11\/DSH4.png\" alt=\"DSH4\" \/><\/a><\/div><div class=\"su-slider-slide\"><a href=\"https:\/\/bonifratrzy.pl\/dom-geriatryczno-rehabilitacyjny-warszawa\/wp-content\/uploads\/sites\/29\/2016\/11\/DSH3.png\"  target=\"_blank\" title=\"DSH3\"><img decoding=\"async\" src=\"https:\/\/bonifratrzy.pl\/dom-geriatryczno-rehabilitacyjny-warszawa\/wp-content\/uploads\/sites\/29\/2016\/11\/DSH3.png\" alt=\"DSH3\" \/><\/a><\/div><div class=\"su-slider-slide\"><a href=\"https:\/\/bonifratrzy.pl\/dom-geriatryczno-rehabilitacyjny-warszawa\/wp-content\/uploads\/sites\/29\/2016\/11\/DSH2.png\"  target=\"_blank\" title=\"DSH2\"><img decoding=\"async\" src=\"https:\/\/bonifratrzy.pl\/dom-geriatryczno-rehabilitacyjny-warszawa\/wp-content\/uploads\/sites\/29\/2016\/11\/DSH2.png\" alt=\"DSH2\" \/><\/a><\/div><div class=\"su-slider-slide\"><a href=\"https:\/\/bonifratrzy.pl\/dom-geriatryczno-rehabilitacyjny-warszawa\/wp-content\/uploads\/sites\/29\/2016\/11\/DSH1.png\"  target=\"_blank\" title=\"DSH1\"><img decoding=\"async\" src=\"https:\/\/bonifratrzy.pl\/dom-geriatryczno-rehabilitacyjny-warszawa\/wp-content\/uploads\/sites\/29\/2016\/11\/DSH1.png\" alt=\"DSH1\" \/><\/a><\/div><\/div><div class=\"su-slider-nav\"><div class=\"su-slider-direction\"><span class=\"su-slider-prev\"><\/span><span class=\"su-slider-next\"><\/span><\/div><div class=\"su-slider-pagination\"><\/div><\/div><\/div>\n<p style=\"direction: ltr\"><strong>2016-09-07<\/strong><\/p>\n<p style=\"direction: ltr\"><strong>Spacer do Parku Traugutta.<\/strong><\/p>\n<p style=\"direction: ltr\">Dzi\u0119ki pomocy personelu oraz niezawodnych wolontariuszy udali\u015bmy si\u0119 tego dnia na spacer do pobliskiego Parku Traugutta.<\/p>\n<p style=\"direction: ltr\"><div id=\"su_carousel_69f12dc1e669c\" class=\"su-carousel su-carousel-centered su-carousel-pages-no su-carousel-responsive-yes\" style=\"width:100%\" data-autoplay=\"100\" data-speed=\"0\" data-mousewheel=\"true\" data-items=\"1\" data-scroll=\"1\"><div class=\"su-carousel-slides\"><div class=\"su-carousel-slide\"><a href=\"https:\/\/bonifratrzy.pl\/dom-geriatryczno-rehabilitacyjny-warszawa\/wp-content\/uploads\/sites\/29\/2016\/09\/parktraugutta7.png\" target=\"_blank\" title=\"parktraugutta7\"><img decoding=\"async\" src=\"https:\/\/bonifratrzy.pl\/dom-geriatryczno-rehabilitacyjny-warszawa\/wp-content\/uploads\/sites\/29\/2016\/09\/parktraugutta7.png\" alt=\"parktraugutta7\" \/><\/a><\/div><div class=\"su-carousel-slide\"><a href=\"https:\/\/bonifratrzy.pl\/dom-geriatryczno-rehabilitacyjny-warszawa\/wp-content\/uploads\/sites\/29\/2016\/09\/parktraugutta6.png\" target=\"_blank\" title=\"parktraugutta6\"><img decoding=\"async\" src=\"https:\/\/bonifratrzy.pl\/dom-geriatryczno-rehabilitacyjny-warszawa\/wp-content\/uploads\/sites\/29\/2016\/09\/parktraugutta6.png\" alt=\"parktraugutta6\" \/><\/a><\/div><div class=\"su-carousel-slide\"><a href=\"https:\/\/bonifratrzy.pl\/dom-geriatryczno-rehabilitacyjny-warszawa\/wp-content\/uploads\/sites\/29\/2016\/09\/parktraugutta5.png\" target=\"_blank\" title=\"parktraugutta5\"><img decoding=\"async\" src=\"https:\/\/bonifratrzy.pl\/dom-geriatryczno-rehabilitacyjny-warszawa\/wp-content\/uploads\/sites\/29\/2016\/09\/parktraugutta5.png\" alt=\"parktraugutta5\" \/><\/a><\/div><div class=\"su-carousel-slide\"><a href=\"https:\/\/bonifratrzy.pl\/dom-geriatryczno-rehabilitacyjny-warszawa\/wp-content\/uploads\/sites\/29\/2016\/09\/parktraugutta4.png\" target=\"_blank\" title=\"parktraugutta4\"><img decoding=\"async\" src=\"https:\/\/bonifratrzy.pl\/dom-geriatryczno-rehabilitacyjny-warszawa\/wp-content\/uploads\/sites\/29\/2016\/09\/parktraugutta4.png\" alt=\"parktraugutta4\" \/><\/a><\/div><div class=\"su-carousel-slide\"><a href=\"https:\/\/bonifratrzy.pl\/dom-geriatryczno-rehabilitacyjny-warszawa\/wp-content\/uploads\/sites\/29\/2016\/09\/parktraugutta3.png\" target=\"_blank\" title=\"parktraugutta3\"><img decoding=\"async\" src=\"https:\/\/bonifratrzy.pl\/dom-geriatryczno-rehabilitacyjny-warszawa\/wp-content\/uploads\/sites\/29\/2016\/09\/parktraugutta3.png\" alt=\"parktraugutta3\" \/><\/a><\/div><div class=\"su-carousel-slide\"><a href=\"https:\/\/bonifratrzy.pl\/dom-geriatryczno-rehabilitacyjny-warszawa\/wp-content\/uploads\/sites\/29\/2016\/09\/parktraugutta2.png\" target=\"_blank\" title=\"parktraugutta2\"><img decoding=\"async\" src=\"https:\/\/bonifratrzy.pl\/dom-geriatryczno-rehabilitacyjny-warszawa\/wp-content\/uploads\/sites\/29\/2016\/09\/parktraugutta2.png\" alt=\"parktraugutta2\" \/><\/a><\/div><div class=\"su-carousel-slide\"><a href=\"https:\/\/bonifratrzy.pl\/dom-geriatryczno-rehabilitacyjny-warszawa\/wp-content\/uploads\/sites\/29\/2016\/09\/parktraugutta1.png\" target=\"_blank\" title=\"parktraugutta1\"><img decoding=\"async\" src=\"https:\/\/bonifratrzy.pl\/dom-geriatryczno-rehabilitacyjny-warszawa\/wp-content\/uploads\/sites\/29\/2016\/09\/parktraugutta1.png\" alt=\"parktraugutta1\" \/><\/a><\/div><\/div><div class=\"su-carousel-nav\"><div class=\"su-carousel-direction\"><span class=\"su-carousel-prev\"><\/span><span class=\"su-carousel-next\"><\/span><\/div><div class=\"su-carousel-pagination\"><\/div><\/div><\/div>\n<p style=\"direction: ltr\"><strong>2016-08-26<\/strong><\/p>\n<p style=\"direction: ltr\"><strong>Spotkanie wolontariuszy.<\/strong><\/p>\n<p style=\"direction: ltr\"><div id=\"su_slider_69f12dc1eac99\" class=\"su-slider su-slider-centered su-slider-pages-yes su-slider-responsive-yes su-lightbox-gallery\" style=\"width:100%\" data-autoplay=\"0\" data-speed=\"0\" data-mousewheel=\"true\"><div class=\"su-slider-slides\"><div class=\"su-slider-slide\"><a href=\"https:\/\/bonifratrzy.pl\/dom-geriatryczno-rehabilitacyjny-warszawa\/wp-content\/uploads\/sites\/29\/2016\/08\/spotkwol2.png\"  target=\"_blank\" title=\"spotkwol2\"><img decoding=\"async\" src=\"https:\/\/bonifratrzy.pl\/dom-geriatryczno-rehabilitacyjny-warszawa\/wp-content\/uploads\/sites\/29\/2016\/08\/spotkwol2.png\" alt=\"spotkwol2\" \/><\/a><\/div><div class=\"su-slider-slide\"><a href=\"https:\/\/bonifratrzy.pl\/dom-geriatryczno-rehabilitacyjny-warszawa\/wp-content\/uploads\/sites\/29\/2016\/08\/spotkaniewol1.png\"  target=\"_blank\" title=\"spotkaniewol1\"><img decoding=\"async\" src=\"https:\/\/bonifratrzy.pl\/dom-geriatryczno-rehabilitacyjny-warszawa\/wp-content\/uploads\/sites\/29\/2016\/08\/spotkaniewol1.png\" alt=\"spotkaniewol1\" \/><\/a><\/div><\/div><div class=\"su-slider-nav\"><div class=\"su-slider-direction\"><span class=\"su-slider-prev\"><\/span><span class=\"su-slider-next\"><\/span><\/div><div class=\"su-slider-pagination\"><\/div><\/div><\/div>\n<p style=\"direction: ltr\"><strong>2016-08-24<\/strong><\/p>\n<p style=\"direction: ltr\"><strong>Wycieczka do Muzeum Katy\u0144skiego.<\/strong><\/p>\n<p style=\"direction: ltr\">Dzi\u0119kujemy wolontariuszom za pomoc w zorganizowaniu wycieczki. Ich obecno\u015b\u0107 sprawi\u0142a, \u017ce mogli\u015bmy uda\u0107 si\u0119 tam tak du\u017c\u0105 grup\u0105. Jeste\u015bmy przekonani, \u017ce jeszcze nieraz udamy si\u0119 do Muzeum Katy\u0144skiego, aby obejrze\u0107 w zadumie ciekawe zbiory oraz pos\u0142ucha\u0107 uroczej pani przewodnik.<\/p>\n<p style=\"direction: ltr\"><div id=\"su_carousel_69f12dc1ec638\" class=\"su-carousel su-carousel-centered su-carousel-pages-no su-carousel-responsive-yes su-lightbox-gallery\" style=\"width:100%\" data-autoplay=\"3000\" data-speed=\"0\" data-mousewheel=\"true\" data-items=\"1\" data-scroll=\"1\"><div class=\"su-carousel-slides\"><div class=\"su-carousel-slide\"><a href=\"https:\/\/bonifratrzy.pl\/dom-geriatryczno-rehabilitacyjny-warszawa\/wp-content\/uploads\/sites\/29\/2016\/08\/muzkatyn10.png\" target=\"_blank\" title=\"muzkatyn10\"><img decoding=\"async\" src=\"https:\/\/bonifratrzy.pl\/dom-geriatryczno-rehabilitacyjny-warszawa\/wp-content\/uploads\/sites\/29\/2016\/08\/muzkatyn10.png\" alt=\"muzkatyn10\" \/><\/a><\/div><div class=\"su-carousel-slide\"><a href=\"https:\/\/bonifratrzy.pl\/dom-geriatryczno-rehabilitacyjny-warszawa\/wp-content\/uploads\/sites\/29\/2016\/08\/muzkatyn9.png\" target=\"_blank\" title=\"muzkatyn9\"><img decoding=\"async\" src=\"https:\/\/bonifratrzy.pl\/dom-geriatryczno-rehabilitacyjny-warszawa\/wp-content\/uploads\/sites\/29\/2016\/08\/muzkatyn9.png\" alt=\"muzkatyn9\" \/><\/a><\/div><div class=\"su-carousel-slide\"><a href=\"https:\/\/bonifratrzy.pl\/dom-geriatryczno-rehabilitacyjny-warszawa\/wp-content\/uploads\/sites\/29\/2016\/08\/muzkatyn8.png\" target=\"_blank\" title=\"muzkatyn8\"><img decoding=\"async\" src=\"https:\/\/bonifratrzy.pl\/dom-geriatryczno-rehabilitacyjny-warszawa\/wp-content\/uploads\/sites\/29\/2016\/08\/muzkatyn8.png\" alt=\"muzkatyn8\" \/><\/a><\/div><div class=\"su-carousel-slide\"><a href=\"https:\/\/bonifratrzy.pl\/dom-geriatryczno-rehabilitacyjny-warszawa\/wp-content\/uploads\/sites\/29\/2016\/08\/muzkatyn7.png\" target=\"_blank\" title=\"muzkatyn7\"><img decoding=\"async\" src=\"https:\/\/bonifratrzy.pl\/dom-geriatryczno-rehabilitacyjny-warszawa\/wp-content\/uploads\/sites\/29\/2016\/08\/muzkatyn7.png\" alt=\"muzkatyn7\" \/><\/a><\/div><div class=\"su-carousel-slide\"><a href=\"https:\/\/bonifratrzy.pl\/dom-geriatryczno-rehabilitacyjny-warszawa\/wp-content\/uploads\/sites\/29\/2016\/08\/muzkatyn6.png\" target=\"_blank\" title=\"muzkatyn6\"><img decoding=\"async\" src=\"https:\/\/bonifratrzy.pl\/dom-geriatryczno-rehabilitacyjny-warszawa\/wp-content\/uploads\/sites\/29\/2016\/08\/muzkatyn6.png\" alt=\"muzkatyn6\" \/><\/a><\/div><div class=\"su-carousel-slide\"><a href=\"https:\/\/bonifratrzy.pl\/dom-geriatryczno-rehabilitacyjny-warszawa\/wp-content\/uploads\/sites\/29\/2016\/08\/muzkatyn5.png\" target=\"_blank\" title=\"muzkatyn5\"><img decoding=\"async\" src=\"https:\/\/bonifratrzy.pl\/dom-geriatryczno-rehabilitacyjny-warszawa\/wp-content\/uploads\/sites\/29\/2016\/08\/muzkatyn5.png\" alt=\"muzkatyn5\" \/><\/a><\/div><div class=\"su-carousel-slide\"><a href=\"https:\/\/bonifratrzy.pl\/dom-geriatryczno-rehabilitacyjny-warszawa\/wp-content\/uploads\/sites\/29\/2016\/08\/muzkatyn4.png\" target=\"_blank\" title=\"muzkatyn4\"><img decoding=\"async\" src=\"https:\/\/bonifratrzy.pl\/dom-geriatryczno-rehabilitacyjny-warszawa\/wp-content\/uploads\/sites\/29\/2016\/08\/muzkatyn4.png\" alt=\"muzkatyn4\" \/><\/a><\/div><div class=\"su-carousel-slide\"><a href=\"https:\/\/bonifratrzy.pl\/dom-geriatryczno-rehabilitacyjny-warszawa\/wp-content\/uploads\/sites\/29\/2016\/08\/muzkatyn3.png\" target=\"_blank\" title=\"muzkatyn3\"><img decoding=\"async\" src=\"https:\/\/bonifratrzy.pl\/dom-geriatryczno-rehabilitacyjny-warszawa\/wp-content\/uploads\/sites\/29\/2016\/08\/muzkatyn3.png\" alt=\"muzkatyn3\" \/><\/a><\/div><div class=\"su-carousel-slide\"><a href=\"https:\/\/bonifratrzy.pl\/dom-geriatryczno-rehabilitacyjny-warszawa\/wp-content\/uploads\/sites\/29\/2016\/08\/muzkatyn2.png\" target=\"_blank\" title=\"muzkatyn2\"><img decoding=\"async\" src=\"https:\/\/bonifratrzy.pl\/dom-geriatryczno-rehabilitacyjny-warszawa\/wp-content\/uploads\/sites\/29\/2016\/08\/muzkatyn2.png\" alt=\"muzkatyn2\" \/><\/a><\/div><div class=\"su-carousel-slide\"><a href=\"https:\/\/bonifratrzy.pl\/dom-geriatryczno-rehabilitacyjny-warszawa\/wp-content\/uploads\/sites\/29\/2016\/08\/muzkatyn1.png\" target=\"_blank\" title=\"muzkatyn1\"><img decoding=\"async\" src=\"https:\/\/bonifratrzy.pl\/dom-geriatryczno-rehabilitacyjny-warszawa\/wp-content\/uploads\/sites\/29\/2016\/08\/muzkatyn1.png\" alt=\"muzkatyn1\" \/><\/a><\/div><\/div><div class=\"su-carousel-nav\"><div class=\"su-carousel-direction\"><span class=\"su-carousel-prev\"><\/span><span class=\"su-carousel-next\"><\/span><\/div><div class=\"su-carousel-pagination\"><\/div><\/div><\/div>\n<p style=\"direction: ltr\"><strong>2016-07-27<\/strong><\/p>\n<p style=\"direction: ltr\"><strong>Spacer do Ogrodu Krasi\u0144skich.<\/strong><\/p>\n<p style=\"direction: ltr\">Przy pomocy wolontariuszy, br. Wincentego oraz Agaty Oleszczuk (terapeuty zaj\u0119ciowego)\u00a0uda\u0142o nam si\u0119 zabra\u0107 grup\u0119 pensjonariuszy na uroczy spacer po alejkach zrewaloryzowanego \u00a0w 2014 roku Ogrodu Krasi\u0144skich.<\/p>\n<p style=\"direction: ltr\"><div id=\"su_carousel_69f12dc1f1ed2\" class=\"su-carousel su-carousel-centered su-carousel-pages-no su-carousel-responsive-yes su-lightbox-gallery\" style=\"width:100%\" data-autoplay=\"3000\" data-speed=\"600\" data-mousewheel=\"true\" data-items=\"1\" data-scroll=\"1\"><div class=\"su-carousel-slides\"><div class=\"su-carousel-slide\"><a href=\"https:\/\/bonifratrzy.pl\/dom-geriatryczno-rehabilitacyjny-warszawa\/wp-content\/uploads\/sites\/29\/2016\/07\/ogrodkrasinskichpanorama.png\" title=\"ogrodkrasinskichpanorama\"><img decoding=\"async\" src=\"https:\/\/bonifratrzy.pl\/dom-geriatryczno-rehabilitacyjny-warszawa\/wp-content\/uploads\/sites\/29\/2016\/07\/ogrodkrasinskichpanorama.png\" alt=\"ogrodkrasinskichpanorama\" \/><\/a><\/div><div class=\"su-carousel-slide\"><a href=\"https:\/\/bonifratrzy.pl\/dom-geriatryczno-rehabilitacyjny-warszawa\/wp-content\/uploads\/sites\/29\/2016\/07\/ogrodkrasinskich6.png\" title=\"ogrodkrasinskich6\"><img decoding=\"async\" src=\"https:\/\/bonifratrzy.pl\/dom-geriatryczno-rehabilitacyjny-warszawa\/wp-content\/uploads\/sites\/29\/2016\/07\/ogrodkrasinskich6.png\" alt=\"ogrodkrasinskich6\" \/><\/a><\/div><div class=\"su-carousel-slide\"><a href=\"https:\/\/bonifratrzy.pl\/dom-geriatryczno-rehabilitacyjny-warszawa\/wp-content\/uploads\/sites\/29\/2016\/07\/ogrodkrasinskich5.png\" title=\"ogrodkrasinskich5\"><img decoding=\"async\" src=\"https:\/\/bonifratrzy.pl\/dom-geriatryczno-rehabilitacyjny-warszawa\/wp-content\/uploads\/sites\/29\/2016\/07\/ogrodkrasinskich5.png\" alt=\"ogrodkrasinskich5\" \/><\/a><\/div><div class=\"su-carousel-slide\"><a href=\"https:\/\/bonifratrzy.pl\/dom-geriatryczno-rehabilitacyjny-warszawa\/wp-content\/uploads\/sites\/29\/2016\/07\/ogrodkrasinskich4.png\" title=\"ogrodkrasinskich4\"><img decoding=\"async\" src=\"https:\/\/bonifratrzy.pl\/dom-geriatryczno-rehabilitacyjny-warszawa\/wp-content\/uploads\/sites\/29\/2016\/07\/ogrodkrasinskich4.png\" alt=\"ogrodkrasinskich4\" \/><\/a><\/div><div class=\"su-carousel-slide\"><a href=\"https:\/\/bonifratrzy.pl\/dom-geriatryczno-rehabilitacyjny-warszawa\/wp-content\/uploads\/sites\/29\/2016\/07\/ogrodkrasinskich3.png\" title=\"ogrodkrasinskich3\"><img decoding=\"async\" src=\"https:\/\/bonifratrzy.pl\/dom-geriatryczno-rehabilitacyjny-warszawa\/wp-content\/uploads\/sites\/29\/2016\/07\/ogrodkrasinskich3.png\" alt=\"ogrodkrasinskich3\" \/><\/a><\/div><div class=\"su-carousel-slide\"><a href=\"https:\/\/bonifratrzy.pl\/dom-geriatryczno-rehabilitacyjny-warszawa\/wp-content\/uploads\/sites\/29\/2016\/07\/ogrodkrasinskich1.png\" title=\"ogrodkrasinskich1\"><img decoding=\"async\" src=\"https:\/\/bonifratrzy.pl\/dom-geriatryczno-rehabilitacyjny-warszawa\/wp-content\/uploads\/sites\/29\/2016\/07\/ogrodkrasinskich1.png\" alt=\"ogrodkrasinskich1\" \/><\/a><\/div><div class=\"su-carousel-slide\"><a href=\"https:\/\/bonifratrzy.pl\/dom-geriatryczno-rehabilitacyjny-warszawa\/wp-content\/uploads\/sites\/29\/2016\/07\/ogrodkrasinskich2.png\" title=\"ogrodkrasinskich2\"><img decoding=\"async\" src=\"https:\/\/bonifratrzy.pl\/dom-geriatryczno-rehabilitacyjny-warszawa\/wp-content\/uploads\/sites\/29\/2016\/07\/ogrodkrasinskich2.png\" alt=\"ogrodkrasinskich2\" \/><\/a><\/div><\/div><div class=\"su-carousel-nav\"><div class=\"su-carousel-direction\"><span class=\"su-carousel-prev\"><\/span><span class=\"su-carousel-next\"><\/span><\/div><div class=\"su-carousel-pagination\"><\/div><\/div><\/div>\n<p style=\"direction: ltr\"><strong>2016-07-19<\/strong><\/p>\n<p><strong>Ruszy\u0142 nowy nab\u00f3r.<\/strong><\/p>\n<p>Szukamy odpowiedzialnych, energicznych wolontariuszy do pomocy osobom starszym,\u00a0dyspozycyjnych w godzinach 10-12, 13-15 albo te\u017c 17-18:<!--more--><\/p>\n<div>1. sprawnych fizycznie os\u00f3b,\u00a0do pomocy w spacerach, do wywo\u017cenia pacjent\u00f3w na w\u00f3zkach inwalidzkich do ogrodu, towarzyszenia w wyjazdach na konsultacje medyczne;<\/div>\n<div>2. wolontariuszy indywidualnych do towarzyszenia jednemu podopiecznemu, czytania ksi\u0105\u017cek, rozm\u00f3w itp.;<\/div>\n<div>3. wolontariuszy akcyjnych, do pomocy w \u015bwietlicy, organizowaniu imprez kulturalnych, koncert\u00f3w muzycznych, wycieczek itp. dla os\u00f3b starszych w domu opieki.<\/div>\n<div><\/div>\n<div>Podpisujemy porozumienia w ramach wolontariatu.<\/div>\n<p>Osoby zainteresowane do\u0142\u0105czeniem do grona naszych wolontariuszy prosimy o wys\u0142anie CV pod adres\u00a0 &#105;&#x2e;&#107;&#x6f;r&#x6f;t&#121;&#x6e;&#115;&#x6b;a&#x40;b&#111;&#x6e;&#105;&#x66;r&#x61;t&#114;&#x7a;&#121;&#x2e;w&#x61;r&#115;&#x7a;&#97;&#x77;a&#x2e;p&#108; \u00a0lub bezpo\u015bredni kontakt z koordynatorem.<\/p>\n<p>Iwona Koroty\u0144ska<br \/>\ntel. 513 138 658<\/p>\n<p>&nbsp;<\/p>\n<p><strong>2016-06-21<\/strong><\/p>\n<p>Podczas <strong>Prowincjalnej Wizytacji Kanonicznej<\/strong> w Konwencie Warszawskim Ojciec Prowincja\u0142 Eugeniusz Kret OH we wtorek spotka\u0142 si\u0119 w grup\u0105 wolontariuszy.<\/p>\n<div id=\"su_carousel_69f12dc201e00\" class=\"su-carousel su-carousel-centered su-carousel-pages-no su-carousel-responsive-yes su-lightbox-gallery\" style=\"width:100%\" data-autoplay=\"3000\" data-speed=\"600\" data-mousewheel=\"true\" data-items=\"1\" data-scroll=\"1\"><div class=\"su-carousel-slides\"><div class=\"su-carousel-slide\"><a href=\"https:\/\/bonifratrzy.pl\/dom-geriatryczno-rehabilitacyjny-warszawa\/wp-content\/uploads\/sites\/29\/2016\/08\/wizytakanonicznawarsz.png\" title=\"wizytakanonicznawarsz\"><img decoding=\"async\" src=\"https:\/\/bonifratrzy.pl\/dom-geriatryczno-rehabilitacyjny-warszawa\/wp-content\/uploads\/sites\/29\/2016\/08\/wizytakanonicznawarsz.png\" alt=\"wizytakanonicznawarsz\" \/><\/a><\/div><div class=\"su-carousel-slide\"><a href=\"https:\/\/bonifratrzy.pl\/dom-geriatryczno-rehabilitacyjny-warszawa\/wp-content\/uploads\/sites\/29\/2016\/08\/wizytacjakanoniczna3.jpg\" title=\"wizytacjakanoniczna3\"><img decoding=\"async\" src=\"https:\/\/bonifratrzy.pl\/dom-geriatryczno-rehabilitacyjny-warszawa\/wp-content\/uploads\/sites\/29\/2016\/08\/wizytacjakanoniczna3.jpg\" alt=\"wizytacjakanoniczna3\" \/><\/a><\/div><\/div><div class=\"su-carousel-nav\"><div class=\"su-carousel-direction\"><span class=\"su-carousel-prev\"><\/span><span class=\"su-carousel-next\"><\/span><\/div><div class=\"su-carousel-pagination\"><\/div><\/div><\/div>\n<p><strong>2016-06-13<\/strong><\/p>\n<p><strong>Spacer do Parku fontann.<\/strong><\/p>\n<div id=\"su_carousel_69f12dc203579\" class=\"su-carousel su-carousel-centered su-carousel-pages-no su-carousel-responsive-yes su-lightbox-gallery\" style=\"width:100%\" data-autoplay=\"3000\" data-speed=\"600\" data-mousewheel=\"true\" data-items=\"1\" data-scroll=\"1\"><div class=\"su-carousel-slides\"><div class=\"su-carousel-slide\"><a href=\"https:\/\/bonifratrzy.pl\/dom-geriatryczno-rehabilitacyjny-warszawa\/wp-content\/uploads\/sites\/29\/2016\/08\/parkfontann1.jpg\" title=\"parkfontann1\"><img decoding=\"async\" src=\"https:\/\/bonifratrzy.pl\/dom-geriatryczno-rehabilitacyjny-warszawa\/wp-content\/uploads\/sites\/29\/2016\/08\/parkfontann1.jpg\" alt=\"parkfontann1\" \/><\/a><\/div><div class=\"su-carousel-slide\"><a href=\"https:\/\/bonifratrzy.pl\/dom-geriatryczno-rehabilitacyjny-warszawa\/wp-content\/uploads\/sites\/29\/2016\/08\/parkfontann3.jpg\" title=\"parkfontann3\"><img decoding=\"async\" src=\"https:\/\/bonifratrzy.pl\/dom-geriatryczno-rehabilitacyjny-warszawa\/wp-content\/uploads\/sites\/29\/2016\/08\/parkfontann3.jpg\" alt=\"parkfontann3\" \/><\/a><\/div><div class=\"su-carousel-slide\"><a href=\"https:\/\/bonifratrzy.pl\/dom-geriatryczno-rehabilitacyjny-warszawa\/wp-content\/uploads\/sites\/29\/2016\/08\/parkfontann2.jpg\" title=\"parkfontann2\"><img decoding=\"async\" src=\"https:\/\/bonifratrzy.pl\/dom-geriatryczno-rehabilitacyjny-warszawa\/wp-content\/uploads\/sites\/29\/2016\/08\/parkfontann2.jpg\" alt=\"parkfontann2\" \/><\/a><\/div><\/div><div class=\"su-carousel-nav\"><div class=\"su-carousel-direction\"><span class=\"su-carousel-prev\"><\/span><span class=\"su-carousel-next\"><\/span><\/div><div class=\"su-carousel-pagination\"><\/div><\/div><\/div>\n<p><strong>2016-05-30<\/strong><\/p>\n<p><strong>Dzisiejszy spacer na Star\u00f3wk\u0119 z pensjonariuszami.<\/strong> Dzi\u0119kuj\u0119 za nieocenion\u0105 pomoc naszym wolontariuszom oraz praktykantkom, bez kt\u00f3rych wyj\u015bcie tak wielk\u0105 grup\u0105 nie by\u0142oby mo\u017cliwe.<\/p>\n<div id=\"su_carousel_69f12dc2055f7\" class=\"su-carousel su-carousel-centered su-carousel-pages-no su-carousel-responsive-yes su-lightbox-gallery\" style=\"width:100%\" data-autoplay=\"3000\" data-speed=\"600\" data-mousewheel=\"true\" data-items=\"1\" data-scroll=\"1\"><div class=\"su-carousel-slides\"><div class=\"su-carousel-slide\"><a href=\"https:\/\/bonifratrzy.pl\/dom-geriatryczno-rehabilitacyjny-warszawa\/wp-content\/uploads\/sites\/29\/2016\/08\/starowka1.png\" title=\"starowka1\"><img decoding=\"async\" src=\"https:\/\/bonifratrzy.pl\/dom-geriatryczno-rehabilitacyjny-warszawa\/wp-content\/uploads\/sites\/29\/2016\/08\/starowka1.png\" alt=\"starowka1\" \/><\/a><\/div><div class=\"su-carousel-slide\"><a href=\"https:\/\/bonifratrzy.pl\/dom-geriatryczno-rehabilitacyjny-warszawa\/wp-content\/uploads\/sites\/29\/2016\/08\/starowka4.jpg\" title=\"starowka4\"><img decoding=\"async\" src=\"https:\/\/bonifratrzy.pl\/dom-geriatryczno-rehabilitacyjny-warszawa\/wp-content\/uploads\/sites\/29\/2016\/08\/starowka4.jpg\" alt=\"starowka4\" \/><\/a><\/div><div class=\"su-carousel-slide\"><a href=\"https:\/\/bonifratrzy.pl\/dom-geriatryczno-rehabilitacyjny-warszawa\/wp-content\/uploads\/sites\/29\/2016\/08\/starowka2.jpg\" title=\"starowka2\"><img decoding=\"async\" src=\"https:\/\/bonifratrzy.pl\/dom-geriatryczno-rehabilitacyjny-warszawa\/wp-content\/uploads\/sites\/29\/2016\/08\/starowka2.jpg\" alt=\"starowka2\" \/><\/a><\/div><div class=\"su-carousel-slide\"><a href=\"https:\/\/bonifratrzy.pl\/dom-geriatryczno-rehabilitacyjny-warszawa\/wp-content\/uploads\/sites\/29\/2016\/08\/starowka3.jpg\" title=\"starowka3\"><img decoding=\"async\" src=\"https:\/\/bonifratrzy.pl\/dom-geriatryczno-rehabilitacyjny-warszawa\/wp-content\/uploads\/sites\/29\/2016\/08\/starowka3.jpg\" alt=\"starowka3\" \/><\/a><\/div><\/div><div class=\"su-carousel-nav\"><div class=\"su-carousel-direction\"><span class=\"su-carousel-prev\"><\/span><span class=\"su-carousel-next\"><\/span><\/div><div class=\"su-carousel-pagination\"><\/div><\/div><\/div>\n","protected":false},"excerpt":{"rendered":"<p>2018-12-04 Spotkanie wolontariuszy z okazji Mi\u0119dzynarodowego Dnia Wolontariusza. 2018-11-20 Kolejne zebranie Wolontariuszy &#8211; przygotowania do Kiermaszu \u015awi\u0105tecznego. 2018-10-23 Zebranie Wolontariuszy. 2018-10-19 Spacer z pensjonariuszami do Ogrodu Krasi\u0144skich. 2018-09-18 Zebranie Wolontariuszy. 2018-09-07 Rusza nowy nab\u00f3r Wolontariuszy! Zg\u0142oszenia prosz\u0119 przesy\u0142a\u0107 pod adres &#105;w&#x6f;n&#x61;&#46;&#x6b;&#111;&#x72;&#111;&#x74;&#121;n&#x73;k&#x61;&#64;&#x67;&#109;&#x61;&#105;&#x6c;&#46;&#x63;&#111;m 2018-07-27 Wyk\u0142ad pt. &#8222;Pie\u015bni legionowe &#8211; historia powstania&#8221;. Dzisiejsze wyj\u015bcie na wyk\u0142ad zgromadzi\u0142o rekordow\u0105 [&hellip;]<\/p>\n","protected":false},"author":35,"featured_media":0,"parent":5,"menu_order":12,"comment_status":"closed","ping_status":"closed","template":"","meta":{"footnotes":""},"yoast_head":"<!-- This site is optimized with the Yoast SEO plugin v24.5 - https:\/\/yoast.com\/wordpress\/plugins\/seo\/ -->\n<title>Aktualno\u015bci - Dom Geriatryczno-Rehabilitacyjny - Warszawa<\/title>\n<meta name=\"robots\" content=\"index, follow, max-snippet:-1, max-image-preview:large, max-video-preview:-1\" \/>\n<link rel=\"canonical\" href=\"https:\/\/bonifratrzy.pl\/dom-geriatryczno-rehabilitacyjny-warszawa\/wolontariat\/aktualnosci\/\" \/>\n<meta property=\"og:locale\" content=\"pl_PL\" \/>\n<meta property=\"og:type\" content=\"article\" \/>\n<meta property=\"og:title\" content=\"Aktualno\u015bci - Dom Geriatryczno-Rehabilitacyjny - Warszawa\" \/>\n<meta property=\"og:description\" content=\"2018-12-04 Spotkanie wolontariuszy z okazji Mi\u0119dzynarodowego Dnia Wolontariusza. 2018-11-20 Kolejne zebranie Wolontariuszy &#8211; przygotowania do Kiermaszu \u015awi\u0105tecznego. 2018-10-23 Zebranie Wolontariuszy. 2018-10-19 Spacer z pensjonariuszami do Ogrodu Krasi\u0144skich. 2018-09-18 Zebranie Wolontariuszy. 2018-09-07 Rusza nowy nab\u00f3r Wolontariuszy! Zg\u0142oszenia prosz\u0119 przesy\u0142a\u0107 pod adres &#105;&#x77;o&#110;&#x61;&#046;&#107;&#x6f;r&#111;&#x74;y&#110;&#x73;k&#097;&#x40;g&#109;&#x61;i&#108;&#x2e;c&#111;&#x6d; 2018-07-27 Wyk\u0142ad pt. &#8222;Pie\u015bni legionowe &#8211; historia powstania&#8221;. Dzisiejsze wyj\u015bcie na wyk\u0142ad zgromadzi\u0142o rekordow\u0105 [&hellip;]\" \/>\n<meta property=\"og:url\" content=\"https:\/\/bonifratrzy.pl\/dom-geriatryczno-rehabilitacyjny-warszawa\/wolontariat\/aktualnosci\/\" \/>\n<meta property=\"og:site_name\" content=\"Dom Geriatryczno-Rehabilitacyjny - Warszawa\" \/>\n<meta property=\"article:modified_time\" content=\"2018-12-18T14:06:36+00:00\" \/>\n<meta property=\"og:image\" content=\"https:\/\/bonifratrzy.pl\/dom-geriatryczno-rehabilitacyjny-warszawa\/wp-content\/uploads\/sites\/29\/2018\/12\/Dzien-wolontariusza-2018.jpg\" \/>\n<meta name=\"twitter:card\" content=\"summary_large_image\" \/>\n<meta name=\"twitter:label1\" content=\"Szacowany czas czytania\" \/>\n\t<meta name=\"twitter:data1\" content=\"6 minut\" \/>\n<script type=\"application\/ld+json\" class=\"yoast-schema-graph\">{\"@context\":\"https:\/\/schema.org\",\"@graph\":[{\"@type\":\"WebPage\",\"@id\":\"https:\/\/bonifratrzy.pl\/dom-geriatryczno-rehabilitacyjny-warszawa\/wolontariat\/aktualnosci\/\",\"url\":\"https:\/\/bonifratrzy.pl\/dom-geriatryczno-rehabilitacyjny-warszawa\/wolontariat\/aktualnosci\/\",\"name\":\"Aktualno\u015bci - Dom Geriatryczno-Rehabilitacyjny - Warszawa\",\"isPartOf\":{\"@id\":\"https:\/\/bonifratrzy.pl\/dom-geriatryczno-rehabilitacyjny-warszawa\/#website\"},\"primaryImageOfPage\":{\"@id\":\"https:\/\/bonifratrzy.pl\/dom-geriatryczno-rehabilitacyjny-warszawa\/wolontariat\/aktualnosci\/#primaryimage\"},\"image\":{\"@id\":\"https:\/\/bonifratrzy.pl\/dom-geriatryczno-rehabilitacyjny-warszawa\/wolontariat\/aktualnosci\/#primaryimage\"},\"thumbnailUrl\":\"https:\/\/bonifratrzy.pl\/dom-geriatryczno-rehabilitacyjny-warszawa\/wp-content\/uploads\/sites\/29\/2018\/12\/Dzien-wolontariusza-2018.jpg\",\"datePublished\":\"2016-07-21T10:24:58+00:00\",\"dateModified\":\"2018-12-18T14:06:36+00:00\",\"breadcrumb\":{\"@id\":\"https:\/\/bonifratrzy.pl\/dom-geriatryczno-rehabilitacyjny-warszawa\/wolontariat\/aktualnosci\/#breadcrumb\"},\"inLanguage\":\"pl-PL\",\"potentialAction\":[{\"@type\":\"ReadAction\",\"target\":[\"https:\/\/bonifratrzy.pl\/dom-geriatryczno-rehabilitacyjny-warszawa\/wolontariat\/aktualnosci\/\"]}]},{\"@type\":\"ImageObject\",\"inLanguage\":\"pl-PL\",\"@id\":\"https:\/\/bonifratrzy.pl\/dom-geriatryczno-rehabilitacyjny-warszawa\/wolontariat\/aktualnosci\/#primaryimage\",\"url\":\"https:\/\/bonifratrzy.pl\/dom-geriatryczno-rehabilitacyjny-warszawa\/wp-content\/uploads\/sites\/29\/2018\/12\/Dzien-wolontariusza-2018.jpg\",\"contentUrl\":\"https:\/\/bonifratrzy.pl\/dom-geriatryczno-rehabilitacyjny-warszawa\/wp-content\/uploads\/sites\/29\/2018\/12\/Dzien-wolontariusza-2018.jpg\",\"width\":1000,\"height\":750},{\"@type\":\"BreadcrumbList\",\"@id\":\"https:\/\/bonifratrzy.pl\/dom-geriatryczno-rehabilitacyjny-warszawa\/wolontariat\/aktualnosci\/#breadcrumb\",\"itemListElement\":[{\"@type\":\"ListItem\",\"position\":1,\"name\":\"Strona g\u0142\u00f3wna\",\"item\":\"https:\/\/bonifratrzy.pl\/dom-geriatryczno-rehabilitacyjny-warszawa\/\"},{\"@type\":\"ListItem\",\"position\":2,\"name\":\"Wolontariat\",\"item\":\"https:\/\/bonifratrzy.pl\/dom-geriatryczno-rehabilitacyjny-warszawa\/wolontariat\/\"},{\"@type\":\"ListItem\",\"position\":3,\"name\":\"Aktualno\u015bci\"}]},{\"@type\":\"WebSite\",\"@id\":\"https:\/\/bonifratrzy.pl\/dom-geriatryczno-rehabilitacyjny-warszawa\/#website\",\"url\":\"https:\/\/bonifratrzy.pl\/dom-geriatryczno-rehabilitacyjny-warszawa\/\",\"name\":\"Dom Geriatryczno-Rehabilitacyjny - Warszawa\",\"description\":\"Dom Geriatryczno-Rehabilitacyjny - Warszawa\",\"potentialAction\":[{\"@type\":\"SearchAction\",\"target\":{\"@type\":\"EntryPoint\",\"urlTemplate\":\"https:\/\/bonifratrzy.pl\/dom-geriatryczno-rehabilitacyjny-warszawa\/?s={search_term_string}\"},\"query-input\":{\"@type\":\"PropertyValueSpecification\",\"valueRequired\":true,\"valueName\":\"search_term_string\"}}],\"inLanguage\":\"pl-PL\"}]}<\/script>\n<!-- \/ Yoast SEO plugin. -->","yoast_head_json":{"title":"Aktualno\u015bci - Dom Geriatryczno-Rehabilitacyjny - Warszawa","robots":{"index":"index","follow":"follow","max-snippet":"max-snippet:-1","max-image-preview":"max-image-preview:large","max-video-preview":"max-video-preview:-1"},"canonical":"https:\/\/bonifratrzy.pl\/dom-geriatryczno-rehabilitacyjny-warszawa\/wolontariat\/aktualnosci\/","og_locale":"pl_PL","og_type":"article","og_title":"Aktualno\u015bci - Dom Geriatryczno-Rehabilitacyjny - Warszawa","og_description":"2018-12-04 Spotkanie wolontariuszy z okazji Mi\u0119dzynarodowego Dnia Wolontariusza. 2018-11-20 Kolejne zebranie Wolontariuszy &#8211; przygotowania do Kiermaszu \u015awi\u0105tecznego. 2018-10-23 Zebranie Wolontariuszy. 2018-10-19 Spacer z pensjonariuszami do Ogrodu Krasi\u0144skich. 2018-09-18 Zebranie Wolontariuszy. 2018-09-07 Rusza nowy nab\u00f3r Wolontariuszy! Zg\u0142oszenia prosz\u0119 przesy\u0142a\u0107 pod adres &#105;&#x77;o&#110;&#x61;&#46;&#107;&#x6f;r&#111;&#x74;y&#110;&#x73;k&#97;&#x40;g&#109;&#x61;i&#108;&#x2e;c&#111;&#x6d; 2018-07-27 Wyk\u0142ad pt. &#8222;Pie\u015bni legionowe &#8211; historia powstania&#8221;. Dzisiejsze wyj\u015bcie na wyk\u0142ad zgromadzi\u0142o rekordow\u0105 [&hellip;]","og_url":"https:\/\/bonifratrzy.pl\/dom-geriatryczno-rehabilitacyjny-warszawa\/wolontariat\/aktualnosci\/","og_site_name":"Dom Geriatryczno-Rehabilitacyjny - Warszawa","article_modified_time":"2018-12-18T14:06:36+00:00","og_image":[{"url":"https:\/\/bonifratrzy.pl\/dom-geriatryczno-rehabilitacyjny-warszawa\/wp-content\/uploads\/sites\/29\/2018\/12\/Dzien-wolontariusza-2018.jpg","type":"","width":"","height":""}],"twitter_card":"summary_large_image","twitter_misc":{"Szacowany czas czytania":"6 minut"},"schema":{"@context":"https:\/\/schema.org","@graph":[{"@type":"WebPage","@id":"https:\/\/bonifratrzy.pl\/dom-geriatryczno-rehabilitacyjny-warszawa\/wolontariat\/aktualnosci\/","url":"https:\/\/bonifratrzy.pl\/dom-geriatryczno-rehabilitacyjny-warszawa\/wolontariat\/aktualnosci\/","name":"Aktualno\u015bci - Dom Geriatryczno-Rehabilitacyjny - Warszawa","isPartOf":{"@id":"https:\/\/bonifratrzy.pl\/dom-geriatryczno-rehabilitacyjny-warszawa\/#website"},"primaryImageOfPage":{"@id":"https:\/\/bonifratrzy.pl\/dom-geriatryczno-rehabilitacyjny-warszawa\/wolontariat\/aktualnosci\/#primaryimage"},"image":{"@id":"https:\/\/bonifratrzy.pl\/dom-geriatryczno-rehabilitacyjny-warszawa\/wolontariat\/aktualnosci\/#primaryimage"},"thumbnailUrl":"https:\/\/bonifratrzy.pl\/dom-geriatryczno-rehabilitacyjny-warszawa\/wp-content\/uploads\/sites\/29\/2018\/12\/Dzien-wolontariusza-2018.jpg","datePublished":"2016-07-21T10:24:58+00:00","dateModified":"2018-12-18T14:06:36+00:00","breadcrumb":{"@id":"https:\/\/bonifratrzy.pl\/dom-geriatryczno-rehabilitacyjny-warszawa\/wolontariat\/aktualnosci\/#breadcrumb"},"inLanguage":"pl-PL","potentialAction":[{"@type":"ReadAction","target":["https:\/\/bonifratrzy.pl\/dom-geriatryczno-rehabilitacyjny-warszawa\/wolontariat\/aktualnosci\/"]}]},{"@type":"ImageObject","inLanguage":"pl-PL","@id":"https:\/\/bonifratrzy.pl\/dom-geriatryczno-rehabilitacyjny-warszawa\/wolontariat\/aktualnosci\/#primaryimage","url":"https:\/\/bonifratrzy.pl\/dom-geriatryczno-rehabilitacyjny-warszawa\/wp-content\/uploads\/sites\/29\/2018\/12\/Dzien-wolontariusza-2018.jpg","contentUrl":"https:\/\/bonifratrzy.pl\/dom-geriatryczno-rehabilitacyjny-warszawa\/wp-content\/uploads\/sites\/29\/2018\/12\/Dzien-wolontariusza-2018.jpg","width":1000,"height":750},{"@type":"BreadcrumbList","@id":"https:\/\/bonifratrzy.pl\/dom-geriatryczno-rehabilitacyjny-warszawa\/wolontariat\/aktualnosci\/#breadcrumb","itemListElement":[{"@type":"ListItem","position":1,"name":"Strona g\u0142\u00f3wna","item":"https:\/\/bonifratrzy.pl\/dom-geriatryczno-rehabilitacyjny-warszawa\/"},{"@type":"ListItem","position":2,"name":"Wolontariat","item":"https:\/\/bonifratrzy.pl\/dom-geriatryczno-rehabilitacyjny-warszawa\/wolontariat\/"},{"@type":"ListItem","position":3,"name":"Aktualno\u015bci"}]},{"@type":"WebSite","@id":"https:\/\/bonifratrzy.pl\/dom-geriatryczno-rehabilitacyjny-warszawa\/#website","url":"https:\/\/bonifratrzy.pl\/dom-geriatryczno-rehabilitacyjny-warszawa\/","name":"Dom Geriatryczno-Rehabilitacyjny - Warszawa","description":"Dom Geriatryczno-Rehabilitacyjny - Warszawa","potentialAction":[{"@type":"SearchAction","target":{"@type":"EntryPoint","urlTemplate":"https:\/\/bonifratrzy.pl\/dom-geriatryczno-rehabilitacyjny-warszawa\/?s={search_term_string}"},"query-input":{"@type":"PropertyValueSpecification","valueRequired":true,"valueName":"search_term_string"}}],"inLanguage":"pl-PL"}]}},"_links":{"self":[{"href":"https:\/\/bonifratrzy.pl\/dom-geriatryczno-rehabilitacyjny-warszawa\/wp-json\/wp\/v2\/pages\/176"}],"collection":[{"href":"https:\/\/bonifratrzy.pl\/dom-geriatryczno-rehabilitacyjny-warszawa\/wp-json\/wp\/v2\/pages"}],"about":[{"href":"https:\/\/bonifratrzy.pl\/dom-geriatryczno-rehabilitacyjny-warszawa\/wp-json\/wp\/v2\/types\/page"}],"author":[{"embeddable":true,"href":"https:\/\/bonifratrzy.pl\/dom-geriatryczno-rehabilitacyjny-warszawa\/wp-json\/wp\/v2\/users\/35"}],"replies":[{"embeddable":true,"href":"https:\/\/bonifratrzy.pl\/dom-geriatryczno-rehabilitacyjny-warszawa\/wp-json\/wp\/v2\/comments?post=176"}],"version-history":[{"count":27,"href":"https:\/\/bonifratrzy.pl\/dom-geriatryczno-rehabilitacyjny-warszawa\/wp-json\/wp\/v2\/pages\/176\/revisions"}],"predecessor-version":[{"id":621,"href":"https:\/\/bonifratrzy.pl\/dom-geriatryczno-rehabilitacyjny-warszawa\/wp-json\/wp\/v2\/pages\/176\/revisions\/621"}],"up":[{"embeddable":true,"href":"https:\/\/bonifratrzy.pl\/dom-geriatryczno-rehabilitacyjny-warszawa\/wp-json\/wp\/v2\/pages\/5"}],"wp:attachment":[{"href":"https:\/\/bonifratrzy.pl\/dom-geriatryczno-rehabilitacyjny-warszawa\/wp-json\/wp\/v2\/media?parent=176"}],"curies":[{"name":"wp","href":"https:\/\/api.w.org\/{rel}","templated":true}]}}